{"id":12948,"date":"2026-09-03T17:40:53","date_gmt":"2026-09-03T20:40:53","guid":{"rendered":"https:\/\/www.ufsm.br\/unidades-universitarias\/ce\/?page_id=12948"},"modified":"2026-09-03T17:42:15","modified_gmt":"2026-09-03T20:42:15","slug":"conselho-do-centro-de-educacao-2","status":"publish","type":"page","link":"https:\/\/www.ufsm.br\/unidades-universitarias\/ce\/conselho-do-centro-de-educacao-2","title":{"rendered":"CONSELHO DO CENTRO DE EDUCA\u00c7\u00c3O"},"content":{"rendered":"<p><strong>Dire\u00e7\u00e3o<br \/><\/strong>Ascisio dos Reis Pereira \u2013 Titular<br \/>Elena Maria Mallmann \u2013 Suplente<\/p>\n<p><strong>Departamentos<\/strong><br \/>DPGE Rosane Sarturi \u2013 Titular e Elisiane Machado Lunardi \u2013 Suplente<br \/>DFUE Roberta Rossarolla Forgiarini \u2013 Titular e Belkis Bandeira \u2013 Suplente<br \/>DMEN Aruna Noal Correa \u2013 Titular e Graziela Franceschet Farias \u2013 Suplente<br \/>DEDE Camila Righi Medeiros Camilo \u2013 Titular e Eliana da Costa P. de Menezes \u2013 Suplente<\/p>\n<p><strong>Gradua\u00e7\u00e3o<\/strong><br \/>Ped. Diurno D\u00e9bora Le\u00e3o \u2013 Titular e Sueli Salva \u2013 Suplente<br \/>Ped. Noturn Regina Ehlers Bathelt \u2013 Titular e Kelly Werle \u2013 Suplente<br \/>Ed. Esp. D M\u00f4nica Zavacki de Morais \u2013 Titular e T\u00e2nia Micheline Miorando \u2013 Suplente<br \/>Ed. Esp. N Guacira de Azambuja \u2013 Titular\u00a0<br \/>Programa E.F.P Liane Camatti \u2013 Titular e Andr\u00e9a Forgiarini Cecchin \u2013 Suplente<\/p>\n<p><strong>P\u00f3s-Gradua\u00e7\u00e3o<\/strong><br \/>PPGE Fabiane Romano de Souza Bridi \u2013 Titular e Cadidja Coutinho \u2013 Suplente<br \/>PPPG Joacir Marques da Costa \u2013 Titular e Gabriel dos Santos Kehler \u2013 Suplente<br \/>PPGTER Fernando de Jesus Moreira Junior \u2013 Titular\u00a0<br \/>PROFHIST Mara Regina do Nascimento \u2013 Titular\u00a0<\/p>\n<p><strong>TAEs<\/strong><br \/>Luana Rodrigues Cardoso \u2013 Titular e Cris Ribeiro C. Barrozo \u2013 Suplente<br \/>Karina Oliveira de Freitas \u2013 Titular e L\u00facia Bol\u00e7an \u2013 Suplente<br \/>Alessandra Alfaro Bastos \u2013 Titular e Anna Cl\u00e1udia da Costa Flores \u2013 Suplente<\/p>\n","protected":false},"excerpt":{"rendered":"<p>Dire\u00e7\u00e3oAscisio dos Reis Pereira \u2013 TitularElena Maria Mallmann \u2013 Suplente DepartamentosDPGE Rosane Sarturi \u2013 Titular e Elisiane Machado Lunardi \u2013 SuplenteDFUE Roberta Rossarolla Forgiarini \u2013 Titular e Belkis Bandeira \u2013 SuplenteDMEN Aruna Noal Correa \u2013 Titular e Graziela Franceschet Farias \u2013 SuplenteDEDE Camila Righi Medeiros Camilo \u2013 Titular e Eliana da Costa P. de Menezes [&hellip;]<\/p>\n","protected":false},"author":8470,"featured_media":0,"parent":0,"menu_order":0,"comment_status":"closed","ping_status":"closed","template":"","meta":{"footnotes":""},"categories":[],"tags":[],"class_list":["post-12948","page","type-page","status-publish","hentry"],"acf":[],"_links":{"self":[{"href":"https:\/\/www.ufsm.br\/unidades-universitarias\/ce\/wp-json\/wp\/v2\/pages\/12948","targetHints":{"allow":["GET"]}}],"collection":[{"href":"https:\/\/www.ufsm.br\/unidades-universitarias\/ce\/wp-json\/wp\/v2\/pages"}],"about":[{"href":"https:\/\/www.ufsm.br\/unidades-universitarias\/ce\/wp-json\/wp\/v2\/types\/page"}],"author":[{"embeddable":true,"href":"https:\/\/www.ufsm.br\/unidades-universitarias\/ce\/wp-json\/wp\/v2\/users\/8470"}],"replies":[{"embeddable":true,"href":"https:\/\/www.ufsm.br\/unidades-universitarias\/ce\/wp-json\/wp\/v2\/comments?post=12948"}],"version-history":[{"count":0,"href":"https:\/\/www.ufsm.br\/unidades-universitarias\/ce\/wp-json\/wp\/v2\/pages\/12948\/revisions"}],"wp:attachment":[{"href":"https:\/\/www.ufsm.br\/unidades-universitarias\/ce\/wp-json\/wp\/v2\/media?parent=12948"}],"wp:term":[{"taxonomy":"category","embeddable":true,"href":"https:\/\/www.ufsm.br\/unidades-universitarias\/ce\/wp-json\/wp\/v2\/categories?post=12948"},{"taxonomy":"post_tag","embeddable":true,"href":"https:\/\/www.ufsm.br\/unidades-universitarias\/ce\/wp-json\/wp\/v2\/tags?post=12948"}],"curies":[{"name":"wp","href":"https:\/\/api.w.org\/{rel}","templated":true}]}}