{"id":3718,"date":"2026-08-19T09:49:40","date_gmt":"2026-08-19T12:49:40","guid":{"rendered":"https:\/\/www.ufsm.br\/unidades-universitarias\/cefd\/?page_id=3718"},"modified":"2026-09-03T10:59:09","modified_gmt":"2026-09-03T13:59:09","slug":"consulta-a-comunidade-academica-do-centro-de-educacao-fisica-e-desportos-2026-2030","status":"publish","type":"page","link":"https:\/\/www.ufsm.br\/unidades-universitarias\/cefd\/consulta-a-comunidade-academica-do-centro-de-educacao-fisica-e-desportos-2026-2030","title":{"rendered":"Consulta \u00e0 comunidade acad\u00eamica do Centro de Educa\u00e7\u00e3o F\u00edsica e Desportos &#8211; 2026\/2030"},"content":{"rendered":"\t\t<div data-elementor-type=\"wp-page\" data-elementor-id=\"3718\" class=\"elementor elementor-3718\">\n\t\t\t\t\t\t<section class=\"elementor-section elementor-top-section elementor-element elementor-element-e235f6b elementor-section-boxed elementor-section-height-default elementor-section-height-default\" data-id=\"e235f6b\" data-element_type=\"section\">\n\t\t\t\t\t\t<div class=\"elementor-container elementor-column-gap-default\">\n\t\t\t\t\t<div class=\"elementor-column elementor-col-100 elementor-top-column elementor-element elementor-element-8238092\" data-id=\"8238092\" data-element_type=\"column\">\n\t\t\t<div class=\"elementor-widget-wrap elementor-element-populated\">\n\t\t\t\t\t\t<div class=\"elementor-element elementor-element-9996c3b elementor-widget elementor-widget-heading\" data-id=\"9996c3b\" data-element_type=\"widget\" data-widget_type=\"heading.default\">\n\t\t\t\t<div class=\"elementor-widget-container\">\n\t\t\t<h2 class=\"elementor-heading-title elementor-size-default\">Aberto o Processo de Consulta \u00e0 Comunidade para a escolha de Diretor(a) e de Vice-Diretor(a) do CEFD<\/h2>\t\t<\/div>\n\t\t\t\t<\/div>\n\t\t\t\t\t<\/div>\n\t\t<\/div>\n\t\t\t\t\t<\/div>\n\t\t<\/section>\n\t\t\t\t<section class=\"elementor-section elementor-top-section elementor-element elementor-element-0124144 elementor-section-boxed elementor-section-height-default elementor-section-height-default\" data-id=\"0124144\" data-element_type=\"section\">\n\t\t\t\t\t\t<div class=\"elementor-container elementor-column-gap-default\">\n\t\t\t\t\t<div class=\"elementor-column elementor-col-100 elementor-top-column elementor-element elementor-element-8bae13f\" data-id=\"8bae13f\" data-element_type=\"column\">\n\t\t\t<div class=\"elementor-widget-wrap elementor-element-populated\">\n\t\t\t\t\t\t<div class=\"elementor-element elementor-element-d2036cf elementor-widget elementor-widget-text-editor\" data-id=\"d2036cf\" data-element_type=\"widget\" data-widget_type=\"text-editor.default\">\n\t\t\t\t<div class=\"elementor-widget-container\">\n\t\t\t\t\t\t\t<h3><span style=\"font-size: 12pt\">Cronograma da Consulta<\/span><\/h3><div><table style=\"width: 131%\"><thead><tr><th style=\"width: 26.2798%\"><strong>Data<\/strong><\/th><th style=\"width: 71.3311%\"><strong>Evento \/ Etapa<\/strong><\/th><\/tr><\/thead><tbody><tr><td style=\"width: 26.2798%\"><strong>19\/08\/2026<\/strong><\/td><td style=\"width: 71.3311%\"><strong>Lan\u00e7amento e publica\u00e7\u00e3o do Edital n\u00ba 01\/2026<\/strong>, de abertura do processo de consulta.<\/td><\/tr><tr><td style=\"width: 26.2798%\"><strong>20 e 21\/08\/2026<\/strong><\/td><td style=\"width: 71.3311%\"><strong>Inscri\u00e7\u00e3o das candidaturas\/chapas<\/strong>, das 9h \u00e0s 17h, por meio de processo eletr\u00f4nico no PEN-SIE, utilizando o tipo <strong>\u201cSolicita\u00e7\u00e3o de inscri\u00e7\u00e3o para elei\u00e7\u00e3o\/consulta (011)\u201d<\/strong>, dirigido \u00e0 Comiss\u00e3o Eleitoral \u2013 Consulta \u00e0 Comunidade Acad\u00eamica do Centro de Educa\u00e7\u00e3o F\u00edsica e Desportos \u2013 2026\/2030.<\/td><\/tr><tr><td style=\"width: 26.2798%\"><strong>24\/08\/2026<\/strong><\/td><td style=\"width: 71.3311%\"><strong>Divulga\u00e7\u00e3o da lista de candidaturas inscritas e da lista de votantes<\/strong>, \u00e0s 17h, no mural do sagu\u00e3o do pr\u00e9dio 51 e no s\u00edtio eletr\u00f4nico do CEFD.<\/td><\/tr><tr><td style=\"width: 26.2798%\"><strong>25\/08\/2026<\/strong><\/td><td style=\"width: 71.3311%\"><strong>Prazo para pedidos de impugna\u00e7\u00e3o<\/strong>, via PEN-SIE, utilizando o tipo <strong>\u201cManifesta\u00e7\u00e3o de reclama\u00e7\u00e3o e den\u00fancia de elei\u00e7\u00e3o\/consulta (011)\u201d<\/strong>.<\/td><\/tr><tr><td style=\"width: 26.2798%\"><strong>26\/08\/2026<\/strong><\/td><td style=\"width: 71.3311%\"><strong>Julgamento dos pedidos de impugna\u00e7\u00e3o<\/strong> pela Comiss\u00e3o de Consulta.<\/td><\/tr><tr><td style=\"width: 26.2798%\"><strong>28\/08\/2026<\/strong><\/td><td style=\"width: 71.3311%\"><strong>Divulga\u00e7\u00e3o das candidaturas homologadas e da lista definitiva de votantes<\/strong> no mural do sagu\u00e3o do pr\u00e9dio 51 e no s\u00edtio eletr\u00f4nico do CEFD.<\/td><\/tr><tr><td style=\"width: 26.2798%\"><strong>31\/08 a 28\/09\/2026<\/strong><\/td><td style=\"width: 71.3311%\"><strong>Per\u00edodo de campanha eleitoral<\/strong>, com in\u00edcio \u00e0s 00h01min do dia 31\/08 e encerramento \u00e0s 23h59min do dia 28\/09.<\/td><\/tr><tr><td style=\"width: 26.2798%\"><strong>28\/09\/2026<\/strong><\/td><td style=\"width: 71.3311%\"><strong>Debate entre os candidatos<\/strong>, \u00e0s 11h30min.<\/td><\/tr><tr><td style=\"width: 26.2798%\"><strong>29\/09\/2026<\/strong><\/td><td style=\"width: 71.3311%\"><strong>Realiza\u00e7\u00e3o da Consulta \u00e0 Comunidade do CEFD\/UFSM<\/strong>, por meio do Sistema Vota\u00e7\u00e3o Online UFSM (Helios Voting), das 7h \u00e0s 17h. <strong>Apura\u00e7\u00e3o dos resultados<\/strong> a partir das 18h, no Miniaudit\u00f3rio (sala 2043) do pr\u00e9dio 51.<\/td><\/tr><tr><td style=\"width: 26.2798%\"><strong>29\/09\/2026<\/strong><\/td><td style=\"width: 71.3311%\"><strong>Divulga\u00e7\u00e3o dos resultados da Consulta<\/strong> no mural do sagu\u00e3o do pr\u00e9dio 51 e no s\u00edtio eletr\u00f4nico do CEFD.<\/td><\/tr><tr><td style=\"width: 26.2798%\"><strong>30\/09\/2026<\/strong><\/td><td style=\"width: 71.3311%\"><strong>Prazo para interposi\u00e7\u00e3o de recurso<\/strong> relativo ao resultado da consulta, das 9h \u00e0s 17h, via PEN-SIE, utilizando o tipo <strong>\u201cSolicita\u00e7\u00e3o de recurso \u00e0 elei\u00e7\u00e3o (011)\u201d<\/strong>.<\/td><\/tr><tr><td style=\"width: 26.2798%\"><strong>01\/10\/2026<\/strong><\/td><td style=\"width: 71.3311%\"><strong>Julgamento dos recursos e divulga\u00e7\u00e3o oficial do resultado final da Consulta<\/strong>, at\u00e9 as 17h, no s\u00edtio eletr\u00f4nico e mural do CEFD.<\/td><\/tr><tr><td style=\"width: 26.2798%\"><strong>02\/10\/2026<\/strong><\/td><td style=\"width: 71.3311%\"><strong>Encaminhamento do relat\u00f3rio e da documenta\u00e7\u00e3o da consulta<\/strong> pela Comiss\u00e3o de Consulta ao Presidente do Conselho do CEFD.<\/td><\/tr><\/tbody><\/table><\/div>\t\t\t\t\t\t<\/div>\n\t\t\t\t<\/div>\n\t\t\t\t\t<\/div>\n\t\t<\/div>\n\t\t\t\t\t<\/div>\n\t\t<\/section>\n\t\t\t\t<section class=\"elementor-section elementor-top-section elementor-element elementor-element-fa4cfa6 elementor-section-boxed elementor-section-height-default elementor-section-height-default\" data-id=\"fa4cfa6\" data-element_type=\"section\">\n\t\t\t\t\t\t<div class=\"elementor-container elementor-column-gap-default\">\n\t\t\t\t\t<div class=\"elementor-column elementor-col-100 elementor-top-column elementor-element elementor-element-f380b6b\" data-id=\"f380b6b\" data-element_type=\"column\">\n\t\t\t<div class=\"elementor-widget-wrap elementor-element-populated\">\n\t\t\t\t\t\t<div class=\"elementor-element elementor-element-93b21fa elementor-widget elementor-widget-text-editor\" data-id=\"93b21fa\" data-element_type=\"widget\" data-widget_type=\"text-editor.default\">\n\t\t\t\t<div class=\"elementor-widget-container\">\n\t\t\t\t\t\t\t<p style=\"text-align: left\"><a href=\"https:\/\/www.ufsm.br\/app\/uploads\/sites\/374\/2026\/08\/Portaria-de-Pessoal-N.-038_Comissao-Eleitoral-Direcao-CEFD.pdf\"><strong>PORTARIA DE PESSOAL CEFD\/UFSM N. 038\/2026, DE 13 DE JULHO DE 2026<\/strong><\/a> &#8211; Comiss\u00e3o Eleitoral do processo de consulta \u00e0 comunidade acad\u00eamica para escolha da dire\u00e7\u00e3o do Centro de Educa\u00e7\u00e3o F\u00edsica e Desportos\/UFSM para o quadri\u00eanio 2026-2030.<\/p>\t\t\t\t\t\t<\/div>\n\t\t\t\t<\/div>\n\t\t\t\t\t<\/div>\n\t\t<\/div>\n\t\t\t\t\t<\/div>\n\t\t<\/section>\n\t\t\t\t<section class=\"elementor-section elementor-top-section elementor-element elementor-element-fab9052 elementor-section-boxed elementor-section-height-default elementor-section-height-default\" data-id=\"fab9052\" data-element_type=\"section\">\n\t\t\t\t\t\t<div class=\"elementor-container elementor-column-gap-default\">\n\t\t\t\t\t<div class=\"elementor-column elementor-col-100 elementor-top-column elementor-element elementor-element-645ba0e\" data-id=\"645ba0e\" data-element_type=\"column\">\n\t\t\t<div class=\"elementor-widget-wrap elementor-element-populated\">\n\t\t\t\t\t\t<div class=\"elementor-element elementor-element-cfa9156 elementor-widget elementor-widget-text-editor\" data-id=\"cfa9156\" data-element_type=\"widget\" data-widget_type=\"text-editor.default\">\n\t\t\t\t<div class=\"elementor-widget-container\">\n\t\t\t\t\t\t\t<p><a href=\"https:\/\/www.ufsm.br\/app\/uploads\/sites\/374\/2026\/08\/Regulamento-Eleitoral-2026-2030.pdf\"><strong>Regulamento do processo de consulta \u00e0 comunidade acad\u00eamica para a escolha de Diretor e Vice &#8211; diretor para o quadri\u00eanio 2026 a 2030.<\/strong><\/a><\/p>\t\t\t\t\t\t<\/div>\n\t\t\t\t<\/div>\n\t\t\t\t\t<\/div>\n\t\t<\/div>\n\t\t\t\t\t<\/div>\n\t\t<\/section>\n\t\t\t\t<section class=\"elementor-section elementor-top-section elementor-element elementor-element-acd91d1 elementor-section-boxed elementor-section-height-default elementor-section-height-default\" data-id=\"acd91d1\" data-element_type=\"section\">\n\t\t\t\t\t\t<div class=\"elementor-container elementor-column-gap-default\">\n\t\t\t\t\t<div class=\"elementor-column elementor-col-100 elementor-top-column elementor-element elementor-element-69ebc23\" data-id=\"69ebc23\" data-element_type=\"column\">\n\t\t\t<div class=\"elementor-widget-wrap elementor-element-populated\">\n\t\t\t\t\t\t<div class=\"elementor-element elementor-element-dc13fcf elementor-widget elementor-widget-text-editor\" data-id=\"dc13fcf\" data-element_type=\"widget\" data-widget_type=\"text-editor.default\">\n\t\t\t\t<div class=\"elementor-widget-container\">\n\t\t\t\t\t\t\t<p><a href=\"https:\/\/www.ufsm.br\/app\/uploads\/sites\/374\/2026\/08\/EDITAL-N\u00b0-01-2026-de-19-de-agosto-de-2026.pdf\"><strong>EDITAL N\u00b0 1, de 19 de agosto de 2026 &#8211;\u00a0CONSULTA \u00c0 COMUNIDADE ACAD\u00caMICA \u2013 CEFD 2026\/2030<\/strong><\/a><\/p>\t\t\t\t\t\t<\/div>\n\t\t\t\t<\/div>\n\t\t\t\t\t<\/div>\n\t\t<\/div>\n\t\t\t\t\t<\/div>\n\t\t<\/section>\n\t\t\t\t<section class=\"elementor-section elementor-top-section elementor-element elementor-element-a0bb3cc elementor-section-boxed elementor-section-height-default elementor-section-height-default\" data-id=\"a0bb3cc\" data-element_type=\"section\">\n\t\t\t\t\t\t<div class=\"elementor-container elementor-column-gap-default\">\n\t\t\t\t\t<div class=\"elementor-column elementor-col-100 elementor-top-column elementor-element elementor-element-750a5b0\" data-id=\"750a5b0\" data-element_type=\"column\">\n\t\t\t<div class=\"elementor-widget-wrap elementor-element-populated\">\n\t\t\t\t\t\t<div class=\"elementor-element elementor-element-7eeaf84 elementor-widget-divider--view-line elementor-widget elementor-widget-divider\" data-id=\"7eeaf84\" data-element_type=\"widget\" data-widget_type=\"divider.default\">\n\t\t\t\t<div class=\"elementor-widget-container\">\n\t\t\t\t\t<div class=\"elementor-divider\">\n\t\t\t<span class=\"elementor-divider-separator\">\n\t\t\t\t\t\t<\/span>\n\t\t<\/div>\n\t\t\t\t<\/div>\n\t\t\t\t<\/div>\n\t\t\t\t\t<\/div>\n\t\t<\/div>\n\t\t\t\t\t<\/div>\n\t\t<\/section>\n\t\t\t\t<section class=\"elementor-section elementor-top-section elementor-element elementor-element-3b2541f elementor-section-boxed elementor-section-height-default elementor-section-height-default\" data-id=\"3b2541f\" data-element_type=\"section\">\n\t\t\t\t\t\t<div class=\"elementor-container elementor-column-gap-default\">\n\t\t\t\t\t<div class=\"elementor-column elementor-col-100 elementor-top-column elementor-element elementor-element-ccbe4cf\" data-id=\"ccbe4cf\" data-element_type=\"column\">\n\t\t\t<div class=\"elementor-widget-wrap elementor-element-populated\">\n\t\t\t\t\t\t<div class=\"elementor-element elementor-element-404d182 elementor-widget elementor-widget-heading\" data-id=\"404d182\" data-element_type=\"widget\" data-widget_type=\"heading.default\">\n\t\t\t\t<div class=\"elementor-widget-container\">\n\t\t\t<h2 class=\"elementor-heading-title elementor-size-default\">Divulga\u00e7\u00e3o das chapas inscritas<\/h2>\t\t<\/div>\n\t\t\t\t<\/div>\n\t\t\t\t\t<\/div>\n\t\t<\/div>\n\t\t\t\t\t<\/div>\n\t\t<\/section>\n\t\t\t\t<section class=\"elementor-section elementor-top-section elementor-element elementor-element-366fdb6 elementor-section-boxed elementor-section-height-default elementor-section-height-default\" data-id=\"366fdb6\" data-element_type=\"section\">\n\t\t\t\t\t\t<div class=\"elementor-container elementor-column-gap-default\">\n\t\t\t\t\t<div class=\"elementor-column elementor-col-100 elementor-top-column elementor-element elementor-element-9d9c3b6\" data-id=\"9d9c3b6\" data-element_type=\"column\">\n\t\t\t<div class=\"elementor-widget-wrap elementor-element-populated\">\n\t\t\t\t\t\t<div class=\"elementor-element elementor-element-3c2f0d5 elementor-widget elementor-widget-text-editor\" data-id=\"3c2f0d5\" data-element_type=\"widget\" data-widget_type=\"text-editor.default\">\n\t\t\t\t<div class=\"elementor-widget-container\">\n\t\t\t\t\t\t\t<p><a href=\"https:\/\/www.ufsm.br\/app\/uploads\/sites\/374\/2026\/08\/Edital-N\u00b0-02-2026-CEFD-Chapas-inscritas.pdf\">A comiss\u00e3o eleitoral torna p\u00fablica a lista das chapas inscritas atrav\u00e9s do edital 002\/2026. Tamb\u00e9m informa que o per\u00edodo para impugna\u00e7\u00e3o est\u00e1 aberto at\u00e9 o dia 25 de agosto de 2026, atrav\u00e9s do PEN-SIE.<\/a><\/p>\t\t\t\t\t\t<\/div>\n\t\t\t\t<\/div>\n\t\t\t\t\t<\/div>\n\t\t<\/div>\n\t\t\t\t\t<\/div>\n\t\t<\/section>\n\t\t\t\t<section class=\"elementor-section elementor-top-section elementor-element elementor-element-f4f3cfb elementor-section-boxed elementor-section-height-default elementor-section-height-default\" data-id=\"f4f3cfb\" data-element_type=\"section\">\n\t\t\t\t\t\t<div class=\"elementor-container elementor-column-gap-default\">\n\t\t\t\t\t<div class=\"elementor-column elementor-col-100 elementor-top-column elementor-element elementor-element-71fdd6d\" data-id=\"71fdd6d\" data-element_type=\"column\">\n\t\t\t<div class=\"elementor-widget-wrap elementor-element-populated\">\n\t\t\t\t\t\t<div class=\"elementor-element elementor-element-86b92a9 elementor-widget-divider--view-line elementor-widget elementor-widget-divider\" data-id=\"86b92a9\" data-element_type=\"widget\" data-widget_type=\"divider.default\">\n\t\t\t\t<div class=\"elementor-widget-container\">\n\t\t\t\t\t<div class=\"elementor-divider\">\n\t\t\t<span class=\"elementor-divider-separator\">\n\t\t\t\t\t\t<\/span>\n\t\t<\/div>\n\t\t\t\t<\/div>\n\t\t\t\t<\/div>\n\t\t\t\t\t<\/div>\n\t\t<\/div>\n\t\t\t\t\t<\/div>\n\t\t<\/section>\n\t\t\t\t<section class=\"elementor-section elementor-top-section elementor-element elementor-element-376d3eb elementor-section-boxed elementor-section-height-default elementor-section-height-default\" data-id=\"376d3eb\" data-element_type=\"section\">\n\t\t\t\t\t\t<div class=\"elementor-container elementor-column-gap-default\">\n\t\t\t\t\t<div class=\"elementor-column elementor-col-100 elementor-top-column elementor-element elementor-element-ffd16a4\" data-id=\"ffd16a4\" data-element_type=\"column\">\n\t\t\t<div class=\"elementor-widget-wrap elementor-element-populated\">\n\t\t\t\t\t\t<div class=\"elementor-element elementor-element-8bf2cf0 elementor-widget elementor-widget-heading\" data-id=\"8bf2cf0\" data-element_type=\"widget\" data-widget_type=\"heading.default\">\n\t\t\t\t<div class=\"elementor-widget-container\">\n\t\t\t<h2 class=\"elementor-heading-title elementor-size-default\">Lista de votantes<\/h2>\t\t<\/div>\n\t\t\t\t<\/div>\n\t\t\t\t\t<\/div>\n\t\t<\/div>\n\t\t\t\t\t<\/div>\n\t\t<\/section>\n\t\t\t\t<section class=\"elementor-section elementor-top-section elementor-element elementor-element-f640c5e elementor-section-boxed elementor-section-height-default elementor-section-height-default\" data-id=\"f640c5e\" data-element_type=\"section\">\n\t\t\t\t\t\t<div class=\"elementor-container elementor-column-gap-default\">\n\t\t\t\t\t<div class=\"elementor-column elementor-col-100 elementor-top-column elementor-element elementor-element-eb88e3a\" data-id=\"eb88e3a\" data-element_type=\"column\">\n\t\t\t<div class=\"elementor-widget-wrap elementor-element-populated\">\n\t\t\t\t\t\t<div class=\"elementor-element elementor-element-1ac7e32 elementor-widget elementor-widget-text-editor\" data-id=\"1ac7e32\" data-element_type=\"widget\" data-widget_type=\"text-editor.default\">\n\t\t\t\t<div class=\"elementor-widget-container\">\n\t\t\t\t\t\t\t<p>Os eleitores aptos a votar, segundo os crit\u00e9rios estabelecidos no regulamento da consulta e separados por segmentos:<\/p><p><strong><a href=\"https:\/\/www.ufsm.br\/app\/uploads\/sites\/374\/2026\/08\/Docentes-CEFD.pdf\">Listagem docentes<\/a><\/strong><\/p><p><strong><a href=\"https:\/\/www.ufsm.br\/app\/uploads\/sites\/374\/2026\/08\/Servidores-Tecnico-Administrativos-CEFD.pdf\">Listagem TAEs<\/a><\/strong><\/p><p><strong>Listagem discentes &#8211; <a href=\"https:\/\/www.ufsm.br\/app\/uploads\/sites\/374\/2026\/08\/Discentes-CEFD.pdf\">Gradua\u00e7\u00e3o<\/a> e <a href=\"https:\/\/www.ufsm.br\/app\/uploads\/sites\/374\/2026\/08\/Discentes-Pos-CEFD.pdf\">P\u00f3s-Gradua\u00e7\u00e3o<\/a><\/strong><\/p><p>Confira se o seu nome est\u00e1 na lista de votantes.<\/p>\t\t\t\t\t\t<\/div>\n\t\t\t\t<\/div>\n\t\t\t\t\t<\/div>\n\t\t<\/div>\n\t\t\t\t\t<\/div>\n\t\t<\/section>\n\t\t\t\t<section class=\"elementor-section elementor-top-section elementor-element elementor-element-9ac4550 elementor-section-boxed elementor-section-height-default elementor-section-height-default\" data-id=\"9ac4550\" data-element_type=\"section\">\n\t\t\t\t\t\t<div class=\"elementor-container elementor-column-gap-default\">\n\t\t\t\t\t<div class=\"elementor-column elementor-col-100 elementor-top-column elementor-element elementor-element-0b714d2\" data-id=\"0b714d2\" data-element_type=\"column\">\n\t\t\t<div class=\"elementor-widget-wrap elementor-element-populated\">\n\t\t\t\t\t\t<div class=\"elementor-element elementor-element-70e3ffd elementor-widget-divider--view-line elementor-widget elementor-widget-divider\" data-id=\"70e3ffd\" data-element_type=\"widget\" data-widget_type=\"divider.default\">\n\t\t\t\t<div class=\"elementor-widget-container\">\n\t\t\t\t\t<div class=\"elementor-divider\">\n\t\t\t<span class=\"elementor-divider-separator\">\n\t\t\t\t\t\t<\/span>\n\t\t<\/div>\n\t\t\t\t<\/div>\n\t\t\t\t<\/div>\n\t\t\t\t\t<\/div>\n\t\t<\/div>\n\t\t\t\t\t<\/div>\n\t\t<\/section>\n\t\t\t\t<section class=\"elementor-section elementor-top-section elementor-element elementor-element-b2150e2 elementor-section-boxed elementor-section-height-default elementor-section-height-default\" data-id=\"b2150e2\" data-element_type=\"section\">\n\t\t\t\t\t\t<div class=\"elementor-container elementor-column-gap-default\">\n\t\t\t\t\t<div class=\"elementor-column elementor-col-100 elementor-top-column elementor-element elementor-element-95d9f26\" data-id=\"95d9f26\" data-element_type=\"column\">\n\t\t\t<div class=\"elementor-widget-wrap elementor-element-populated\">\n\t\t\t\t\t\t<div class=\"elementor-element elementor-element-580488a elementor-widget elementor-widget-heading\" data-id=\"580488a\" data-element_type=\"widget\" data-widget_type=\"heading.default\">\n\t\t\t\t<div class=\"elementor-widget-container\">\n\t\t\t<h2 class=\"elementor-heading-title elementor-size-default\">Homologa\u00e7\u00e3o das inscri\u00e7\u00f5es<\/h2>\t\t<\/div>\n\t\t\t\t<\/div>\n\t\t\t\t\t<\/div>\n\t\t<\/div>\n\t\t\t\t\t<\/div>\n\t\t<\/section>\n\t\t\t\t<section class=\"elementor-section elementor-top-section elementor-element elementor-element-6d5528f elementor-section-boxed elementor-section-height-default elementor-section-height-default\" data-id=\"6d5528f\" data-element_type=\"section\">\n\t\t\t\t\t\t<div class=\"elementor-container elementor-column-gap-default\">\n\t\t\t\t\t<div class=\"elementor-column elementor-col-100 elementor-top-column elementor-element elementor-element-6d073d2\" data-id=\"6d073d2\" data-element_type=\"column\">\n\t\t\t<div class=\"elementor-widget-wrap elementor-element-populated\">\n\t\t\t\t\t\t<div class=\"elementor-element elementor-element-686d74d elementor-widget elementor-widget-text-editor\" data-id=\"686d74d\" data-element_type=\"widget\" data-widget_type=\"text-editor.default\">\n\t\t\t\t<div class=\"elementor-widget-container\">\n\t\t\t\t\t\t\t<p>A Comiss\u00e3o Eleitoral informa a comunidade do CEFD que foi homologada as inscri\u00e7\u00f5es para a consulta \u00e0 comunidade para escolha da dire\u00e7\u00e3o. O edital com a homologa\u00e7\u00e3o pode ser conferido <a href=\"https:\/\/www.ufsm.br\/app\/uploads\/sites\/374\/2026\/08\/Edital-N\u00b0-03-2026-CEFD-homologacao-chapas.pdf\">aqui.<\/a><\/p>\t\t\t\t\t\t<\/div>\n\t\t\t\t<\/div>\n\t\t\t\t\t<\/div>\n\t\t<\/div>\n\t\t\t\t\t<\/div>\n\t\t<\/section>\n\t\t\t\t<section class=\"elementor-section elementor-top-section elementor-element elementor-element-d2ffcb2 elementor-section-boxed elementor-section-height-default elementor-section-height-default\" data-id=\"d2ffcb2\" data-element_type=\"section\">\n\t\t\t\t\t\t<div class=\"elementor-container elementor-column-gap-default\">\n\t\t\t\t\t<div class=\"elementor-column elementor-col-100 elementor-top-column elementor-element elementor-element-a144059\" data-id=\"a144059\" data-element_type=\"column\">\n\t\t\t<div class=\"elementor-widget-wrap elementor-element-populated\">\n\t\t\t\t\t\t<div class=\"elementor-element elementor-element-4d28e50 elementor-widget-divider--view-line elementor-widget elementor-widget-divider\" data-id=\"4d28e50\" data-element_type=\"widget\" data-widget_type=\"divider.default\">\n\t\t\t\t<div class=\"elementor-widget-container\">\n\t\t\t\t\t<div class=\"elementor-divider\">\n\t\t\t<span class=\"elementor-divider-separator\">\n\t\t\t\t\t\t<\/span>\n\t\t<\/div>\n\t\t\t\t<\/div>\n\t\t\t\t<\/div>\n\t\t\t\t\t<\/div>\n\t\t<\/div>\n\t\t\t\t\t<\/div>\n\t\t<\/section>\n\t\t\t\t<section class=\"elementor-section elementor-top-section elementor-element elementor-element-df98ec1 elementor-section-boxed elementor-section-height-default elementor-section-height-default\" data-id=\"df98ec1\" data-element_type=\"section\">\n\t\t\t\t\t\t<div class=\"elementor-container elementor-column-gap-default\">\n\t\t\t\t\t<div class=\"elementor-column elementor-col-100 elementor-top-column elementor-element elementor-element-0e7675f\" data-id=\"0e7675f\" data-element_type=\"column\">\n\t\t\t<div class=\"elementor-widget-wrap elementor-element-populated\">\n\t\t\t\t\t\t<div class=\"elementor-element elementor-element-114f664 elementor-widget elementor-widget-heading\" data-id=\"114f664\" data-element_type=\"widget\" data-widget_type=\"heading.default\">\n\t\t\t\t<div class=\"elementor-widget-container\">\n\t\t\t<h2 class=\"elementor-heading-title elementor-size-default\">Programa da Chapa<\/h2>\t\t<\/div>\n\t\t\t\t<\/div>\n\t\t\t\t\t<\/div>\n\t\t<\/div>\n\t\t\t\t\t<\/div>\n\t\t<\/section>\n\t\t\t\t<section class=\"elementor-section elementor-top-section elementor-element elementor-element-1150f57 elementor-section-boxed elementor-section-height-default elementor-section-height-default\" data-id=\"1150f57\" data-element_type=\"section\">\n\t\t\t\t\t\t<div class=\"elementor-container elementor-column-gap-default\">\n\t\t\t\t\t<div class=\"elementor-column elementor-col-100 elementor-top-column elementor-element elementor-element-692a282\" data-id=\"692a282\" data-element_type=\"column\">\n\t\t\t<div class=\"elementor-widget-wrap elementor-element-populated\">\n\t\t\t\t\t\t<div class=\"elementor-element elementor-element-c602085 elementor-widget elementor-widget-image\" data-id=\"c602085\" data-element_type=\"widget\" data-widget_type=\"image.default\">\n\t\t\t\t<div class=\"elementor-widget-container\">\n\t\t\t\t\t\t\t\t\t\t<figure class=\"wp-caption\">\n\t\t\t\t\t\t\t\t\t\t\t<a href=\"https:\/\/www.ufsm.br\/app\/uploads\/sites\/374\/2026\/09\/Plano-de-Gestao-Copetti-Pranke-1.pdf\">\n\t\t\t\t\t\t\t<img fetchpriority=\"high\" decoding=\"async\" width=\"300\" height=\"300\" src=\"https:\/\/www.ufsm.br\/app\/uploads\/sites\/374\/2026\/09\/chapa-1-300x300.jpeg\" class=\"attachment-medium size-medium wp-image-3760\" alt=\"\" srcset=\"https:\/\/www.ufsm.br\/app\/uploads\/sites\/374\/2026\/09\/chapa-1-300x300.jpeg 300w, https:\/\/www.ufsm.br\/app\/uploads\/sites\/374\/2026\/09\/chapa-1-1024x1024.jpeg 1024w, https:\/\/www.ufsm.br\/app\/uploads\/sites\/374\/2026\/09\/chapa-1-150x150.jpeg 150w, https:\/\/www.ufsm.br\/app\/uploads\/sites\/374\/2026\/09\/chapa-1-768x768.jpeg 768w, https:\/\/www.ufsm.br\/app\/uploads\/sites\/374\/2026\/09\/chapa-1.jpeg 1280w\" sizes=\"(max-width: 300px) 100vw, 300px\" \/>\t\t\t\t\t\t\t\t<\/a>\n\t\t\t\t\t\t\t\t\t\t\t<figcaption class=\"widget-image-caption wp-caption-text\">Acesse o programa da CHAPA 1 clicando na imagem.<\/figcaption>\n\t\t\t\t\t\t\t\t\t\t<\/figure>\n\t\t\t\t\t\t\t<\/div>\n\t\t\t\t<\/div>\n\t\t\t\t\t<\/div>\n\t\t<\/div>\n\t\t\t\t\t<\/div>\n\t\t<\/section>\n\t\t\t\t<\/div>\n\t\t","protected":false},"excerpt":{"rendered":"<p>Aberto o Processo de Consulta \u00e0 Comunidade para a escolha de Diretor(a) e de Vice-Diretor(a) do CEFD Cronograma da Consulta Data Evento \/ Etapa 19\/08\/2026 Lan\u00e7amento e publica\u00e7\u00e3o do Edital n\u00ba 01\/2026, de abertura do processo de consulta. 20 e 21\/08\/2026 Inscri\u00e7\u00e3o das candidaturas\/chapas, das 9h \u00e0s 17h, por meio de processo eletr\u00f4nico no PEN-SIE, [&hellip;]<\/p>\n","protected":false},"author":493,"featured_media":0,"parent":0,"menu_order":0,"comment_status":"closed","ping_status":"closed","template":"","meta":{"footnotes":""},"categories":[],"tags":[],"class_list":["post-3718","page","type-page","status-publish","hentry"],"acf":[],"_links":{"self":[{"href":"https:\/\/www.ufsm.br\/unidades-universitarias\/cefd\/wp-json\/wp\/v2\/pages\/3718","targetHints":{"allow":["GET"]}}],"collection":[{"href":"https:\/\/www.ufsm.br\/unidades-universitarias\/cefd\/wp-json\/wp\/v2\/pages"}],"about":[{"href":"https:\/\/www.ufsm.br\/unidades-universitarias\/cefd\/wp-json\/wp\/v2\/types\/page"}],"author":[{"embeddable":true,"href":"https:\/\/www.ufsm.br\/unidades-universitarias\/cefd\/wp-json\/wp\/v2\/users\/493"}],"replies":[{"embeddable":true,"href":"https:\/\/www.ufsm.br\/unidades-universitarias\/cefd\/wp-json\/wp\/v2\/comments?post=3718"}],"version-history":[{"count":0,"href":"https:\/\/www.ufsm.br\/unidades-universitarias\/cefd\/wp-json\/wp\/v2\/pages\/3718\/revisions"}],"wp:attachment":[{"href":"https:\/\/www.ufsm.br\/unidades-universitarias\/cefd\/wp-json\/wp\/v2\/media?parent=3718"}],"wp:term":[{"taxonomy":"category","embeddable":true,"href":"https:\/\/www.ufsm.br\/unidades-universitarias\/cefd\/wp-json\/wp\/v2\/categories?post=3718"},{"taxonomy":"post_tag","embeddable":true,"href":"https:\/\/www.ufsm.br\/unidades-universitarias\/cefd\/wp-json\/wp\/v2\/tags?post=3718"}],"curies":[{"name":"wp","href":"https:\/\/api.w.org\/{rel}","templated":true}]}}