{"id":7782,"date":"2021-09-13T11:18:38","date_gmt":"2021-09-13T14:18:38","guid":{"rendered":"https:\/\/www.ufsm.br\/unidades-universitarias\/frederico-westphalen\/?post_type=eventos&#038;p=7782"},"modified":"2021-09-13T11:20:32","modified_gmt":"2021-09-13T14:20:32","slug":"1simposionacionalphenoglad","status":"publish","type":"eventos","link":"https:\/\/www.ufsm.br\/unidades-universitarias\/frederico-westphalen\/eventos\/1simposionacionalphenoglad","parent":0,"template":"","tags":[],"class_list":["post-7782","eventos","type-eventos","status-publish","has-post-thumbnail","hentry"],"acf":{"evento_nome":"1\u00b0 Simp\u00f3sio Nacional PhenoGlad","evento_inicio":"14\/09\/2021 00:00","evento_termino":"29\/09\/2021 00:00","evento_banner":{"ID":7784,"id":7784,"title":"Card Divulga\u00e7\u00e3o-1 (2)","filename":"Card-Divulgacao-1-2-1.jpg","filesize":440871,"url":"https:\/\/www.ufsm.br\/app\/uploads\/sites\/377\/2021\/09\/Card-Divulgacao-1-2-1.jpg","link":"https:\/\/www.ufsm.br\/unidades-universitarias\/frederico-westphalen\/eventos\/1simposionacionalphenoglad\/card-divulgacao-1-2-2","alt":"","author":"4532","description":"","caption":"","name":"card-divulgacao-1-2-2","status":"inherit","uploaded_to":7782,"date":"2021-09-13 14:17:03","modified":"2021-09-13 14:17:03","menu_order":0,"mime_type":"image\/jpeg","type":"image","subtype":"jpeg","icon":"https:\/\/www.ufsm.br\/unidades-universitarias\/frederico-westphalen\/wp-includes\/images\/media\/default.png","width":1080,"height":1080,"sizes":{"thumbnail":"https:\/\/www.ufsm.br\/app\/uploads\/sites\/377\/2021\/09\/Card-Divulgacao-1-2-1-150x150.jpg","thumbnail-width":150,"thumbnail-height":150,"medium":"https:\/\/www.ufsm.br\/app\/uploads\/sites\/377\/2021\/09\/Card-Divulgacao-1-2-1-300x300.jpg","medium-width":300,"medium-height":300,"medium_large":"https:\/\/www.ufsm.br\/app\/uploads\/sites\/377\/2021\/09\/Card-Divulgacao-1-2-1-768x768.jpg","medium_large-width":768,"medium_large-height":768,"large":"https:\/\/www.ufsm.br\/app\/uploads\/sites\/377\/2021\/09\/Card-Divulgacao-1-2-1-1024x1024.jpg","large-width":1024,"large-height":1024,"1536x1536":"https:\/\/www.ufsm.br\/app\/uploads\/sites\/377\/2021\/09\/Card-Divulgacao-1-2-1.jpg","1536x1536-width":1080,"1536x1536-height":1080,"2048x2048":"https:\/\/www.ufsm.br\/app\/uploads\/sites\/377\/2021\/09\/Card-Divulgacao-1-2-1.jpg","2048x2048-width":1080,"2048x2048-height":1080,"sow-carousel-default":"https:\/\/www.ufsm.br\/app\/uploads\/sites\/377\/2021\/09\/Card-Divulgacao-1-2-1-272x182.jpg","sow-carousel-default-width":272,"sow-carousel-default-height":182}},"endereco_url":"1simposionacionalphenoglad","evento_categoria":"T\u00c9CNICO-CIENT\u00cdFICOS","evento_descricao":"<p>O Simp\u00f3sio ocorre entre os dias 14 e 29 de setembro de 2021, pelo canal do YouTube Phenoglad, \u00e9 organizado por uma equipe constitu\u00edda por profissionais de oito p\u00fablicas de Ensino Superior: Universidade Federal de Santa Maria (UFSM) campus Santa Maria e Frederico Westphalen, Instituto Federal Catarinense (IFC) campus Conc\u00f3rdia e Rio do Sul, Instituto Federal Rio Grande do Sul, campus Bento Gon\u00e7alves (IFRS), Universidade Federal da Grande Dourados (UFGD), Universidade do Estado de Mato Grosso (UNEMAT), Universidade Federal de Santa Catarina (UFSC), Universidade Federal do Vale do S\u00e3o Francisco (UNIVASF) e Universidade Tecnol\u00f3gica Federal do Paran\u00e1 (UTFPR) campus Dois Vizinhos.<\/p>\n<p>A equipe al\u00e9m de ser multi-institucional \u00e9 tamb\u00e9m multidisciplinar de trabalho de pesquisa e extens\u00e3o em floricultura e paisagismo, possui como foco encontrar alternativas de renda para a agricultura familiar brasileira. A Equipe PhenoGlad tamb\u00e9m \u00e9 mentora do projeto Flores para Todos no Brasil, e j\u00e1 alcan\u00e7ou 99 fam\u00edlias rurais e 16 escolas de campo em 84 munic\u00edpios de sete estados brasileiros desde 2018.<\/p>\n<p>O evento tem apoio tamb\u00e9m da Sociedade Brasileira de Floricultura e Plantas Ornamentais e do Grupo de Pesquisas- Plantas Ornamentais no Vale do S\u00e3o Francisco e ser\u00e1 realizado na forma de semin\u00e1rios on-line ao vivo (webinars), com intera\u00e7\u00e3o da audi\u00eancia via chat. Ser\u00e3o desenvolvidos cinco webinars, um em cada dia de evento, com tem\u00e1ticas distintas no contexto da Floricultura e Paisagismo. O acesso ser\u00e1 gratuito, com lista de presen\u00e7a a cada webinar, nos dias 14, 16, 20, 22 e 29 de setembro de 2021.<\/p>\n<div>Poder\u00e3o acessar o Webinar 1 (14\/09\/2021) pelo Link:\u00a0<a href=\"https:\/\/www.youtube.com\/watch?v=U4MflnRVyKE\" target=\"_blank\" rel=\"noopener\" data-saferedirecturl=\"https:\/\/www.google.com\/url?q=https:\/\/www.youtube.com\/watch?v%3DU4MflnRVyKE&amp;source=gmail&amp;ust=1631626206211000&amp;usg=AFQjCNEvAxogCOm_Gs8hYvQi2oX4U2un_Q\">https:\/\/www.youtube.com\/watch?v=U4MflnRVyKE<\/a><\/div>\n<div>\n<p dir=\"ltr\">PROGRAMA\u00c7\u00c3O<\/p>\n<p dir=\"ltr\">TER\u00c7A-FEIRA, 14 DE SETEMBRO, 19 horas (Hor\u00e1rio de Bras\u00edlia)<\/p>\n<p dir=\"ltr\"><span style=\"color: #000000;font-family: Arial\">UM OLHAR DE FUTURO PARA A FLORICULTURA<\/span><\/p>\n<p dir=\"ltr\"><span style=\"color: #000000;font-family: Arial\">Moderador: Prof. Petterson Baptista da Luz Abertura do Simp\u00f3sio<\/span><\/p>\n<p dir=\"ltr\"><span style=\"color: #000000;font-family: Arial\"><i>&#8216;Um olhar de futuro para a floricultura&#8217;<\/i>, com Alexandre Maia Alves, gerente do Programa de Assist\u00eancia T\u00e9cnica do Instituto Agropolos do Cear\u00e1<\/span><\/p>\n<p dir=\"ltr\">QUINTA-FEIRA, 16 DE SETEMBRO, \u00e0s 19 horas (Hor\u00e1rio de Bras\u00edlia)<\/p>\n<p dir=\"ltr\">PAISAGISMO E BEM-ESTAR<\/p>\n<p dir=\"ltr\">Moderadora: Prof\u00aa Soeni Bell\u00e9<\/p>\n<p dir=\"ltr\"><i>&#8216;A import\u00e2ncia do Paisagismo em espa\u00e7os de aprendizagem&#8217;, <\/i>com engenheira gr\u00f4noma Beatriz Fedrizzi<\/p>\n<p dir=\"ltr\">Relato sobre a implanta\u00e7\u00e3o de jardim na Escola Municipal de Ensino Fundamental Valentim Bastianelo, com a diretora Prof\u00aa Cristiane Menezes de Mello<\/p>\n<p dir=\"ltr\"><i>&#8216;Paisagismo &amp; Sa\u00fade: Qualifica\u00e7\u00e3o de espa\u00e7os para a terceira <\/i><i>idade&#8217;<\/i> com engenheiro agr\u00f4nomo S\u00e9rgio Tomasini<\/p>\n<p dir=\"ltr\"><span style=\"color: #000000;font-family: Arial\"><i>&#8216;Aplica\u00e7\u00e3o da ferramenta Sketchup em projetos de paisagismo&#8217;, <\/i>com Prof. Jos\u00e9 Carlos Sorgato<\/span><\/p>\n<p dir=\"ltr\">SEGUNDA-FEIRA, 20 DE SETEMBRO, \u00e0s 19 horas (Hor\u00e1rio de Bras\u00edlia)<\/p>\n<p dir=\"ltr\">MITIGA\u00c7\u00c3O DE ESTRESSES NA PRODU\u00c7\u00c3O DE FLORES<\/p>\n<p dir=\"ltr\">Moderadoras: Prof\u00aa Leosane Cristina Bosco e Prof\u00aa M\u00e1rkilla Zunete Beckmann Cavalcante<\/p>\n<p dir=\"ltr\"><span style=\"color: #000000;font-family: Arial\"><i>&#8216;Mitiga\u00e7\u00e3o a estresses bi\u00f3ticos e abi\u00f3ticos no sistema planta-atmosfera para produ\u00e7\u00e3o de flores&#8217;<\/i>, com Prof. Vespasiano Borges de Paiva Neto<\/span><\/p>\n<p dir=\"ltr\"><span style=\"color: #000000;font-family: Arial\"><i>&#8216;Produ\u00e7\u00e3o de flores em sistema conservacionista do solo&#8217;<\/i>, com Prof. Ot\u00e1vio Bagiotto Rossato<\/span><\/p>\n<p dir=\"ltr\">QUARTA-FEIRA, 22 DE SETEMBRO, \u00e0s 19 horas (Hor\u00e1rio de Bras\u00edlia)<\/p>\n<p dir=\"ltr\">EXTENS\u00c3O RURAL NA FLORICULTURA: O PROJETO FLORES PARA TODOS<\/p>\n<p dir=\"ltr\">Moderadoras: Dislaine Becker, Gizelli Moiano de Paula e Lilian Osmari Uhlmann<\/p>\n<p dir=\"ltr\"><i>&#8216;Experi\u00eancia do Projeto Flores para Todos na Regi\u00e3o Central do <\/i><i>Rio Grande do Sul&#8217;<\/i>, com Prof\u00aa Lilian Osmari Uhlmann<\/p>\n<p dir=\"ltr\"><i>&#8216;Experi\u00eancia do Projeto Flores para Todos na Regi\u00e3o Norte do <\/i><i>Rio Grande do Sul&#8217;<\/i>, com Prof\u00aa Gizelli Moiano de Paula<\/p>\n<p dir=\"ltr\"><i>&#8216;Experi\u00eancia do Projeto Flores para Todos em Santa Catarina&#8217;, <\/i>com a produtora Dislaine Becker<\/p>\n<p dir=\"ltr\"><span style=\"color: #000000;font-family: Arial\">Relato da assistente t\u00e9cnica regional da Empresa de Assist\u00eancia T\u00e9cnica e Extens\u00e3o Rural (Emater) <\/span>de Santa Maria, Monique Chaves; da produtora Hilda Ricobom de Rio do Sul\/SC, e do professor e diretor da Escola Estadual Nossa Senhora Aparecida de J\u00falio de Castilhos\/RS, Jos\u00e9 Alencar Zanon<\/p>\n<p dir=\"ltr\">QUARTA-FEIRA, 29 DE SETEMBRO, \u00e0s 19 horas (Hor\u00e1rio de Bras\u00edlia)<\/p>\n<p dir=\"ltr\">EMPREENDEDORISMO NA FLORICULTURA<\/p>\n<p dir=\"ltr\">Moderadora: Prof\u00aa Patr\u00edcia Paiva<\/p>\n<p dir=\"ltr\"><i>&#8216;Oportunidades de empreender na Floricultura e Paisagismo&#8217;<\/i>, com Prof\u00aa Patr\u00edcia Paiva<\/p>\n<p dir=\"ltr\"><i>&#8216;Estrat\u00e9gias para empreender&#8217;<\/i>, com o diretor e s\u00f3cio-propriet\u00e1rio da empresa BeiGrupo, Valdecir Ferrari<\/p>\n<p dir=\"ltr\"><i>&#8216;Desafios de quem est\u00e1 come\u00e7ando&#8217;<\/i>, com a s\u00f3cio-propriet\u00e1ria da Horticultura Alberguini e Becker Engenharia, Dislaine Becker<\/p>\n<\/div>\n","evento_programacao":null,"evento_inscricao":null,"evento_local":"Universidade Federal de Santa Maria Campus Frederico Westphalen ","evento_contato":"<p>(55) 3744-0600<\/p>\n"},"_links":{"self":[{"href":"https:\/\/www.ufsm.br\/unidades-universitarias\/frederico-westphalen\/wp-json\/wp\/v2\/eventos\/7782","targetHints":{"allow":["GET"]}}],"collection":[{"href":"https:\/\/www.ufsm.br\/unidades-universitarias\/frederico-westphalen\/wp-json\/wp\/v2\/eventos"}],"about":[{"href":"https:\/\/www.ufsm.br\/unidades-universitarias\/frederico-westphalen\/wp-json\/wp\/v2\/types\/eventos"}],"wp:featuredmedia":[{"embeddable":true,"href":"https:\/\/www.ufsm.br\/unidades-universitarias\/frederico-westphalen\/wp-json\/wp\/v2\/media\/7784"}],"wp:attachment":[{"href":"https:\/\/www.ufsm.br\/unidades-universitarias\/frederico-westphalen\/wp-json\/wp\/v2\/media?parent=7782"}],"wp:term":[{"taxonomy":"post_tag","embeddable":true,"href":"https:\/\/www.ufsm.br\/unidades-universitarias\/frederico-westphalen\/wp-json\/wp\/v2\/tags?post=7782"}],"curies":[{"name":"wp","href":"https:\/\/api.w.org\/{rel}","templated":true}]}}