{"id":1174,"date":"2018-10-02T18:21:54","date_gmt":"2018-10-02T21:21:54","guid":{"rendered":"https:\/\/www.ufsm.br\/unidades-universitarias\/frederico-westphalen\/?page_id=1174"},"modified":"2018-11-19T16:10:55","modified_gmt":"2018-11-19T18:10:55","slug":"equipe","status":"publish","type":"page","link":"https:\/\/www.ufsm.br\/unidades-universitarias\/frederico-westphalen\/equipe","title":{"rendered":"Equipe"},"content":{"rendered":"\t\t<div data-elementor-type=\"wp-post\" data-elementor-id=\"1174\" class=\"elementor elementor-1174 elementor-bc-flex-widget\">\n\t\t\t\t\t\t<section class=\"elementor-section elementor-top-section elementor-element elementor-element-5e765cb elementor-section-boxed elementor-section-height-default elementor-section-height-default\" data-id=\"5e765cb\" data-element_type=\"section\">\n\t\t\t\t\t\t<div class=\"elementor-container elementor-column-gap-default\">\n\t\t\t\t\t<div class=\"elementor-column elementor-col-100 elementor-top-column elementor-element elementor-element-007d41c\" data-id=\"007d41c\" data-element_type=\"column\">\n\t\t\t<div class=\"elementor-widget-wrap elementor-element-populated\">\n\t\t\t\t\t\t<div class=\"elementor-element elementor-element-cc0149a elementor-widget elementor-widget-wp-widget-ufsm_pessoas_unidade_widget\" data-id=\"cc0149a\" data-element_type=\"widget\" data-widget_type=\"wp-widget-ufsm_pessoas_unidade_widget.default\">\n\t\t\t\t<div class=\"elementor-widget-container\">\n\t\t\t    <ul class=\"list-unstyled\">\n                    <li class=\"mb-3\">\n                <h5>CAMPUS DA UNIVERSIDADE FEDERAL DE SANTA MARIA EM FREDERICO WESTPHALEN<\/h5>\n                                    <ul class=\"list-unstyled\">\n            <li class=\"my-3\">\n            <strong class='h4 mb-2 text-capitalize'>braulio otomar caron<\/strong>\n            <ul class=\"list-unstyled\">\n                                    <li>Diretor(a) de Centro<\/li>\n                                <li class=\"text-capitalize\">professor do magist\u00e9rio superior<\/li>\n            <\/ul>\n        <\/li>\n        <\/ul>\n            <\/li>\n                    <li class=\"mb-3\">\n                <h5>VICE-DIRE\u00c7\u00c3O DO CAMPUS UFSM - FW<\/h5>\n                                    <ul class=\"list-unstyled\">\n            <li class=\"my-3\">\n            <strong class='h4 mb-2 text-capitalize'>eliane pereira dos santos<\/strong>\n            <ul class=\"list-unstyled\">\n                                <li class=\"text-capitalize\">professor do magist\u00e9rio superior<\/li>\n            <\/ul>\n        <\/li>\n        <\/ul>\n            <\/li>\n                    <li class=\"mb-3\">\n                <h5>DEPARTAMENTO DE CI\u00caNCIAS AGRON\u00d4MICAS E AMBIENTAIS - UFSM-FW<\/h5>\n                                    <ul class=\"list-unstyled\">\n            <li class=\"my-3\">\n            <strong class='h4 mb-2 text-capitalize'>volmir sergio marchioro<\/strong>\n            <ul class=\"list-unstyled\">\n                                    <li>Chefe Departamento<\/li>\n                                <li class=\"text-capitalize\">professor titular-livre - magist superior<\/li>\n            <\/ul>\n        <\/li>\n            <li class=\"my-3\">\n            <strong class='h4 mb-2 text-capitalize'>stela maris kulczynski<\/strong>\n            <ul class=\"list-unstyled\">\n                                    <li>Chefe Departamento (Substituto)<\/li>\n                                <li class=\"text-capitalize\">professor do magist\u00e9rio superior<\/li>\n            <\/ul>\n        <\/li>\n            <li class=\"my-3\">\n            <strong class='h4 mb-2 text-capitalize'>adriana graciela desire zecca<\/strong>\n            <ul class=\"list-unstyled\">\n                                <li class=\"text-capitalize\">professor do magist\u00e9rio superior<\/li>\n            <\/ul>\n        <\/li>\n            <li class=\"my-3\">\n            <strong class='h4 mb-2 text-capitalize'>ana carolina kohlrausch klinger<\/strong>\n            <ul class=\"list-unstyled\">\n                                <li class=\"text-capitalize\">professor do magist\u00e9rio superior<\/li>\n            <\/ul>\n        <\/li>\n            <li class=\"my-3\">\n            <strong class='h4 mb-2 text-capitalize'>antonio luis santi<\/strong>\n            <ul class=\"list-unstyled\">\n                                <li class=\"text-capitalize\">professor do magist\u00e9rio superior<\/li>\n            <\/ul>\n        <\/li>\n            <li class=\"my-3\">\n            <strong class='h4 mb-2 text-capitalize'>arlindo jesus prestes de lima<\/strong>\n            <ul class=\"list-unstyled\">\n                                <li class=\"text-capitalize\">professor do magist\u00e9rio superior<\/li>\n            <\/ul>\n        <\/li>\n            <li class=\"my-3\">\n            <strong class='h4 mb-2 text-capitalize'>claudir jose basso<\/strong>\n            <ul class=\"list-unstyled\">\n                                <li class=\"text-capitalize\">professor do magist\u00e9rio superior<\/li>\n            <\/ul>\n        <\/li>\n            <li class=\"my-3\">\n            <strong class='h4 mb-2 text-capitalize'>clovis orlando da ros<\/strong>\n            <ul class=\"list-unstyled\">\n                                <li class=\"text-capitalize\">professor do magist\u00e9rio superior<\/li>\n            <\/ul>\n        <\/li>\n            <li class=\"my-3\">\n            <strong class='h4 mb-2 text-capitalize'>denise schmidt<\/strong>\n            <ul class=\"list-unstyled\">\n                                <li class=\"text-capitalize\">professor do magist\u00e9rio superior<\/li>\n            <\/ul>\n        <\/li>\n            <li class=\"my-3\">\n            <strong class='h4 mb-2 text-capitalize'>diecson ruy orsolin da silva<\/strong>\n            <ul class=\"list-unstyled\">\n                                <li class=\"text-capitalize\">professor do magist\u00e9rio superior<\/li>\n            <\/ul>\n        <\/li>\n            <li class=\"my-3\">\n            <strong class='h4 mb-2 text-capitalize'>fernando panno<\/strong>\n            <ul class=\"list-unstyled\">\n                                <li class=\"text-capitalize\">professor do magist\u00e9rio superior<\/li>\n            <\/ul>\n        <\/li>\n            <li class=\"my-3\">\n            <strong class='h4 mb-2 text-capitalize'>gizelli moiano de paula<\/strong>\n            <ul class=\"list-unstyled\">\n                                <li class=\"text-capitalize\">professor do magist\u00e9rio superior<\/li>\n            <\/ul>\n        <\/li>\n            <li class=\"my-3\">\n            <strong class='h4 mb-2 text-capitalize'>ivanir jose coldebella<\/strong>\n            <ul class=\"list-unstyled\">\n                                <li class=\"text-capitalize\">professor do magist\u00e9rio superior<\/li>\n            <\/ul>\n        <\/li>\n            <li class=\"my-3\">\n            <strong class='h4 mb-2 text-capitalize'>marcos toebe<\/strong>\n            <ul class=\"list-unstyled\">\n                                <li class=\"text-capitalize\">professor do magist\u00e9rio superior<\/li>\n            <\/ul>\n        <\/li>\n            <li class=\"my-3\">\n            <strong class='h4 mb-2 text-capitalize'>vanderlei rodrigues da silva<\/strong>\n            <ul class=\"list-unstyled\">\n                                <li class=\"text-capitalize\">professor do magist\u00e9rio superior<\/li>\n            <\/ul>\n        <\/li>\n        <\/ul>\n            <\/li>\n                    <li class=\"mb-3\">\n                <h5>DEPARTAMENTO DE ENGENHARIA FLORESTAL - UFSM-FW<\/h5>\n                                    <ul class=\"list-unstyled\">\n            <li class=\"my-3\">\n            <strong class='h4 mb-2 text-capitalize'>edner baumhardt<\/strong>\n            <ul class=\"list-unstyled\">\n                                    <li>Chefe Departamento<\/li>\n                                <li class=\"text-capitalize\">professor do magist\u00e9rio superior<\/li>\n            <\/ul>\n        <\/li>\n            <li class=\"my-3\">\n            <strong class='h4 mb-2 text-capitalize'>renato beppler spohr<\/strong>\n            <ul class=\"list-unstyled\">\n                                    <li>Chefe Departamento (Substituto)<\/li>\n                                <li class=\"text-capitalize\">professor do magist\u00e9rio superior<\/li>\n            <\/ul>\n        <\/li>\n            <li class=\"my-3\">\n            <strong class='h4 mb-2 text-capitalize'>celina ceolin<\/strong>\n            <ul class=\"list-unstyled\">\n                                <li class=\"text-capitalize\">professor do magist\u00e9rio superior<\/li>\n            <\/ul>\n        <\/li>\n            <li class=\"my-3\">\n            <strong class='h4 mb-2 text-capitalize'>cesar de morais coutinho<\/strong>\n            <ul class=\"list-unstyled\">\n                                <li class=\"text-capitalize\">professor ensino b\u00e1sico, t\u00e9cnico e tecnol\u00f3gico<\/li>\n            <\/ul>\n        <\/li>\n            <li class=\"my-3\">\n            <strong class='h4 mb-2 text-capitalize'>claiton nardini<\/strong>\n            <ul class=\"list-unstyled\">\n                                <li class=\"text-capitalize\">professor magist\u00e9rio superior - substituto<\/li>\n            <\/ul>\n        <\/li>\n            <li class=\"my-3\">\n            <strong class='h4 mb-2 text-capitalize'>edison bisognin cantarelli<\/strong>\n            <ul class=\"list-unstyled\">\n                                <li class=\"text-capitalize\">professor do magist\u00e9rio superior<\/li>\n            <\/ul>\n        <\/li>\n            <li class=\"my-3\">\n            <strong class='h4 mb-2 text-capitalize'>edison rogerio perrando<\/strong>\n            <ul class=\"list-unstyled\">\n                                <li class=\"text-capitalize\">professor do magist\u00e9rio superior<\/li>\n            <\/ul>\n        <\/li>\n            <li class=\"my-3\">\n            <strong class='h4 mb-2 text-capitalize'>elder eloy<\/strong>\n            <ul class=\"list-unstyled\">\n                                <li class=\"text-capitalize\">professor do magist\u00e9rio superior<\/li>\n            <\/ul>\n        <\/li>\n            <li class=\"my-3\">\n            <strong class='h4 mb-2 text-capitalize'>emanuel ara\u00fajo silva<\/strong>\n            <ul class=\"list-unstyled\">\n                                <li class=\"text-capitalize\">professor do magist\u00e9rio superior<\/li>\n            <\/ul>\n        <\/li>\n            <li class=\"my-3\">\n            <strong class='h4 mb-2 text-capitalize'>genesio mario da rosa<\/strong>\n            <ul class=\"list-unstyled\">\n                                <li class=\"text-capitalize\">professor do magist\u00e9rio superior<\/li>\n            <\/ul>\n        <\/li>\n            <li class=\"my-3\">\n            <strong class='h4 mb-2 text-capitalize'>guilherme bordignon ceolin<\/strong>\n            <ul class=\"list-unstyled\">\n                                <li class=\"text-capitalize\">professor do magist\u00e9rio superior<\/li>\n            <\/ul>\n        <\/li>\n            <li class=\"my-3\">\n            <strong class='h4 mb-2 text-capitalize'>magda lea bolzan zanon<\/strong>\n            <ul class=\"list-unstyled\">\n                                <li class=\"text-capitalize\">professor do magist\u00e9rio superior<\/li>\n            <\/ul>\n        <\/li>\n            <li class=\"my-3\">\n            <strong class='h4 mb-2 text-capitalize'>marcia d'avila<\/strong>\n            <ul class=\"list-unstyled\">\n                                <li class=\"text-capitalize\">professor do magist\u00e9rio superior<\/li>\n            <\/ul>\n        <\/li>\n            <li class=\"my-3\">\n            <strong class='h4 mb-2 text-capitalize'>marta silvana volpato sccoti<\/strong>\n            <ul class=\"list-unstyled\">\n                                <li class=\"text-capitalize\">professor do magist\u00e9rio superior<\/li>\n            <\/ul>\n        <\/li>\n            <li class=\"my-3\">\n            <strong class='h4 mb-2 text-capitalize'>nilton cesar mantovani<\/strong>\n            <ul class=\"list-unstyled\">\n                                <li class=\"text-capitalize\">professor do magist\u00e9rio superior<\/li>\n            <\/ul>\n        <\/li>\n            <li class=\"my-3\">\n            <strong class='h4 mb-2 text-capitalize'>oscar agustin torres figueredo<\/strong>\n            <ul class=\"list-unstyled\">\n                                <li class=\"text-capitalize\">professor do magist\u00e9rio superior<\/li>\n            <\/ul>\n        <\/li>\n            <li class=\"my-3\">\n            <strong class='h4 mb-2 text-capitalize'>rafaelo balbinot<\/strong>\n            <ul class=\"list-unstyled\">\n                                <li class=\"text-capitalize\">professor do magist\u00e9rio superior<\/li>\n            <\/ul>\n        <\/li>\n            <li class=\"my-3\">\n            <strong class='h4 mb-2 text-capitalize'>romulo trevisan<\/strong>\n            <ul class=\"list-unstyled\">\n                                <li class=\"text-capitalize\">professor do magist\u00e9rio superior<\/li>\n            <\/ul>\n        <\/li>\n            <li class=\"my-3\">\n            <strong class='h4 mb-2 text-capitalize'>sandro luciano barreto fensterseifer<\/strong>\n            <ul class=\"list-unstyled\">\n                                <li class=\"text-capitalize\">professor do magist\u00e9rio superior<\/li>\n            <\/ul>\n        <\/li>\n        <\/ul>\n            <\/li>\n                    <li class=\"mb-3\">\n                <h5>DEPARTAMENTO DE CI\u00caNCIAS DA COMUNICA\u00c7\u00c3O - UFSM-FW<\/h5>\n                                    <ul class=\"list-unstyled\">\n            <li class=\"my-3\">\n            <strong class='h4 mb-2 text-capitalize'>marcia elisa vanzin boabaid<\/strong>\n            <ul class=\"list-unstyled\">\n                                    <li>Chefe Departamento<\/li>\n                                <li class=\"text-capitalize\">professor do magist\u00e9rio superior<\/li>\n            <\/ul>\n        <\/li>\n            <li class=\"my-3\">\n            <strong class='h4 mb-2 text-capitalize'>jones machado<\/strong>\n            <ul class=\"list-unstyled\">\n                                    <li>Chefe Departamento (Substituto)<\/li>\n                                <li class=\"text-capitalize\">professor do magist\u00e9rio superior<\/li>\n            <\/ul>\n        <\/li>\n            <li class=\"my-3\">\n            <strong class='h4 mb-2 text-capitalize'>amanda frick martins<\/strong>\n            <ul class=\"list-unstyled\">\n                                <li class=\"text-capitalize\">professor magist\u00e9rio superior - substituto<\/li>\n            <\/ul>\n        <\/li>\n            <li class=\"my-3\">\n            <strong class='h4 mb-2 text-capitalize'>andrea franciele weber<\/strong>\n            <ul class=\"list-unstyled\">\n                                <li class=\"text-capitalize\">professor do magist\u00e9rio superior<\/li>\n            <\/ul>\n        <\/li>\n            <li class=\"my-3\">\n            <strong class='h4 mb-2 text-capitalize'>claudia herte de moraes<\/strong>\n            <ul class=\"list-unstyled\">\n                                <li class=\"text-capitalize\">professor do magist\u00e9rio superior<\/li>\n            <\/ul>\n        <\/li>\n            <li class=\"my-3\">\n            <strong class='h4 mb-2 text-capitalize'>daiane scheid<\/strong>\n            <ul class=\"list-unstyled\">\n                                <li class=\"text-capitalize\">professor do magist\u00e9rio superior<\/li>\n            <\/ul>\n        <\/li>\n            <li class=\"my-3\">\n            <strong class='h4 mb-2 text-capitalize'>fabiana da costa pereira<\/strong>\n            <ul class=\"list-unstyled\">\n                                <li class=\"text-capitalize\">professor do magist\u00e9rio superior<\/li>\n            <\/ul>\n        <\/li>\n            <li class=\"my-3\">\n            <strong class='h4 mb-2 text-capitalize'>fabio mateus corr\u00eaa da silva<\/strong>\n            <ul class=\"list-unstyled\">\n                                <li class=\"text-capitalize\">professor do magist\u00e9rio superior<\/li>\n            <\/ul>\n        <\/li>\n            <li class=\"my-3\">\n            <strong class='h4 mb-2 text-capitalize'>gonzalo prudkin<\/strong>\n            <ul class=\"list-unstyled\">\n                                <li class=\"text-capitalize\">professor do magist\u00e9rio superior<\/li>\n            <\/ul>\n        <\/li>\n            <li class=\"my-3\">\n            <strong class='h4 mb-2 text-capitalize'>janaina gomes<\/strong>\n            <ul class=\"list-unstyled\">\n                                <li class=\"text-capitalize\">professor do magist\u00e9rio superior<\/li>\n            <\/ul>\n        <\/li>\n            <li class=\"my-3\">\n            <strong class='h4 mb-2 text-capitalize'>joel felipe anzolin guindani<\/strong>\n            <ul class=\"list-unstyled\">\n                                <li class=\"text-capitalize\">professor do magist\u00e9rio superior<\/li>\n            <\/ul>\n        <\/li>\n            <li class=\"my-3\">\n            <strong class='h4 mb-2 text-capitalize'>jose antonio meira da rocha<\/strong>\n            <ul class=\"list-unstyled\">\n                                <li class=\"text-capitalize\">professor do magist\u00e9rio superior<\/li>\n            <\/ul>\n        <\/li>\n            <li class=\"my-3\">\n            <strong class='h4 mb-2 text-capitalize'>lana d'avila campanella<\/strong>\n            <ul class=\"list-unstyled\">\n                                <li class=\"text-capitalize\">professor do magist\u00e9rio superior<\/li>\n            <\/ul>\n        <\/li>\n            <li class=\"my-3\">\n            <strong class='h4 mb-2 text-capitalize'>luis fernando rabello borges<\/strong>\n            <ul class=\"list-unstyled\">\n                                <li class=\"text-capitalize\">professor do magist\u00e9rio superior<\/li>\n            <\/ul>\n        <\/li>\n            <li class=\"my-3\">\n            <strong class='h4 mb-2 text-capitalize'>mirian redin de quadros<\/strong>\n            <ul class=\"list-unstyled\">\n                                <li class=\"text-capitalize\">professor do magist\u00e9rio superior<\/li>\n            <\/ul>\n        <\/li>\n            <li class=\"my-3\">\n            <strong class='h4 mb-2 text-capitalize'>otavio daros<\/strong>\n            <ul class=\"list-unstyled\">\n                                <li class=\"text-capitalize\">professor do magist\u00e9rio superior<\/li>\n            <\/ul>\n        <\/li>\n            <li class=\"my-3\">\n            <strong class='h4 mb-2 text-capitalize'>paulo c\u00e9sar vialle munhoz<\/strong>\n            <ul class=\"list-unstyled\">\n                                <li class=\"text-capitalize\">professor do magist\u00e9rio superior<\/li>\n            <\/ul>\n        <\/li>\n            <li class=\"my-3\">\n            <strong class='h4 mb-2 text-capitalize'>tatiane hilgemberg figueiredo<\/strong>\n            <ul class=\"list-unstyled\">\n                                <li class=\"text-capitalize\">professor do magist\u00e9rio superior<\/li>\n            <\/ul>\n        <\/li>\n            <li class=\"my-3\">\n            <strong class='h4 mb-2 text-capitalize'>vera sirlei martins<\/strong>\n            <ul class=\"list-unstyled\">\n                                <li class=\"text-capitalize\">professor do magist\u00e9rio superior<\/li>\n            <\/ul>\n        <\/li>\n        <\/ul>\n            <\/li>\n                    <li class=\"mb-3\">\n                <h5>DEPARTAMENTO DE TECNOLOGIA DA INFORMA\u00c7\u00c3O - UFSM-FW<\/h5>\n                                    <ul class=\"list-unstyled\">\n            <li class=\"my-3\">\n            <strong class='h4 mb-2 text-capitalize'>guilherme bernardino da cunha<\/strong>\n            <ul class=\"list-unstyled\">\n                                    <li>Chefe Departamento<\/li>\n                                <li class=\"text-capitalize\">professor do magist\u00e9rio superior<\/li>\n            <\/ul>\n        <\/li>\n            <li class=\"my-3\">\n            <strong class='h4 mb-2 text-capitalize'>sidnei renato silveira<\/strong>\n            <ul class=\"list-unstyled\">\n                                    <li>Chefe Departamento (Substituto)<\/li>\n                                <li class=\"text-capitalize\">professor do magist\u00e9rio superior<\/li>\n            <\/ul>\n        <\/li>\n            <li class=\"my-3\">\n            <strong class='h4 mb-2 text-capitalize'>adriana soares pereira<\/strong>\n            <ul class=\"list-unstyled\">\n                                <li class=\"text-capitalize\">professor do magist\u00e9rio superior<\/li>\n            <\/ul>\n        <\/li>\n            <li class=\"my-3\">\n            <strong class='h4 mb-2 text-capitalize'>antonio rodrigo delepiane de vit<\/strong>\n            <ul class=\"list-unstyled\">\n                                <li class=\"text-capitalize\">professor do magist\u00e9rio superior<\/li>\n            <\/ul>\n        <\/li>\n            <li class=\"my-3\">\n            <strong class='h4 mb-2 text-capitalize'>cristiano bertolini<\/strong>\n            <ul class=\"list-unstyled\">\n                                <li class=\"text-capitalize\">professor do magist\u00e9rio superior<\/li>\n            <\/ul>\n        <\/li>\n            <li class=\"my-3\">\n            <strong class='h4 mb-2 text-capitalize'>igor senger<\/strong>\n            <ul class=\"list-unstyled\">\n                                <li class=\"text-capitalize\">professor do magist\u00e9rio superior<\/li>\n            <\/ul>\n        <\/li>\n            <li class=\"my-3\">\n            <strong class='h4 mb-2 text-capitalize'>joel da silva<\/strong>\n            <ul class=\"list-unstyled\">\n                                <li class=\"text-capitalize\">professor do magist\u00e9rio superior<\/li>\n            <\/ul>\n        <\/li>\n            <li class=\"my-3\">\n            <strong class='h4 mb-2 text-capitalize'>nara martini bigolin<\/strong>\n            <ul class=\"list-unstyled\">\n                                <li class=\"text-capitalize\">professor do magist\u00e9rio superior<\/li>\n            <\/ul>\n        <\/li>\n            <li class=\"my-3\">\n            <strong class='h4 mb-2 text-capitalize'>ricardo tombesi macedo<\/strong>\n            <ul class=\"list-unstyled\">\n                                <li class=\"text-capitalize\">professor do magist\u00e9rio superior<\/li>\n            <\/ul>\n        <\/li>\n            <li class=\"my-3\">\n            <strong class='h4 mb-2 text-capitalize'>roberto franciscatto<\/strong>\n            <ul class=\"list-unstyled\">\n                                <li class=\"text-capitalize\">professor do magist\u00e9rio superior<\/li>\n            <\/ul>\n        <\/li>\n            <li class=\"my-3\">\n            <strong class='h4 mb-2 text-capitalize'>solange de lurdes pertile<\/strong>\n            <ul class=\"list-unstyled\">\n                                <li class=\"text-capitalize\">professor do magist\u00e9rio superior<\/li>\n            <\/ul>\n        <\/li>\n            <li class=\"my-3\">\n            <strong class='h4 mb-2 text-capitalize'>teresinha leticia da silva<\/strong>\n            <ul class=\"list-unstyled\">\n                                <li class=\"text-capitalize\">professor do magist\u00e9rio superior<\/li>\n            <\/ul>\n        <\/li>\n        <\/ul>\n            <\/li>\n                    <li class=\"mb-3\">\n                <h5>DEPARTAMENTO DE ENGENHARIA E TECNOLOGIA AMBIENTAL - UFSM-FW<\/h5>\n                                    <ul class=\"list-unstyled\">\n            <li class=\"my-3\">\n            <strong class='h4 mb-2 text-capitalize'>patricia rodrigues fortes<\/strong>\n            <ul class=\"list-unstyled\">\n                                    <li>Chefe Departamento<\/li>\n                                <li class=\"text-capitalize\">professor do magist\u00e9rio superior<\/li>\n            <\/ul>\n        <\/li>\n            <li class=\"my-3\">\n            <strong class='h4 mb-2 text-capitalize'>lorimar francisco munaretto<\/strong>\n            <ul class=\"list-unstyled\">\n                                    <li>Chefe Departamento (Substituto)<\/li>\n                                <li class=\"text-capitalize\">professor do magist\u00e9rio superior<\/li>\n            <\/ul>\n        <\/li>\n            <li class=\"my-3\">\n            <strong class='h4 mb-2 text-capitalize'>alexandre couto rodrigues<\/strong>\n            <ul class=\"list-unstyled\">\n                                <li class=\"text-capitalize\">professor do magist\u00e9rio superior<\/li>\n            <\/ul>\n        <\/li>\n            <li class=\"my-3\">\n            <strong class='h4 mb-2 text-capitalize'>aline ferr\u00e3o custodio passini<\/strong>\n            <ul class=\"list-unstyled\">\n                                <li class=\"text-capitalize\">professor do magist\u00e9rio superior<\/li>\n            <\/ul>\n        <\/li>\n            <li class=\"my-3\">\n            <strong class='h4 mb-2 text-capitalize'>cristiane carine dos santos<\/strong>\n            <ul class=\"list-unstyled\">\n                                <li class=\"text-capitalize\">professor do magist\u00e9rio superior<\/li>\n            <\/ul>\n        <\/li>\n            <li class=\"my-3\">\n            <strong class='h4 mb-2 text-capitalize'>estela dos reis crespan<\/strong>\n            <ul class=\"list-unstyled\">\n                                <li class=\"text-capitalize\">professor do magist\u00e9rio superior<\/li>\n            <\/ul>\n        <\/li>\n            <li class=\"my-3\">\n            <strong class='h4 mb-2 text-capitalize'>jaqueline ineu golombieski<\/strong>\n            <ul class=\"list-unstyled\">\n                                <li class=\"text-capitalize\">professor do magist\u00e9rio superior<\/li>\n            <\/ul>\n        <\/li>\n            <li class=\"my-3\">\n            <strong class='h4 mb-2 text-capitalize'>jefferson alves da costa junior<\/strong>\n            <ul class=\"list-unstyled\">\n                                <li class=\"text-capitalize\">professor do magist\u00e9rio superior<\/li>\n            <\/ul>\n        <\/li>\n            <li class=\"my-3\">\n            <strong class='h4 mb-2 text-capitalize'>juliana scapin<\/strong>\n            <ul class=\"list-unstyled\">\n                                <li class=\"text-capitalize\">professor do magist\u00e9rio superior<\/li>\n            <\/ul>\n        <\/li>\n            <li class=\"my-3\">\n            <strong class='h4 mb-2 text-capitalize'>malva andrea mancuso<\/strong>\n            <ul class=\"list-unstyled\">\n                                <li class=\"text-capitalize\">professor do magist\u00e9rio superior<\/li>\n            <\/ul>\n        <\/li>\n            <li class=\"my-3\">\n            <strong class='h4 mb-2 text-capitalize'>nilson evilasio de souza filho<\/strong>\n            <ul class=\"list-unstyled\">\n                                <li class=\"text-capitalize\">professor do magist\u00e9rio superior<\/li>\n            <\/ul>\n        <\/li>\n            <li class=\"my-3\">\n            <strong class='h4 mb-2 text-capitalize'>paulo roberto dos santos salbego<\/strong>\n            <ul class=\"list-unstyled\">\n                                <li class=\"text-capitalize\">professor do magist\u00e9rio superior<\/li>\n            <\/ul>\n        <\/li>\n            <li class=\"my-3\">\n            <strong class='h4 mb-2 text-capitalize'>raphael correa medeiros<\/strong>\n            <ul class=\"list-unstyled\">\n                                <li class=\"text-capitalize\">professor do magist\u00e9rio superior<\/li>\n            <\/ul>\n        <\/li>\n            <li class=\"my-3\">\n            <strong class='h4 mb-2 text-capitalize'>samara terezinha decezaro<\/strong>\n            <ul class=\"list-unstyled\">\n                                <li class=\"text-capitalize\">professor do magist\u00e9rio superior<\/li>\n            <\/ul>\n        <\/li>\n        <\/ul>\n            <\/li>\n                    <li class=\"mb-3\">\n                <h5>CURSO DE ENGENHARIA FLORESTAL - CAMPUS UFSM-FW<\/h5>\n                                    <ul class=\"list-unstyled\">\n            <li class=\"my-3\">\n            <strong class='h4 mb-2 text-capitalize'>hilda hildebrand soriani<\/strong>\n            <ul class=\"list-unstyled\">\n                                    <li>Coordenador(a) de Curso<\/li>\n                                <li class=\"text-capitalize\">professor do magist\u00e9rio superior<\/li>\n            <\/ul>\n        <\/li>\n        <\/ul>\n            <\/li>\n                    <li class=\"mb-3\">\n                <h5>CURSO DE JORNALISMO BACHARELADO - CAMPUS UFSM-FW<\/h5>\n                                    <ul class=\"list-unstyled\">\n            <li class=\"my-3\">\n            <strong class='h4 mb-2 text-capitalize'>rafael foletto<\/strong>\n            <ul class=\"list-unstyled\">\n                                    <li>Coordenador(a) de Curso<\/li>\n                                <li class=\"text-capitalize\">professor do magist\u00e9rio superior<\/li>\n            <\/ul>\n        <\/li>\n        <\/ul>\n            <\/li>\n                    <li class=\"mb-3\">\n                <h5>CURSO DE RELA\u00c7\u00d5ES P\u00daBLICAS BACHARELADO - CAMPUS UFSM-FW<\/h5>\n                                    <ul class=\"list-unstyled\">\n            <li class=\"my-3\">\n            <strong class='h4 mb-2 text-capitalize'>patr\u00edcia milano persigo<\/strong>\n            <ul class=\"list-unstyled\">\n                                    <li>Coordenador(a) de Curso<\/li>\n                                <li class=\"text-capitalize\">professor do magist\u00e9rio superior<\/li>\n            <\/ul>\n        <\/li>\n        <\/ul>\n            <\/li>\n                    <li class=\"mb-3\">\n                <h5>CURSO DE ENGENHARIA AMBIENTAL E SANIT\u00c1RIA - CAMPUS UFSM-FW<\/h5>\n                                    <ul class=\"list-unstyled\">\n            <li class=\"my-3\">\n            <strong class='h4 mb-2 text-capitalize'>mariza de camargo<\/strong>\n            <ul class=\"list-unstyled\">\n                                    <li>Coordenador(a) de Curso<\/li>\n                                <li class=\"text-capitalize\">professor do magist\u00e9rio superior<\/li>\n            <\/ul>\n        <\/li>\n        <\/ul>\n            <\/li>\n                    <li class=\"mb-3\">\n                <h5>CURSO DE SISTEMAS DE INFORMA\u00c7\u00c3O - CAMPUS UFSM-FW<\/h5>\n                                    <ul class=\"list-unstyled\">\n            <li class=\"my-3\">\n            <strong class='h4 mb-2 text-capitalize'>evandro preuss<\/strong>\n            <ul class=\"list-unstyled\">\n                                    <li>Coordenador(a) de Curso<\/li>\n                                <li class=\"text-capitalize\">professor do magist\u00e9rio superior<\/li>\n            <\/ul>\n        <\/li>\n        <\/ul>\n            <\/li>\n                    <li class=\"mb-3\">\n                <h5>CURSO DE AGRONOMIA - CAMPUS UFSM-FW<\/h5>\n                                    <ul class=\"list-unstyled\">\n            <li class=\"my-3\">\n            <strong class='h4 mb-2 text-capitalize'>gilvan mois\u00e9s bertollo<\/strong>\n            <ul class=\"list-unstyled\">\n                                    <li>Coordenador(a) de Curso<\/li>\n                                <li class=\"text-capitalize\">professor do magist\u00e9rio superior<\/li>\n            <\/ul>\n        <\/li>\n        <\/ul>\n            <\/li>\n                    <li class=\"mb-3\">\n                <h5>PROGRAMA DE P\u00d3S-GRADUA\u00c7\u00c3O EM AGRONOMIA - AGRICULTURA E AMBIENTE - CAMPUS UFSM-FW<\/h5>\n                                    <ul class=\"list-unstyled\">\n            <li class=\"my-3\">\n            <strong class='h4 mb-2 text-capitalize'>rodrigo ferreira da silva<\/strong>\n            <ul class=\"list-unstyled\">\n                                    <li>Coordenador(a) de Curso<\/li>\n                                <li class=\"text-capitalize\">professor do magist\u00e9rio superior<\/li>\n            <\/ul>\n        <\/li>\n        <\/ul>\n            <\/li>\n                    <li class=\"mb-3\">\n                <h5>PROGRAMA DE P\u00d3S-GRADUA\u00c7\u00c3O EM CI\u00caNCIA E TECNOLOGIA  AMBIENTAL- CAMPUS UFSM-FW<\/h5>\n                                    <ul class=\"list-unstyled\">\n            <li class=\"my-3\">\n            <strong class='h4 mb-2 text-capitalize'>willian fernando de borba<\/strong>\n            <ul class=\"list-unstyled\">\n                                    <li>Coordenador(a) de Curso<\/li>\n                                <li class=\"text-capitalize\">professor do magist\u00e9rio superior<\/li>\n            <\/ul>\n        <\/li>\n            <li class=\"my-3\">\n            <strong class='h4 mb-2 text-capitalize'>adriana carolina gamboa<\/strong>\n            <ul class=\"list-unstyled\">\n                                <li class=\"text-capitalize\">pessoal volunt\u00e1rio<\/li>\n            <\/ul>\n        <\/li>\n            <li class=\"my-3\">\n            <strong class='h4 mb-2 text-capitalize'>bryan brummelhaus de menezes<\/strong>\n            <ul class=\"list-unstyled\">\n                                <li class=\"text-capitalize\">pessoal volunt\u00e1rio<\/li>\n            <\/ul>\n        <\/li>\n            <li class=\"my-3\">\n            <strong class='h4 mb-2 text-capitalize'>raphael correa medeiros<\/strong>\n            <ul class=\"list-unstyled\">\n                                <li class=\"text-capitalize\">docente de outra ies<\/li>\n            <\/ul>\n        <\/li>\n            <li class=\"my-3\">\n            <strong class='h4 mb-2 text-capitalize'>tamiris rosso storck<\/strong>\n            <ul class=\"list-unstyled\">\n                                <li class=\"text-capitalize\">pessoal volunt\u00e1rio<\/li>\n            <\/ul>\n        <\/li>\n        <\/ul>\n            <\/li>\n                    <li class=\"mb-3\">\n                <h5>COORDENADORIA ADMINISTRATIVA DA UFSM\/FW<\/h5>\n                                    <ul class=\"list-unstyled\">\n            <li class=\"my-3\">\n            <strong class='h4 mb-2 text-capitalize'>terezinha de f\u00e1tima p\u00f4ncio<\/strong>\n            <ul class=\"list-unstyled\">\n                                    <li>Coordenador(a) Administrativo(a)<\/li>\n                                <li class=\"text-capitalize\">assistente em administra\u00e7\u00e3o<\/li>\n            <\/ul>\n        <\/li>\n            <li class=\"my-3\">\n            <strong class='h4 mb-2 text-capitalize'>elizabeth dos santos salimen<\/strong>\n            <ul class=\"list-unstyled\">\n                                <li class=\"text-capitalize\">arquivista<\/li>\n            <\/ul>\n        <\/li>\n            <li class=\"my-3\">\n            <strong class='h4 mb-2 text-capitalize'>graciela l\u00f3 nunes<\/strong>\n            <ul class=\"list-unstyled\">\n                                <li class=\"text-capitalize\">assistente social<\/li>\n            <\/ul>\n        <\/li>\n            <li class=\"my-3\">\n            <strong class='h4 mb-2 text-capitalize'>ricardo cesar silva<\/strong>\n            <ul class=\"list-unstyled\">\n                                <li class=\"text-capitalize\">bibliotec\u00e1rio-documentalista<\/li>\n            <\/ul>\n        <\/li>\n        <\/ul>\n            <\/li>\n                    <li class=\"mb-3\">\n                <h5>N\u00daCLEO DE GEST\u00c3O OR\u00c7AMENT\u00c1RIA DA UFSM\/FW<\/h5>\n                                    <ul class=\"list-unstyled\">\n            <li class=\"my-3\">\n            <strong class='h4 mb-2 text-capitalize'>jever santos de azevedo<\/strong>\n            <ul class=\"list-unstyled\">\n                                    <li>Chefe de N\u00facleo<\/li>\n                                <li class=\"text-capitalize\">contador<\/li>\n            <\/ul>\n        <\/li>\n            <li class=\"my-3\">\n            <strong class='h4 mb-2 text-capitalize'>m\u00e1rcio lu\u00eds piovesan<\/strong>\n            <ul class=\"list-unstyled\">\n                                    <li>Chefe de N\u00facleo (Substituto)<\/li>\n                                <li class=\"text-capitalize\">assistente em administra\u00e7\u00e3o<\/li>\n            <\/ul>\n        <\/li>\n        <\/ul>\n            <\/li>\n                    <li class=\"mb-3\">\n                <h5>N\u00daCLEO DE INFRAESTRUTURA E PATRIM\u00d4NIO DA UFSM\/FW<\/h5>\n                                    <ul class=\"list-unstyled\">\n            <li class=\"my-3\">\n            <strong class='h4 mb-2 text-capitalize'>marieli mulinari<\/strong>\n            <ul class=\"list-unstyled\">\n                                    <li>Chefe de N\u00facleo<\/li>\n                                <li class=\"text-capitalize\">contador<\/li>\n            <\/ul>\n        <\/li>\n            <li class=\"my-3\">\n            <strong class='h4 mb-2 text-capitalize'>marcelo renan grassi<\/strong>\n            <ul class=\"list-unstyled\">\n                                    <li>Chefe de N\u00facleo (Substituto)<\/li>\n                                <li class=\"text-capitalize\">administrador<\/li>\n            <\/ul>\n        <\/li>\n            <li class=\"my-3\">\n            <strong class='h4 mb-2 text-capitalize'>mateus piovesan<\/strong>\n            <ul class=\"list-unstyled\">\n                                <li class=\"text-capitalize\">operador de m\u00e1quinas agr\u00edcolas<\/li>\n            <\/ul>\n        <\/li>\n            <li class=\"my-3\">\n            <strong class='h4 mb-2 text-capitalize'>valdecir jos\u00e9 dos santos<\/strong>\n            <ul class=\"list-unstyled\">\n                                <li class=\"text-capitalize\">engenheiro agr\u00f4nomo<\/li>\n            <\/ul>\n        <\/li>\n        <\/ul>\n            <\/li>\n                    <li class=\"mb-3\">\n                <h5>SETOR DE TECNOLOGIA DA INFORMA\u00c7\u00c3O DA UFSM\/FW<\/h5>\n                                    <ul class=\"list-unstyled\">\n            <li class=\"my-3\">\n            <strong class='h4 mb-2 text-capitalize'>fabio desconsi<\/strong>\n            <ul class=\"list-unstyled\">\n                                    <li>Chefe de Setor<\/li>\n                                <li class=\"text-capitalize\">analista de tecnologia da informa\u00e7\u00e3o<\/li>\n            <\/ul>\n        <\/li>\n            <li class=\"my-3\">\n            <strong class='h4 mb-2 text-capitalize'>paulo henrique vianna<\/strong>\n            <ul class=\"list-unstyled\">\n                                    <li>Chefe de Setor (Substituto)<\/li>\n                                <li class=\"text-capitalize\">analista de tecnologia da informa\u00e7\u00e3o<\/li>\n            <\/ul>\n        <\/li>\n            <li class=\"my-3\">\n            <strong class='h4 mb-2 text-capitalize'>ana paula koeche<\/strong>\n            <ul class=\"list-unstyled\">\n                                <li class=\"text-capitalize\">t\u00e9cnico de tecnologia da informa\u00e7\u00e3o<\/li>\n            <\/ul>\n        <\/li>\n            <li class=\"my-3\">\n            <strong class='h4 mb-2 text-capitalize'>fabricio bevilaqua scariotti<\/strong>\n            <ul class=\"list-unstyled\">\n                                <li class=\"text-capitalize\">t\u00e9cnico de tecnologia da informa\u00e7\u00e3o<\/li>\n            <\/ul>\n        <\/li>\n        <\/ul>\n            <\/li>\n                    <li class=\"mb-3\">\n                <h5>SUBDIVIS\u00c3O DE ASSIST\u00caNCIA \u00c0 SA\u00daDE DA UFSM\/FW<\/h5>\n                                    <ul class=\"list-unstyled\">\n            <li class=\"my-3\">\n            <strong class='h4 mb-2 text-capitalize'>caroline marangon dourado<\/strong>\n            <ul class=\"list-unstyled\">\n                                    <li>Chefe de Subdivis\u00e3o<\/li>\n                                <li class=\"text-capitalize\">nutricionista-habilita\u00e7\u00e3o<\/li>\n            <\/ul>\n        <\/li>\n            <li class=\"my-3\">\n            <strong class='h4 mb-2 text-capitalize'>fernanda bortolin maciel<\/strong>\n            <ul class=\"list-unstyled\">\n                                    <li>Chefe de Subdivis\u00e3o (Substituto)<\/li>\n                                <li class=\"text-capitalize\">enfermeiro-area<\/li>\n            <\/ul>\n        <\/li>\n        <\/ul>\n            <\/li>\n                    <li class=\"mb-3\">\n                <h5>SECRETARIA UNIFICADA DE DEPARTAMENTOS DA UFSM\/FW<\/h5>\n                                    <ul class=\"list-unstyled\">\n            <li class=\"my-3\">\n            <strong class='h4 mb-2 text-capitalize'>roselei battisti<\/strong>\n            <ul class=\"list-unstyled\">\n                                    <li>Secret\u00e1rio(a)<\/li>\n                                <li class=\"text-capitalize\">secret\u00e1rio executivo<\/li>\n            <\/ul>\n        <\/li>\n            <li class=\"my-3\">\n            <strong class='h4 mb-2 text-capitalize'>ana paula balestrin<\/strong>\n            <ul class=\"list-unstyled\">\n                                    <li>Secret\u00e1rio(a) (Substituto)<\/li>\n                                <li class=\"text-capitalize\">administrador<\/li>\n            <\/ul>\n        <\/li>\n            <li class=\"my-3\">\n            <strong class='h4 mb-2 text-capitalize'>adriane dos santos marques bisognin<\/strong>\n            <ul class=\"list-unstyled\">\n                                <li class=\"text-capitalize\">assistente em administra\u00e7\u00e3o<\/li>\n            <\/ul>\n        <\/li>\n        <\/ul>\n            <\/li>\n                    <li class=\"mb-3\">\n                <h5>DIVIS\u00c3O DE APOIO PEDAG\u00d3GICO DA UFSM\/FW<\/h5>\n                                    <ul class=\"list-unstyled\">\n            <li class=\"my-3\">\n            <strong class='h4 mb-2 text-capitalize'>natalia pergher miranda<\/strong>\n            <ul class=\"list-unstyled\">\n                                    <li>Chefe<\/li>\n                                <li class=\"text-capitalize\">pedagogo-\u00e1rea<\/li>\n            <\/ul>\n        <\/li>\n        <\/ul>\n            <\/li>\n                    <li class=\"mb-3\">\n                <h5>SUBDIVIS\u00c3O DE GEST\u00c3O DE LABORAT\u00d3RIOS DA UFSM\/FW<\/h5>\n                                    <ul class=\"list-unstyled\">\n            <li class=\"my-3\">\n            <strong class='h4 mb-2 text-capitalize'>bryan brummelhaus de menezes<\/strong>\n            <ul class=\"list-unstyled\">\n                                    <li>Chefe de Subdivis\u00e3o<\/li>\n                                <li class=\"text-capitalize\">qu\u00edmico<\/li>\n            <\/ul>\n        <\/li>\n            <li class=\"my-3\">\n            <strong class='h4 mb-2 text-capitalize'>davi de oliveira<\/strong>\n            <ul class=\"list-unstyled\">\n                                    <li>Chefe de Subdivis\u00e3o (Substituto)<\/li>\n                                <li class=\"text-capitalize\">bi\u00f3logo<\/li>\n            <\/ul>\n        <\/li>\n            <li class=\"my-3\">\n            <strong class='h4 mb-2 text-capitalize'>anderson boff<\/strong>\n            <ul class=\"list-unstyled\">\n                                <li class=\"text-capitalize\">assistente de laborat\u00f3rio<\/li>\n            <\/ul>\n        <\/li>\n            <li class=\"my-3\">\n            <strong class='h4 mb-2 text-capitalize'>andr\u00e9a da rocha giovenardi<\/strong>\n            <ul class=\"list-unstyled\">\n                                <li class=\"text-capitalize\">t\u00e9cnico de laborat\u00f3rio \u00e1rea<\/li>\n            <\/ul>\n        <\/li>\n            <li class=\"my-3\">\n            <strong class='h4 mb-2 text-capitalize'>bruna cariolato moreira<\/strong>\n            <ul class=\"list-unstyled\">\n                                <li class=\"text-capitalize\">t\u00e9cnico de laborat\u00f3rio \u00e1rea<\/li>\n            <\/ul>\n        <\/li>\n            <li class=\"my-3\">\n            <strong class='h4 mb-2 text-capitalize'>gabriel baraldi volpi<\/strong>\n            <ul class=\"list-unstyled\">\n                                <li class=\"text-capitalize\">t\u00e9cnico em agropecu\u00e1ria<\/li>\n            <\/ul>\n        <\/li>\n            <li class=\"my-3\">\n            <strong class='h4 mb-2 text-capitalize'>guilherme bergeijer da rosa<\/strong>\n            <ul class=\"list-unstyled\">\n                                <li class=\"text-capitalize\">t\u00e9cnico em agropecu\u00e1ria<\/li>\n            <\/ul>\n        <\/li>\n            <li class=\"my-3\">\n            <strong class='h4 mb-2 text-capitalize'>luciane minetto<\/strong>\n            <ul class=\"list-unstyled\">\n                                <li class=\"text-capitalize\">t\u00e9cnico de laborat\u00f3rio \u00e1rea<\/li>\n            <\/ul>\n        <\/li>\n            <li class=\"my-3\">\n            <strong class='h4 mb-2 text-capitalize'>lucindo somavilla<\/strong>\n            <ul class=\"list-unstyled\">\n                                <li class=\"text-capitalize\">t\u00e9cnico de laborat\u00f3rio \u00e1rea<\/li>\n            <\/ul>\n        <\/li>\n            <li class=\"my-3\">\n            <strong class='h4 mb-2 text-capitalize'>marcela de melo torchelsen<\/strong>\n            <ul class=\"list-unstyled\">\n                                <li class=\"text-capitalize\">t\u00e9cnico de laborat\u00f3rio \u00e1rea<\/li>\n            <\/ul>\n        <\/li>\n            <li class=\"my-3\">\n            <strong class='h4 mb-2 text-capitalize'>michele pokulat sauer<\/strong>\n            <ul class=\"list-unstyled\">\n                                <li class=\"text-capitalize\">t\u00e9cnico de laborat\u00f3rio \u00e1rea<\/li>\n            <\/ul>\n        <\/li>\n            <li class=\"my-3\">\n            <strong class='h4 mb-2 text-capitalize'>ronaldo medeiros golombieski<\/strong>\n            <ul class=\"list-unstyled\">\n                                <li class=\"text-capitalize\">bi\u00f3logo<\/li>\n            <\/ul>\n        <\/li>\n        <\/ul>\n            <\/li>\n                    <li class=\"mb-3\">\n                <h5>SECRETARIA UNIFICADA DE CURSOS DE GRADUA\u00c7\u00c3O DA UFSM\/FW<\/h5>\n                                    <ul class=\"list-unstyled\">\n            <li class=\"my-3\">\n            <strong class='h4 mb-2 text-capitalize'>ricardo cocco<\/strong>\n            <ul class=\"list-unstyled\">\n                                    <li>Secret\u00e1rio(a)<\/li>\n                                <li class=\"text-capitalize\">t\u00e9cnico em assuntos educacionais<\/li>\n            <\/ul>\n        <\/li>\n            <li class=\"my-3\">\n            <strong class='h4 mb-2 text-capitalize'>sandra valeria binotto<\/strong>\n            <ul class=\"list-unstyled\">\n                                    <li>Secret\u00e1rio(a) (Substituto)<\/li>\n                                <li class=\"text-capitalize\">secret\u00e1rio executivo<\/li>\n            <\/ul>\n        <\/li>\n            <li class=\"my-3\">\n            <strong class='h4 mb-2 text-capitalize'>claudiosir roque dos santos<\/strong>\n            <ul class=\"list-unstyled\">\n                                <li class=\"text-capitalize\">t\u00e9cnico em assuntos educacionais<\/li>\n            <\/ul>\n        <\/li>\n        <\/ul>\n            <\/li>\n                    <li class=\"mb-3\">\n                <h5>SECRETARIA INTEGRADA DE CURSOS DE P\u00d3S-GRADUA\u00c7\u00c3O DA UFSM\/FW<\/h5>\n                                    <ul class=\"list-unstyled\">\n            <li class=\"my-3\">\n            <strong class='h4 mb-2 text-capitalize'>fernanda buriol<\/strong>\n            <ul class=\"list-unstyled\">\n                                    <li>Secret\u00e1rio(a)<\/li>\n                                <li class=\"text-capitalize\">assistente em administra\u00e7\u00e3o<\/li>\n            <\/ul>\n        <\/li>\n            <li class=\"my-3\">\n            <strong class='h4 mb-2 text-capitalize'>tales teston<\/strong>\n            <ul class=\"list-unstyled\">\n                                    <li>Secret\u00e1rio(a) (Substituto)<\/li>\n                                <li class=\"text-capitalize\">assistente em administra\u00e7\u00e3o<\/li>\n            <\/ul>\n        <\/li>\n        <\/ul>\n            <\/li>\n                    <li class=\"mb-3\">\n                <h5>DIVIS\u00c3O DE DIVULGA\u00c7\u00c3O INSTITUCIONAL DA UFSM\/FW<\/h5>\n                                    <ul class=\"list-unstyled\">\n            <li class=\"my-3\">\n            <strong class='h4 mb-2 text-capitalize'>gracieli fernandes<\/strong>\n            <ul class=\"list-unstyled\">\n                                    <li>Chefe<\/li>\n                                <li class=\"text-capitalize\">assistente em administra\u00e7\u00e3o<\/li>\n            <\/ul>\n        <\/li>\n            <li class=\"my-3\">\n            <strong class='h4 mb-2 text-capitalize'>cristina guerini link<\/strong>\n            <ul class=\"list-unstyled\">\n                                    <li>Chefe (Substituto)<\/li>\n                                <li class=\"text-capitalize\">produtor cultural<\/li>\n            <\/ul>\n        <\/li>\n            <li class=\"my-3\">\n            <strong class='h4 mb-2 text-capitalize'>mateus scherer<\/strong>\n            <ul class=\"list-unstyled\">\n                                <li class=\"text-capitalize\">sonoplasta<\/li>\n            <\/ul>\n        <\/li>\n            <li class=\"my-3\">\n            <strong class='h4 mb-2 text-capitalize'>sara spolti pazuch<\/strong>\n            <ul class=\"list-unstyled\">\n                                <li class=\"text-capitalize\">programador visual<\/li>\n            <\/ul>\n        <\/li>\n        <\/ul>\n            <\/li>\n                    <li class=\"mb-3\">\n                <h5>DIVIS\u00c3O DE PROJETOS DA UFSM\/FW<\/h5>\n                                    <ul class=\"list-unstyled\">\n            <li class=\"my-3\">\n            <strong class='h4 mb-2 text-capitalize'>dilvan mauricio lopes<\/strong>\n            <ul class=\"list-unstyled\">\n                                    <li>Chefe<\/li>\n                                <li class=\"text-capitalize\">assistente em administra\u00e7\u00e3o<\/li>\n            <\/ul>\n        <\/li>\n        <\/ul>\n            <\/li>\n                    <li class=\"mb-3\">\n                <h5>BIBLIOTECA FORA DE SEDE DA UFSM\/FW<\/h5>\n                                    <ul class=\"list-unstyled\">\n            <li class=\"my-3\">\n            <strong class='h4 mb-2 text-capitalize'>sirlene aparecida dos santos<\/strong>\n            <ul class=\"list-unstyled\">\n                                    <li>Chefe de Biblioteca Fora de Sede<\/li>\n                                <li class=\"text-capitalize\">bibliotec\u00e1rio-documentalista<\/li>\n            <\/ul>\n        <\/li>\n            <li class=\"my-3\">\n            <strong class='h4 mb-2 text-capitalize'>marina demarco minuzzi<\/strong>\n            <ul class=\"list-unstyled\">\n                                <li class=\"text-capitalize\">assistente em administra\u00e7\u00e3o<\/li>\n            <\/ul>\n        <\/li>\n        <\/ul>\n            <\/li>\n                    <li class=\"mb-3\">\n                <h5>N\u00daCLEO DE ASSIST\u00caNCIA ESTUDANTIL DA UFSM\/FW<\/h5>\n                                    <ul class=\"list-unstyled\">\n            <li class=\"my-3\">\n            <strong class='h4 mb-2 text-capitalize'>la\u00eds piovesan<\/strong>\n            <ul class=\"list-unstyled\">\n                                    <li>Chefe de N\u00facleo<\/li>\n                                <li class=\"text-capitalize\">psic\u00f3logo-\u00e1rea<\/li>\n            <\/ul>\n        <\/li>\n            <li class=\"my-3\">\n            <strong class='h4 mb-2 text-capitalize'>solange busanello kempka<\/strong>\n            <ul class=\"list-unstyled\">\n                                    <li>Chefe de N\u00facleo (Substituto)<\/li>\n                                <li class=\"text-capitalize\">assistente em administra\u00e7\u00e3o<\/li>\n            <\/ul>\n        <\/li>\n            <li class=\"my-3\">\n            <strong class='h4 mb-2 text-capitalize'>adriana costa dos santos<\/strong>\n            <ul class=\"list-unstyled\">\n                                <li class=\"text-capitalize\">assistente social<\/li>\n            <\/ul>\n        <\/li>\n        <\/ul>\n            <\/li>\n                    <li class=\"mb-3\">\n                <h5>SECRETARIA ADMINISTRATIVA DA UFSM\/FW<\/h5>\n                                    <ul class=\"list-unstyled\">\n            <li class=\"my-3\">\n            <strong class='h4 mb-2 text-capitalize'>adriana camponogara aires da silva<\/strong>\n            <ul class=\"list-unstyled\">\n                                    <li>Secret\u00e1rio(a)<\/li>\n                                <li class=\"text-capitalize\">secret\u00e1rio executivo<\/li>\n            <\/ul>\n        <\/li>\n        <\/ul>\n            <\/li>\n            <\/ul>\n\t\t<\/div>\n\t\t\t\t<\/div>\n\t\t\t\t\t<\/div>\n\t\t<\/div>\n\t\t\t\t\t<\/div>\n\t\t<\/section>\n\t\t\t\t<\/div>\n\t\t","protected":false},"excerpt":{"rendered":"","protected":false},"author":118,"featured_media":0,"parent":0,"menu_order":0,"comment_status":"closed","ping_status":"closed","template":"","meta":{"footnotes":""},"categories":[],"tags":[],"class_list":["post-1174","page","type-page","status-publish","hentry"],"acf":[],"_links":{"self":[{"href":"https:\/\/www.ufsm.br\/unidades-universitarias\/frederico-westphalen\/wp-json\/wp\/v2\/pages\/1174","targetHints":{"allow":["GET"]}}],"collection":[{"href":"https:\/\/www.ufsm.br\/unidades-universitarias\/frederico-westphalen\/wp-json\/wp\/v2\/pages"}],"about":[{"href":"https:\/\/www.ufsm.br\/unidades-universitarias\/frederico-westphalen\/wp-json\/wp\/v2\/types\/page"}],"author":[{"embeddable":true,"href":"https:\/\/www.ufsm.br\/unidades-universitarias\/frederico-westphalen\/wp-json\/wp\/v2\/users\/118"}],"replies":[{"embeddable":true,"href":"https:\/\/www.ufsm.br\/unidades-universitarias\/frederico-westphalen\/wp-json\/wp\/v2\/comments?post=1174"}],"version-history":[{"count":0,"href":"https:\/\/www.ufsm.br\/unidades-universitarias\/frederico-westphalen\/wp-json\/wp\/v2\/pages\/1174\/revisions"}],"wp:attachment":[{"href":"https:\/\/www.ufsm.br\/unidades-universitarias\/frederico-westphalen\/wp-json\/wp\/v2\/media?parent=1174"}],"wp:term":[{"taxonomy":"category","embeddable":true,"href":"https:\/\/www.ufsm.br\/unidades-universitarias\/frederico-westphalen\/wp-json\/wp\/v2\/categories?post=1174"},{"taxonomy":"post_tag","embeddable":true,"href":"https:\/\/www.ufsm.br\/unidades-universitarias\/frederico-westphalen\/wp-json\/wp\/v2\/tags?post=1174"}],"curies":[{"name":"wp","href":"https:\/\/api.w.org\/{rel}","templated":true}]}}