{"id":12023,"date":"2026-07-23T10:48:13","date_gmt":"2026-07-23T13:48:13","guid":{"rendered":"https:\/\/www.ufsm.br\/unidades-universitarias\/politecnico\/?page_id=12023"},"modified":"2026-08-21T15:42:40","modified_gmt":"2026-08-21T18:42:40","slug":"equipe","status":"publish","type":"page","link":"https:\/\/www.ufsm.br\/unidades-universitarias\/politecnico\/equipe","title":{"rendered":"Equipe"},"content":{"rendered":"\t\t<div data-elementor-type=\"wp-page\" data-elementor-id=\"12023\" class=\"elementor elementor-12023\">\n\t\t\t\t\t\t<section class=\"elementor-section elementor-top-section elementor-element elementor-element-bbae051 elementor-section-boxed elementor-section-height-default elementor-section-height-default\" data-id=\"bbae051\" data-element_type=\"section\">\n\t\t\t\t\t\t<div class=\"elementor-container elementor-column-gap-default\">\n\t\t\t\t\t<div class=\"elementor-column elementor-col-100 elementor-top-column elementor-element elementor-element-a4f8b1c\" data-id=\"a4f8b1c\" data-element_type=\"column\">\n\t\t\t<div class=\"elementor-widget-wrap elementor-element-populated\">\n\t\t\t\t\t\t<div class=\"elementor-element elementor-element-e155536 elementor-widget elementor-widget-wp-widget-ufsm_pessoas_unidade_widget\" data-id=\"e155536\" data-element_type=\"widget\" data-widget_type=\"wp-widget-ufsm_pessoas_unidade_widget.default\">\n\t\t\t\t<div class=\"elementor-widget-container\">\n\t\t\t<div class=\"accordion\" id=\"wp-widget-ufsm_pessoas_unidade_widget-unidades\">\n                <div class=\"accordion-item\">\n                <h2 class=\"accordion-header\" id=\"wp-widget-ufsm_pessoas_unidade_widget-unidades-collapse-heading-0\">\n                    <button class=\"accordion-button collapsed\" type=\"button\" data-bs-toggle=\"collapse\" data-bs-target=\"#wp-widget-ufsm_pessoas_unidade_widget-unidades-collapse-0\" aria-expanded=\"false\" aria-controls=\"wp-widget-ufsm_pessoas_unidade_widget-unidades-collapse-0\">\n                        COL\u00c9GIO POLIT\u00c9CNICO                    <\/button>\n                <\/h2>\n                <div id=\"wp-widget-ufsm_pessoas_unidade_widget-unidades-collapse-0\" class=\"collapse \" aria-labelledby=\"wp-widget-ufsm_pessoas_unidade_widget-unidades-collapse-heading-0\"  data-bs-parent=\"#wp-widget-ufsm_pessoas_unidade_widget-unidades\">\n                                            <div class=\"accordion-body\">    <ul class=\"list-unstyled\">\n            <li class=\"my-3\">\n            <strong class='h4 mb-2 text-capitalize'>marta von ende<\/strong>\n            <ul class=\"list-unstyled\">\n                                    <li>Diretor(a) de Col\u00e9gios<\/li>\n                                <li class=\"text-capitalize\">professor do magist\u00e9rio superior<\/li>\n            <\/ul>\n        <\/li>\n            <li class=\"my-3\">\n            <strong class='h4 mb-2 text-capitalize'>adriele tassinari<\/strong>\n            <ul class=\"list-unstyled\">\n                                <li class=\"text-capitalize\">pessoal volunt\u00e1rio<\/li>\n            <\/ul>\n        <\/li>\n            <li class=\"my-3\">\n            <strong class='h4 mb-2 text-capitalize'>jose nilton silva vargas<\/strong>\n            <ul class=\"list-unstyled\">\n                                <li class=\"text-capitalize\">pessoal volunt\u00e1rio<\/li>\n            <\/ul>\n        <\/li>\n            <li class=\"my-3\">\n            <strong class='h4 mb-2 text-capitalize'>paola daiane welter<\/strong>\n            <ul class=\"list-unstyled\">\n                                <li class=\"text-capitalize\">pessoal volunt\u00e1rio<\/li>\n            <\/ul>\n        <\/li>\n        <\/ul>\n<\/div>\n                                    <\/div>\n            <\/div>\n                <div class=\"accordion-item\">\n                <h2 class=\"accordion-header\" id=\"wp-widget-ufsm_pessoas_unidade_widget-unidades-collapse-heading-1\">\n                    <button class=\"accordion-button collapsed\" type=\"button\" data-bs-toggle=\"collapse\" data-bs-target=\"#wp-widget-ufsm_pessoas_unidade_widget-unidades-collapse-1\" aria-expanded=\"false\" aria-controls=\"wp-widget-ufsm_pessoas_unidade_widget-unidades-collapse-1\">\n                        VICE-DIRE\u00c7\u00c3O DO COL\u00c9GIO POLIT\u00c9CNICO DA UFSM                    <\/button>\n                <\/h2>\n                <div id=\"wp-widget-ufsm_pessoas_unidade_widget-unidades-collapse-1\" class=\"collapse \" aria-labelledby=\"wp-widget-ufsm_pessoas_unidade_widget-unidades-collapse-heading-1\"  data-bs-parent=\"#wp-widget-ufsm_pessoas_unidade_widget-unidades\">\n                                            <div class=\"accordion-body\">    <ul class=\"list-unstyled\">\n            <li class=\"my-3\">\n            <strong class='h4 mb-2 text-capitalize'>moacir bolzan<\/strong>\n            <ul class=\"list-unstyled\">\n                                    <li>Vice-Diretor(a) de Centro<\/li>\n                                <li class=\"text-capitalize\">professor ensino b\u00e1sico, t\u00e9cnico e tecnol\u00f3gico<\/li>\n            <\/ul>\n        <\/li>\n        <\/ul>\n<\/div>\n                                    <\/div>\n            <\/div>\n                <div class=\"accordion-item\">\n                <h2 class=\"accordion-header\" id=\"wp-widget-ufsm_pessoas_unidade_widget-unidades-collapse-heading-2\">\n                    <button class=\"accordion-button collapsed\" type=\"button\" data-bs-toggle=\"collapse\" data-bs-target=\"#wp-widget-ufsm_pessoas_unidade_widget-unidades-collapse-2\" aria-expanded=\"false\" aria-controls=\"wp-widget-ufsm_pessoas_unidade_widget-unidades-collapse-2\">\n                        DEPARTAMENTO DE ENSINO                    <\/button>\n                <\/h2>\n                <div id=\"wp-widget-ufsm_pessoas_unidade_widget-unidades-collapse-2\" class=\"collapse \" aria-labelledby=\"wp-widget-ufsm_pessoas_unidade_widget-unidades-collapse-heading-2\"  data-bs-parent=\"#wp-widget-ufsm_pessoas_unidade_widget-unidades\">\n                                            <div class=\"accordion-body\">    <ul class=\"list-unstyled\">\n            <li class=\"my-3\">\n            <strong class='h4 mb-2 text-capitalize'>dariane trivisiol da silva<\/strong>\n            <ul class=\"list-unstyled\">\n                                <li class=\"text-capitalize\">pessoal volunt\u00e1rio<\/li>\n            <\/ul>\n        <\/li>\n            <li class=\"my-3\">\n            <strong class='h4 mb-2 text-capitalize'>graciele pontes<\/strong>\n            <ul class=\"list-unstyled\">\n                                <li class=\"text-capitalize\">pessoal volunt\u00e1rio<\/li>\n            <\/ul>\n        <\/li>\n            <li class=\"my-3\">\n            <strong class='h4 mb-2 text-capitalize'>let\u00edcia machado da costa<\/strong>\n            <ul class=\"list-unstyled\">\n                                <li class=\"text-capitalize\">pessoal volunt\u00e1rio<\/li>\n            <\/ul>\n        <\/li>\n            <li class=\"my-3\">\n            <strong class='h4 mb-2 text-capitalize'>marcia dal bem cherobini<\/strong>\n            <ul class=\"list-unstyled\">\n                                <li class=\"text-capitalize\">pessoal volunt\u00e1rio<\/li>\n            <\/ul>\n        <\/li>\n        <\/ul>\n<\/div>\n                                    <\/div>\n            <\/div>\n                <div class=\"accordion-item\">\n                <h2 class=\"accordion-header\" id=\"wp-widget-ufsm_pessoas_unidade_widget-unidades-collapse-heading-3\">\n                    <button class=\"accordion-button collapsed\" type=\"button\" data-bs-toggle=\"collapse\" data-bs-target=\"#wp-widget-ufsm_pessoas_unidade_widget-unidades-collapse-3\" aria-expanded=\"false\" aria-controls=\"wp-widget-ufsm_pessoas_unidade_widget-unidades-collapse-3\">\n                        CURSO PG-MESTRADO PROFISSIONAL EM AGRICULTURA DE PRECIS\u00c3O                    <\/button>\n                <\/h2>\n                <div id=\"wp-widget-ufsm_pessoas_unidade_widget-unidades-collapse-3\" class=\"collapse \" aria-labelledby=\"wp-widget-ufsm_pessoas_unidade_widget-unidades-collapse-heading-3\"  data-bs-parent=\"#wp-widget-ufsm_pessoas_unidade_widget-unidades\">\n                                            <div class=\"accordion-body\">    <ul class=\"list-unstyled\">\n            <li class=\"my-3\">\n            <strong class='h4 mb-2 text-capitalize'>telmo jorge carneiro amado<\/strong>\n            <ul class=\"list-unstyled\">\n                                    <li>Coordenador(a) de Curso<\/li>\n                                <li class=\"text-capitalize\">professor do magist\u00e9rio superior<\/li>\n            <\/ul>\n        <\/li>\n        <\/ul>\n<\/div>\n                                    <\/div>\n            <\/div>\n                <div class=\"accordion-item\">\n                <h2 class=\"accordion-header\" id=\"wp-widget-ufsm_pessoas_unidade_widget-unidades-collapse-heading-4\">\n                    <button class=\"accordion-button collapsed\" type=\"button\" data-bs-toggle=\"collapse\" data-bs-target=\"#wp-widget-ufsm_pessoas_unidade_widget-unidades-collapse-4\" aria-expanded=\"false\" aria-controls=\"wp-widget-ufsm_pessoas_unidade_widget-unidades-collapse-4\">\n                        SECRETARIA ADMINISTRATIVA DO POLI                    <\/button>\n                <\/h2>\n                <div id=\"wp-widget-ufsm_pessoas_unidade_widget-unidades-collapse-4\" class=\"collapse \" aria-labelledby=\"wp-widget-ufsm_pessoas_unidade_widget-unidades-collapse-heading-4\"  data-bs-parent=\"#wp-widget-ufsm_pessoas_unidade_widget-unidades\">\n                                            <div class=\"accordion-body\">    <ul class=\"list-unstyled\">\n            <li class=\"my-3\">\n            <strong class='h4 mb-2 text-capitalize'>eliani marisa durand ferreira<\/strong>\n            <ul class=\"list-unstyled\">\n                                    <li>Secret\u00e1rio(a)<\/li>\n                                <li class=\"text-capitalize\">assistente em administra\u00e7\u00e3o<\/li>\n            <\/ul>\n        <\/li>\n            <li class=\"my-3\">\n            <strong class='h4 mb-2 text-capitalize'>ana am\u00e9lia moura zwicker<\/strong>\n            <ul class=\"list-unstyled\">\n                                    <li>Secret\u00e1rio(a) (Substituto)<\/li>\n                                <li class=\"text-capitalize\">administrador<\/li>\n            <\/ul>\n        <\/li>\n            <li class=\"my-3\">\n            <strong class='h4 mb-2 text-capitalize'>denise castiel gonzales<\/strong>\n            <ul class=\"list-unstyled\">\n                                <li class=\"text-capitalize\">secret\u00e1rio executivo<\/li>\n            <\/ul>\n        <\/li>\n            <li class=\"my-3\">\n            <strong class='h4 mb-2 text-capitalize'>livia regina rocha retamoso<\/strong>\n            <ul class=\"list-unstyled\">\n                                <li class=\"text-capitalize\">arquivista<\/li>\n            <\/ul>\n        <\/li>\n            <li class=\"my-3\">\n            <strong class='h4 mb-2 text-capitalize'>marcia teresinha feron<\/strong>\n            <ul class=\"list-unstyled\">\n                                <li class=\"text-capitalize\">arquivista<\/li>\n            <\/ul>\n        <\/li>\n        <\/ul>\n<\/div>\n                                    <\/div>\n            <\/div>\n                <div class=\"accordion-item\">\n                <h2 class=\"accordion-header\" id=\"wp-widget-ufsm_pessoas_unidade_widget-unidades-collapse-heading-5\">\n                    <button class=\"accordion-button collapsed\" type=\"button\" data-bs-toggle=\"collapse\" data-bs-target=\"#wp-widget-ufsm_pessoas_unidade_widget-unidades-collapse-5\" aria-expanded=\"false\" aria-controls=\"wp-widget-ufsm_pessoas_unidade_widget-unidades-collapse-5\">\n                        SETOR DE COOPERATIVA-ESCOLA DOS ESTUDANTES DO POLI                    <\/button>\n                <\/h2>\n                <div id=\"wp-widget-ufsm_pessoas_unidade_widget-unidades-collapse-5\" class=\"collapse \" aria-labelledby=\"wp-widget-ufsm_pessoas_unidade_widget-unidades-collapse-heading-5\"  data-bs-parent=\"#wp-widget-ufsm_pessoas_unidade_widget-unidades\">\n                                            <div class=\"accordion-body\">    <ul class=\"list-unstyled\">\n            <li class=\"my-3\">\n            <strong class='h4 mb-2 text-capitalize'>vitor kochhann reisdorfer<\/strong>\n            <ul class=\"list-unstyled\">\n                                    <li>Chefe Setor<\/li>\n                                <li class=\"text-capitalize\">professor do magist\u00e9rio superior<\/li>\n            <\/ul>\n        <\/li>\n            <li class=\"my-3\">\n            <strong class='h4 mb-2 text-capitalize'>daniel mundim porto pena<\/strong>\n            <ul class=\"list-unstyled\">\n                                <li class=\"text-capitalize\">assistente em administra\u00e7\u00e3o<\/li>\n            <\/ul>\n        <\/li>\n        <\/ul>\n<\/div>\n                                    <\/div>\n            <\/div>\n                <div class=\"accordion-item\">\n                <h2 class=\"accordion-header\" id=\"wp-widget-ufsm_pessoas_unidade_widget-unidades-collapse-heading-6\">\n                    <button class=\"accordion-button collapsed\" type=\"button\" data-bs-toggle=\"collapse\" data-bs-target=\"#wp-widget-ufsm_pessoas_unidade_widget-unidades-collapse-6\" aria-expanded=\"false\" aria-controls=\"wp-widget-ufsm_pessoas_unidade_widget-unidades-collapse-6\">\n                        DIVIS\u00c3O DE COMUNICA\u00c7\u00c3O DO POLI                    <\/button>\n                <\/h2>\n                <div id=\"wp-widget-ufsm_pessoas_unidade_widget-unidades-collapse-6\" class=\"collapse \" aria-labelledby=\"wp-widget-ufsm_pessoas_unidade_widget-unidades-collapse-heading-6\"  data-bs-parent=\"#wp-widget-ufsm_pessoas_unidade_widget-unidades\">\n                                            <div class=\"accordion-body\">    <ul class=\"list-unstyled\">\n            <li class=\"my-3\">\n            <strong class='h4 mb-2 text-capitalize'>raphael waechter simon<\/strong>\n            <ul class=\"list-unstyled\">\n                                    <li>Diretor(a) de Divis\u00e3o<\/li>\n                                <li class=\"text-capitalize\">assistente em administra\u00e7\u00e3o<\/li>\n            <\/ul>\n        <\/li>\n            <li class=\"my-3\">\n            <strong class='h4 mb-2 text-capitalize'>christian de aguiar macedo<\/strong>\n            <ul class=\"list-unstyled\">\n                                    <li>Diretor(a) de Divis\u00e3o (Substituto)<\/li>\n                                <li class=\"text-capitalize\">t\u00e9cnico em microfilmagem<\/li>\n            <\/ul>\n        <\/li>\n        <\/ul>\n<\/div>\n                                    <\/div>\n            <\/div>\n                <div class=\"accordion-item\">\n                <h2 class=\"accordion-header\" id=\"wp-widget-ufsm_pessoas_unidade_widget-unidades-collapse-heading-7\">\n                    <button class=\"accordion-button collapsed\" type=\"button\" data-bs-toggle=\"collapse\" data-bs-target=\"#wp-widget-ufsm_pessoas_unidade_widget-unidades-collapse-7\" aria-expanded=\"false\" aria-controls=\"wp-widget-ufsm_pessoas_unidade_widget-unidades-collapse-7\">\n                        BIBLIOTECA SETORIAL DO POLI                    <\/button>\n                <\/h2>\n                <div id=\"wp-widget-ufsm_pessoas_unidade_widget-unidades-collapse-7\" class=\"collapse \" aria-labelledby=\"wp-widget-ufsm_pessoas_unidade_widget-unidades-collapse-heading-7\"  data-bs-parent=\"#wp-widget-ufsm_pessoas_unidade_widget-unidades\">\n                                            <div class=\"accordion-body\">    <ul class=\"list-unstyled\">\n            <li class=\"my-3\">\n            <strong class='h4 mb-2 text-capitalize'>daniel andr\u00e9 rigo guirra<\/strong>\n            <ul class=\"list-unstyled\">\n                                    <li>Chefe da Biblioteca Setorial<\/li>\n                                <li class=\"text-capitalize\">bibliotec\u00e1rio-documentalista<\/li>\n            <\/ul>\n        <\/li>\n            <li class=\"my-3\">\n            <strong class='h4 mb-2 text-capitalize'>janice moser corr\u00eaa<\/strong>\n            <ul class=\"list-unstyled\">\n                                    <li>Chefe da Biblioteca Setorial (Substituto)<\/li>\n                                <li class=\"text-capitalize\">bibliotec\u00e1rio-documentalista<\/li>\n            <\/ul>\n        <\/li>\n        <\/ul>\n<\/div>\n                                    <\/div>\n            <\/div>\n                <div class=\"accordion-item\">\n                <h2 class=\"accordion-header\" id=\"wp-widget-ufsm_pessoas_unidade_widget-unidades-collapse-heading-8\">\n                    <button class=\"accordion-button collapsed\" type=\"button\" data-bs-toggle=\"collapse\" data-bs-target=\"#wp-widget-ufsm_pessoas_unidade_widget-unidades-collapse-8\" aria-expanded=\"false\" aria-controls=\"wp-widget-ufsm_pessoas_unidade_widget-unidades-collapse-8\">\n                        COORDENADORIA DE ENSINO DO POLI                    <\/button>\n                <\/h2>\n                <div id=\"wp-widget-ufsm_pessoas_unidade_widget-unidades-collapse-8\" class=\"collapse \" aria-labelledby=\"wp-widget-ufsm_pessoas_unidade_widget-unidades-collapse-heading-8\"  data-bs-parent=\"#wp-widget-ufsm_pessoas_unidade_widget-unidades\">\n                                            <div class=\"accordion-body\">    <ul class=\"list-unstyled\">\n            <li class=\"my-3\">\n            <strong class='h4 mb-2 text-capitalize'>patr\u00edcia franck pichler<\/strong>\n            <ul class=\"list-unstyled\">\n                                    <li>Coordenador(a) Acad\u00eamico(a)<\/li>\n                                <li class=\"text-capitalize\">professor do magist\u00e9rio superior<\/li>\n            <\/ul>\n        <\/li>\n            <li class=\"my-3\">\n            <strong class='h4 mb-2 text-capitalize'>ad\u00e3o leonel mello corcini<\/strong>\n            <ul class=\"list-unstyled\">\n                                <li class=\"text-capitalize\">professor ensino b\u00e1sico, t\u00e9cnico e tecnol\u00f3gico<\/li>\n            <\/ul>\n        <\/li>\n            <li class=\"my-3\">\n            <strong class='h4 mb-2 text-capitalize'>alejandro javier lezcano schwarzkopf<\/strong>\n            <ul class=\"list-unstyled\">\n                                <li class=\"text-capitalize\">professor ensino b\u00e1sico, t\u00e9cnico e tecnol\u00f3gico<\/li>\n            <\/ul>\n        <\/li>\n            <li class=\"my-3\">\n            <strong class='h4 mb-2 text-capitalize'>alencar machado<\/strong>\n            <ul class=\"list-unstyled\">\n                                <li class=\"text-capitalize\">professor do magist\u00e9rio superior<\/li>\n            <\/ul>\n        <\/li>\n            <li class=\"my-3\">\n            <strong class='h4 mb-2 text-capitalize'>alex fabiano giuliani<\/strong>\n            <ul class=\"list-unstyled\">\n                                <li class=\"text-capitalize\">pessoal volunt\u00e1rio<\/li>\n            <\/ul>\n        <\/li>\n            <li class=\"my-3\">\n            <strong class='h4 mb-2 text-capitalize'>alexandre alberto tonin<\/strong>\n            <ul class=\"list-unstyled\">\n                                <li class=\"text-capitalize\">professor ensino b\u00e1sico, t\u00e9cnico e tecnol\u00f3gico<\/li>\n            <\/ul>\n        <\/li>\n            <li class=\"my-3\">\n            <strong class='h4 mb-2 text-capitalize'>ana caroline paim benedetti<\/strong>\n            <ul class=\"list-unstyled\">\n                                <li class=\"text-capitalize\">professor do magist\u00e9rio superior<\/li>\n            <\/ul>\n        <\/li>\n            <li class=\"my-3\">\n            <strong class='h4 mb-2 text-capitalize'>ana paula daniel<\/strong>\n            <ul class=\"list-unstyled\">\n                                <li class=\"text-capitalize\">professor ensino b\u00e1sico, t\u00e9cnico e tecnol\u00f3gico<\/li>\n            <\/ul>\n        <\/li>\n            <li class=\"my-3\">\n            <strong class='h4 mb-2 text-capitalize'>andre mullich<\/strong>\n            <ul class=\"list-unstyled\">\n                                <li class=\"text-capitalize\">pessoal volunt\u00e1rio<\/li>\n            <\/ul>\n        <\/li>\n            <li class=\"my-3\">\n            <strong class='h4 mb-2 text-capitalize'>andreisi carbone anversa<\/strong>\n            <ul class=\"list-unstyled\">\n                                <li class=\"text-capitalize\">professor ensino b\u00e1sico, t\u00e9cnico e tecnol\u00f3gico<\/li>\n            <\/ul>\n        <\/li>\n            <li class=\"my-3\">\n            <strong class='h4 mb-2 text-capitalize'>angelita freitas da silva<\/strong>\n            <ul class=\"list-unstyled\">\n                                <li class=\"text-capitalize\">professor ensino b\u00e1sico, t\u00e9cnico e tecnol\u00f3gico<\/li>\n            <\/ul>\n        <\/li>\n            <li class=\"my-3\">\n            <strong class='h4 mb-2 text-capitalize'>antoninho joao pegoraro<\/strong>\n            <ul class=\"list-unstyled\">\n                                <li class=\"text-capitalize\">professor ensino b\u00e1sico, t\u00e9cnico e tecnol\u00f3gico<\/li>\n            <\/ul>\n        <\/li>\n            <li class=\"my-3\">\n            <strong class='h4 mb-2 text-capitalize'>ariele priebe reisdorfer<\/strong>\n            <ul class=\"list-unstyled\">\n                                <li class=\"text-capitalize\">professor ensino b\u00e1sico, t\u00e9cnico e tecnol\u00f3gico<\/li>\n            <\/ul>\n        <\/li>\n            <li class=\"my-3\">\n            <strong class='h4 mb-2 text-capitalize'>berenice santini<\/strong>\n            <ul class=\"list-unstyled\">\n                                <li class=\"text-capitalize\">professor ensino b\u00e1sico, t\u00e9cnico e tecnol\u00f3gico<\/li>\n            <\/ul>\n        <\/li>\n            <li class=\"my-3\">\n            <strong class='h4 mb-2 text-capitalize'>bianca costa revers<\/strong>\n            <ul class=\"list-unstyled\">\n                                <li class=\"text-capitalize\">pessoal volunt\u00e1rio<\/li>\n            <\/ul>\n        <\/li>\n            <li class=\"my-3\">\n            <strong class='h4 mb-2 text-capitalize'>bibiana regina argenta vidrano<\/strong>\n            <ul class=\"list-unstyled\">\n                                <li class=\"text-capitalize\">assistente em administra\u00e7\u00e3o<\/li>\n            <\/ul>\n        <\/li>\n            <li class=\"my-3\">\n            <strong class='h4 mb-2 text-capitalize'>bruno augusti mozzaquatro<\/strong>\n            <ul class=\"list-unstyled\">\n                                <li class=\"text-capitalize\">professor ensino b\u00e1sico, t\u00e9cnico e tecnol\u00f3gico<\/li>\n            <\/ul>\n        <\/li>\n            <li class=\"my-3\">\n            <strong class='h4 mb-2 text-capitalize'>bruno milani<\/strong>\n            <ul class=\"list-unstyled\">\n                                <li class=\"text-capitalize\">professor ensino b\u00e1sico, t\u00e9cnico e tecnol\u00f3gico<\/li>\n            <\/ul>\n        <\/li>\n            <li class=\"my-3\">\n            <strong class='h4 mb-2 text-capitalize'>caren da silva jacobi<\/strong>\n            <ul class=\"list-unstyled\">\n                                <li class=\"text-capitalize\">professor ensino b\u00e1sico, t\u00e9cnico e tecnol\u00f3gico<\/li>\n            <\/ul>\n        <\/li>\n            <li class=\"my-3\">\n            <strong class='h4 mb-2 text-capitalize'>caren fabiana alves<\/strong>\n            <ul class=\"list-unstyled\">\n                                <li class=\"text-capitalize\">pessoal volunt\u00e1rio<\/li>\n            <\/ul>\n        <\/li>\n            <li class=\"my-3\">\n            <strong class='h4 mb-2 text-capitalize'>carin vieira weiss<\/strong>\n            <ul class=\"list-unstyled\">\n                                <li class=\"text-capitalize\">pessoal volunt\u00e1rio<\/li>\n            <\/ul>\n        <\/li>\n            <li class=\"my-3\">\n            <strong class='h4 mb-2 text-capitalize'>carina marchezan<\/strong>\n            <ul class=\"list-unstyled\">\n                                <li class=\"text-capitalize\">pessoal volunt\u00e1rio<\/li>\n            <\/ul>\n        <\/li>\n            <li class=\"my-3\">\n            <strong class='h4 mb-2 text-capitalize'>carla rosane da costa sccott<\/strong>\n            <ul class=\"list-unstyled\">\n                                <li class=\"text-capitalize\">professor do magist\u00e9rio superior<\/li>\n            <\/ul>\n        <\/li>\n            <li class=\"my-3\">\n            <strong class='h4 mb-2 text-capitalize'>caroline moletta cides<\/strong>\n            <ul class=\"list-unstyled\">\n                                <li class=\"text-capitalize\">pessoal volunt\u00e1rio<\/li>\n            <\/ul>\n        <\/li>\n            <li class=\"my-3\">\n            <strong class='h4 mb-2 text-capitalize'>christian bredemeier<\/strong>\n            <ul class=\"list-unstyled\">\n                                <li class=\"text-capitalize\">docente de outra ies<\/li>\n            <\/ul>\n        <\/li>\n            <li class=\"my-3\">\n            <strong class='h4 mb-2 text-capitalize'>cindy menezes silva<\/strong>\n            <ul class=\"list-unstyled\">\n                                <li class=\"text-capitalize\">professor ensino b\u00e1sico, t\u00e9cnico e tecnol\u00f3gico<\/li>\n            <\/ul>\n        <\/li>\n            <li class=\"my-3\">\n            <strong class='h4 mb-2 text-capitalize'>claire delfini viana cardoso<\/strong>\n            <ul class=\"list-unstyled\">\n                                <li class=\"text-capitalize\">professor do magist\u00e9rio superior<\/li>\n            <\/ul>\n        <\/li>\n            <li class=\"my-3\">\n            <strong class='h4 mb-2 text-capitalize'>claudia janete lamberty p\u00f4rto<\/strong>\n            <ul class=\"list-unstyled\">\n                                <li class=\"text-capitalize\">professor ensino b\u00e1sico, t\u00e9cnico e tecnol\u00f3gico<\/li>\n            <\/ul>\n        <\/li>\n            <li class=\"my-3\">\n            <strong class='h4 mb-2 text-capitalize'>cl\u00e1udia let\u00edcia de castro do amaral<\/strong>\n            <ul class=\"list-unstyled\">\n                                <li class=\"text-capitalize\">professor ensino b\u00e1sico, t\u00e9cnico e tecnol\u00f3gico<\/li>\n            <\/ul>\n        <\/li>\n            <li class=\"my-3\">\n            <strong class='h4 mb-2 text-capitalize'>claudio renato schlessner kelling<\/strong>\n            <ul class=\"list-unstyled\">\n                                <li class=\"text-capitalize\">professor ensino b\u00e1sico, t\u00e9cnico e tecnol\u00f3gico<\/li>\n            <\/ul>\n        <\/li>\n            <li class=\"my-3\">\n            <strong class='h4 mb-2 text-capitalize'>cleci lourdes schmidt piovesan<\/strong>\n            <ul class=\"list-unstyled\">\n                                <li class=\"text-capitalize\">professor ensino b\u00e1sico, t\u00e9cnico e tecnol\u00f3gico - substituto<\/li>\n            <\/ul>\n        <\/li>\n            <li class=\"my-3\">\n            <strong class='h4 mb-2 text-capitalize'>cristiane trivisiol arnemann<\/strong>\n            <ul class=\"list-unstyled\">\n                                <li class=\"text-capitalize\">professor ensino b\u00e1sico, t\u00e9cnico e tecnol\u00f3gico<\/li>\n            <\/ul>\n        <\/li>\n            <li class=\"my-3\">\n            <strong class='h4 mb-2 text-capitalize'>daniel lichtnow<\/strong>\n            <ul class=\"list-unstyled\">\n                                <li class=\"text-capitalize\">professor do magist\u00e9rio superior<\/li>\n            <\/ul>\n        <\/li>\n            <li class=\"my-3\">\n            <strong class='h4 mb-2 text-capitalize'>danize aparecida rizzetti<\/strong>\n            <ul class=\"list-unstyled\">\n                                <li class=\"text-capitalize\">professor ensino b\u00e1sico, t\u00e9cnico e tecnol\u00f3gico<\/li>\n            <\/ul>\n        <\/li>\n            <li class=\"my-3\">\n            <strong class='h4 mb-2 text-capitalize'>denise medianeira mariotti fernandes<\/strong>\n            <ul class=\"list-unstyled\">\n                                <li class=\"text-capitalize\">professor do magist\u00e9rio superior<\/li>\n            <\/ul>\n        <\/li>\n            <li class=\"my-3\">\n            <strong class='h4 mb-2 text-capitalize'>diana bertani giotto<\/strong>\n            <ul class=\"list-unstyled\">\n                                <li class=\"text-capitalize\">professor ensino b\u00e1sico, t\u00e9cnico e tecnol\u00f3gico<\/li>\n            <\/ul>\n        <\/li>\n            <li class=\"my-3\">\n            <strong class='h4 mb-2 text-capitalize'>diniz fronza<\/strong>\n            <ul class=\"list-unstyled\">\n                                <li class=\"text-capitalize\">professor ensino b\u00e1sico, t\u00e9cnico e tecnol\u00f3gico<\/li>\n            <\/ul>\n        <\/li>\n            <li class=\"my-3\">\n            <strong class='h4 mb-2 text-capitalize'>diogo belmonte lippert<\/strong>\n            <ul class=\"list-unstyled\">\n                                <li class=\"text-capitalize\">professor do magist\u00e9rio superior<\/li>\n            <\/ul>\n        <\/li>\n            <li class=\"my-3\">\n            <strong class='h4 mb-2 text-capitalize'>edgardo gustavo fernandez<\/strong>\n            <ul class=\"list-unstyled\">\n                                <li class=\"text-capitalize\">professor ensino b\u00e1sico, t\u00e9cnico e tecnol\u00f3gico<\/li>\n            <\/ul>\n        <\/li>\n            <li class=\"my-3\">\n            <strong class='h4 mb-2 text-capitalize'>eduardo casagrande stabel<\/strong>\n            <ul class=\"list-unstyled\">\n                                <li class=\"text-capitalize\">professor do magist\u00e9rio superior<\/li>\n            <\/ul>\n        <\/li>\n            <li class=\"my-3\">\n            <strong class='h4 mb-2 text-capitalize'>eliane quincozes porto<\/strong>\n            <ul class=\"list-unstyled\">\n                                <li class=\"text-capitalize\">professor ensino b\u00e1sico, t\u00e9cnico e tecnol\u00f3gico<\/li>\n            <\/ul>\n        <\/li>\n            <li class=\"my-3\">\n            <strong class='h4 mb-2 text-capitalize'>ezequiel redin<\/strong>\n            <ul class=\"list-unstyled\">\n                                <li class=\"text-capitalize\">professor do magist\u00e9rio superior<\/li>\n            <\/ul>\n        <\/li>\n            <li class=\"my-3\">\n            <strong class='h4 mb-2 text-capitalize'>fabiana leticia pereira alves stecca<\/strong>\n            <ul class=\"list-unstyled\">\n                                <li class=\"text-capitalize\">professor ensino b\u00e1sico, t\u00e9cnico e tecnol\u00f3gico<\/li>\n            <\/ul>\n        <\/li>\n            <li class=\"my-3\">\n            <strong class='h4 mb-2 text-capitalize'>fabio jose parreira<\/strong>\n            <ul class=\"list-unstyled\">\n                                <li class=\"text-capitalize\">professor do magist\u00e9rio superior<\/li>\n            <\/ul>\n        <\/li>\n            <li class=\"my-3\">\n            <strong class='h4 mb-2 text-capitalize'>fabr\u00edcio fernando halberstadt<\/strong>\n            <ul class=\"list-unstyled\">\n                                <li class=\"text-capitalize\">professor ensino b\u00e1sico, t\u00e9cnico e tecnol\u00f3gico<\/li>\n            <\/ul>\n        <\/li>\n            <li class=\"my-3\">\n            <strong class='h4 mb-2 text-capitalize'>fernanda reis favarin<\/strong>\n            <ul class=\"list-unstyled\">\n                                <li class=\"text-capitalize\">professor do magist\u00e9rio superior<\/li>\n            <\/ul>\n        <\/li>\n            <li class=\"my-3\">\n            <strong class='h4 mb-2 text-capitalize'>fernanda rodrigues goulart ferrigolo<\/strong>\n            <ul class=\"list-unstyled\">\n                                <li class=\"text-capitalize\">professor do magist\u00e9rio superior<\/li>\n            <\/ul>\n        <\/li>\n            <li class=\"my-3\">\n            <strong class='h4 mb-2 text-capitalize'>franciele antonia neis<\/strong>\n            <ul class=\"list-unstyled\">\n                                <li class=\"text-capitalize\">professor do magist\u00e9rio superior<\/li>\n            <\/ul>\n        <\/li>\n            <li class=\"my-3\">\n            <strong class='h4 mb-2 text-capitalize'>franciele francisca marmentini rovani<\/strong>\n            <ul class=\"list-unstyled\">\n                                <li class=\"text-capitalize\">professor do magist\u00e9rio superior<\/li>\n            <\/ul>\n        <\/li>\n            <li class=\"my-3\">\n            <strong class='h4 mb-2 text-capitalize'>francine casarin<\/strong>\n            <ul class=\"list-unstyled\">\n                                <li class=\"text-capitalize\">pessoal volunt\u00e1rio<\/li>\n            <\/ul>\n        <\/li>\n            <li class=\"my-3\">\n            <strong class='h4 mb-2 text-capitalize'>greice machado pieszak<\/strong>\n            <ul class=\"list-unstyled\">\n                                <li class=\"text-capitalize\">professor ensino b\u00e1sico, t\u00e9cnico e tecnol\u00f3gico<\/li>\n            <\/ul>\n        <\/li>\n            <li class=\"my-3\">\n            <strong class='h4 mb-2 text-capitalize'>gustavo pinto da silva<\/strong>\n            <ul class=\"list-unstyled\">\n                                <li class=\"text-capitalize\">professor ensino b\u00e1sico, t\u00e9cnico e tecnol\u00f3gico<\/li>\n            <\/ul>\n        <\/li>\n            <li class=\"my-3\">\n            <strong class='h4 mb-2 text-capitalize'>isis samara ruschel pasquali<\/strong>\n            <ul class=\"list-unstyled\">\n                                <li class=\"text-capitalize\">professor ensino b\u00e1sico, t\u00e9cnico e tecnol\u00f3gico<\/li>\n            <\/ul>\n        <\/li>\n            <li class=\"my-3\">\n            <strong class='h4 mb-2 text-capitalize'>ivan carlos maldaner<\/strong>\n            <ul class=\"list-unstyled\">\n                                <li class=\"text-capitalize\">professor ensino b\u00e1sico, t\u00e9cnico e tecnol\u00f3gico<\/li>\n            <\/ul>\n        <\/li>\n            <li class=\"my-3\">\n            <strong class='h4 mb-2 text-capitalize'>izabel cristina freitas dos santos<\/strong>\n            <ul class=\"list-unstyled\">\n                                <li class=\"text-capitalize\">professor ensino b\u00e1sico, t\u00e9cnico e tecnol\u00f3gico<\/li>\n            <\/ul>\n        <\/li>\n            <li class=\"my-3\">\n            <strong class='h4 mb-2 text-capitalize'>jaime peixoto stecca<\/strong>\n            <ul class=\"list-unstyled\">\n                                <li class=\"text-capitalize\">professor ensino b\u00e1sico, t\u00e9cnico e tecnol\u00f3gico<\/li>\n            <\/ul>\n        <\/li>\n            <li class=\"my-3\">\n            <strong class='h4 mb-2 text-capitalize'>joao telmo de oliveira filho<\/strong>\n            <ul class=\"list-unstyled\">\n                                <li class=\"text-capitalize\">professor do magist\u00e9rio superior<\/li>\n            <\/ul>\n        <\/li>\n            <li class=\"my-3\">\n            <strong class='h4 mb-2 text-capitalize'>jocimar caiafa milagre<\/strong>\n            <ul class=\"list-unstyled\">\n                                <li class=\"text-capitalize\">pessoal volunt\u00e1rio<\/li>\n            <\/ul>\n        <\/li>\n            <li class=\"my-3\">\n            <strong class='h4 mb-2 text-capitalize'>johny barr\u00eato alves<\/strong>\n            <ul class=\"list-unstyled\">\n                                <li class=\"text-capitalize\">assistente em administra\u00e7\u00e3o<\/li>\n            <\/ul>\n        <\/li>\n            <li class=\"my-3\">\n            <strong class='h4 mb-2 text-capitalize'>jose cardoso sobrinho<\/strong>\n            <ul class=\"list-unstyled\">\n                                <li class=\"text-capitalize\">professor do magist\u00e9rio superior<\/li>\n            <\/ul>\n        <\/li>\n            <li class=\"my-3\">\n            <strong class='h4 mb-2 text-capitalize'>kelly cristini granzotto werner<\/strong>\n            <ul class=\"list-unstyled\">\n                                <li class=\"text-capitalize\">professor ensino b\u00e1sico, t\u00e9cnico e tecnol\u00f3gico<\/li>\n            <\/ul>\n        <\/li>\n            <li class=\"my-3\">\n            <strong class='h4 mb-2 text-capitalize'>larissa quinto pereira<\/strong>\n            <ul class=\"list-unstyled\">\n                                <li class=\"text-capitalize\">professor ensino b\u00e1sico, t\u00e9cnico e tecnol\u00f3gico<\/li>\n            <\/ul>\n        <\/li>\n            <li class=\"my-3\">\n            <strong class='h4 mb-2 text-capitalize'>laura ferreira cortes<\/strong>\n            <ul class=\"list-unstyled\">\n                                <li class=\"text-capitalize\">professor ensino b\u00e1sico, t\u00e9cnico e tecnol\u00f3gico<\/li>\n            <\/ul>\n        <\/li>\n            <li class=\"my-3\">\n            <strong class='h4 mb-2 text-capitalize'>leandro oliveira freitas<\/strong>\n            <ul class=\"list-unstyled\">\n                                <li class=\"text-capitalize\">professor do magist\u00e9rio superior<\/li>\n            <\/ul>\n        <\/li>\n            <li class=\"my-3\">\n            <strong class='h4 mb-2 text-capitalize'>leonardo da rocha botega<\/strong>\n            <ul class=\"list-unstyled\">\n                                <li class=\"text-capitalize\">professor ensino b\u00e1sico, t\u00e9cnico e tecnol\u00f3gico<\/li>\n            <\/ul>\n        <\/li>\n            <li class=\"my-3\">\n            <strong class='h4 mb-2 text-capitalize'>liana nolibos rodrigues<\/strong>\n            <ul class=\"list-unstyled\">\n                                <li class=\"text-capitalize\">pessoal volunt\u00e1rio<\/li>\n            <\/ul>\n        <\/li>\n            <li class=\"my-3\">\n            <strong class='h4 mb-2 text-capitalize'>lidiana batista teixeira dutra silveira<\/strong>\n            <ul class=\"list-unstyled\">\n                                <li class=\"text-capitalize\">professor ensino b\u00e1sico, t\u00e9cnico e tecnol\u00f3gico - substituto<\/li>\n            <\/ul>\n        <\/li>\n            <li class=\"my-3\">\n            <strong class='h4 mb-2 text-capitalize'>lizandro carlos calegari<\/strong>\n            <ul class=\"list-unstyled\">\n                                <li class=\"text-capitalize\">professor ensino b\u00e1sico, t\u00e9cnico e tecnol\u00f3gico<\/li>\n            <\/ul>\n        <\/li>\n            <li class=\"my-3\">\n            <strong class='h4 mb-2 text-capitalize'>luciane dittgen miritz<\/strong>\n            <ul class=\"list-unstyled\">\n                                <li class=\"text-capitalize\">professor do magist\u00e9rio superior<\/li>\n            <\/ul>\n        <\/li>\n            <li class=\"my-3\">\n            <strong class='h4 mb-2 text-capitalize'>luciano gebler<\/strong>\n            <ul class=\"list-unstyled\">\n                                <li class=\"text-capitalize\">pessoal volunt\u00e1rio<\/li>\n            <\/ul>\n        <\/li>\n            <li class=\"my-3\">\n            <strong class='h4 mb-2 text-capitalize'>luiz felipe diaz de carvalho<\/strong>\n            <ul class=\"list-unstyled\">\n                                <li class=\"text-capitalize\">professor do magist\u00e9rio superior<\/li>\n            <\/ul>\n        <\/li>\n            <li class=\"my-3\">\n            <strong class='h4 mb-2 text-capitalize'>luiz felipe silveira pav\u00e3o<\/strong>\n            <ul class=\"list-unstyled\">\n                                <li class=\"text-capitalize\">pessoal volunt\u00e1rio<\/li>\n            <\/ul>\n        <\/li>\n            <li class=\"my-3\">\n            <strong class='h4 mb-2 text-capitalize'>marcelo antonio rodrigues<\/strong>\n            <ul class=\"list-unstyled\">\n                                <li class=\"text-capitalize\">professor ensino b\u00e1sico, t\u00e9cnico e tecnol\u00f3gico<\/li>\n            <\/ul>\n        <\/li>\n            <li class=\"my-3\">\n            <strong class='h4 mb-2 text-capitalize'>marcelo ribeiro primeira<\/strong>\n            <ul class=\"list-unstyled\">\n                                <li class=\"text-capitalize\">professor ensino b\u00e1sico, t\u00e9cnico e tecnol\u00f3gico - substituto<\/li>\n            <\/ul>\n        <\/li>\n            <li class=\"my-3\">\n            <strong class='h4 mb-2 text-capitalize'>marcelo silveira de farias<\/strong>\n            <ul class=\"list-unstyled\">\n                                <li class=\"text-capitalize\">professor do magist\u00e9rio superior<\/li>\n            <\/ul>\n        <\/li>\n            <li class=\"my-3\">\n            <strong class='h4 mb-2 text-capitalize'>marcia helena dos santos bento<\/strong>\n            <ul class=\"list-unstyled\">\n                                <li class=\"text-capitalize\">professor ensino b\u00e1sico, t\u00e9cnico e tecnol\u00f3gico<\/li>\n            <\/ul>\n        <\/li>\n            <li class=\"my-3\">\n            <strong class='h4 mb-2 text-capitalize'>marcia just do nascimento<\/strong>\n            <ul class=\"list-unstyled\">\n                                <li class=\"text-capitalize\">professor ensino b\u00e1sico, t\u00e9cnico e tecnol\u00f3gico<\/li>\n            <\/ul>\n        <\/li>\n            <li class=\"my-3\">\n            <strong class='h4 mb-2 text-capitalize'>marcia lenir gerhardt<\/strong>\n            <ul class=\"list-unstyled\">\n                                <li class=\"text-capitalize\">professor ensino b\u00e1sico, t\u00e9cnico e tecnol\u00f3gico<\/li>\n            <\/ul>\n        <\/li>\n            <li class=\"my-3\">\n            <strong class='h4 mb-2 text-capitalize'>marcio viera<\/strong>\n            <ul class=\"list-unstyled\">\n                                <li class=\"text-capitalize\">professor do magist\u00e9rio superior<\/li>\n            <\/ul>\n        <\/li>\n            <li class=\"my-3\">\n            <strong class='h4 mb-2 text-capitalize'>marcos alexandre rose silva<\/strong>\n            <ul class=\"list-unstyled\">\n                                <li class=\"text-capitalize\">professor do magist\u00e9rio superior<\/li>\n            <\/ul>\n        <\/li>\n            <li class=\"my-3\">\n            <strong class='h4 mb-2 text-capitalize'>marcos luis cassal<\/strong>\n            <ul class=\"list-unstyled\">\n                                <li class=\"text-capitalize\">professor ensino b\u00e1sico, t\u00e9cnico e tecnol\u00f3gico<\/li>\n            <\/ul>\n        <\/li>\n            <li class=\"my-3\">\n            <strong class='h4 mb-2 text-capitalize'>maria silvia pardi lacruz<\/strong>\n            <ul class=\"list-unstyled\">\n                                <li class=\"text-capitalize\">professor do magist\u00e9rio superior<\/li>\n            <\/ul>\n        <\/li>\n            <li class=\"my-3\">\n            <strong class='h4 mb-2 text-capitalize'>marina scheuer<\/strong>\n            <ul class=\"list-unstyled\">\n                                <li class=\"text-capitalize\">pessoal volunt\u00e1rio<\/li>\n            <\/ul>\n        <\/li>\n            <li class=\"my-3\">\n            <strong class='h4 mb-2 text-capitalize'>marin\u00eaz da silva<\/strong>\n            <ul class=\"list-unstyled\">\n                                <li class=\"text-capitalize\">professor ensino b\u00e1sico, t\u00e9cnico e tecnol\u00f3gico<\/li>\n            <\/ul>\n        <\/li>\n            <li class=\"my-3\">\n            <strong class='h4 mb-2 text-capitalize'>oneide jose pereira<\/strong>\n            <ul class=\"list-unstyled\">\n                                <li class=\"text-capitalize\">professor ensino b\u00e1sico, t\u00e9cnico e tecnol\u00f3gico<\/li>\n            <\/ul>\n        <\/li>\n            <li class=\"my-3\">\n            <strong class='h4 mb-2 text-capitalize'>pablo teixeira da silva<\/strong>\n            <ul class=\"list-unstyled\">\n                                <li class=\"text-capitalize\">professor ensino b\u00e1sico, t\u00e9cnico e tecnol\u00f3gico<\/li>\n            <\/ul>\n        <\/li>\n            <li class=\"my-3\">\n            <strong class='h4 mb-2 text-capitalize'>patricia sabino da silva<\/strong>\n            <ul class=\"list-unstyled\">\n                                <li class=\"text-capitalize\">professor ensino b\u00e1sico, t\u00e9cnico e tecnol\u00f3gico<\/li>\n            <\/ul>\n        <\/li>\n            <li class=\"my-3\">\n            <strong class='h4 mb-2 text-capitalize'>pedro bilar montero<\/strong>\n            <ul class=\"list-unstyled\">\n                                <li class=\"text-capitalize\">professor ensino b\u00e1sico, t\u00e9cnico e tecnol\u00f3gico - substituto<\/li>\n            <\/ul>\n        <\/li>\n            <li class=\"my-3\">\n            <strong class='h4 mb-2 text-capitalize'>rafael gressler milbradt<\/strong>\n            <ul class=\"list-unstyled\">\n                                <li class=\"text-capitalize\">professor do magist\u00e9rio superior<\/li>\n            <\/ul>\n        <\/li>\n            <li class=\"my-3\">\n            <strong class='h4 mb-2 text-capitalize'>rafael sanches venturini<\/strong>\n            <ul class=\"list-unstyled\">\n                                <li class=\"text-capitalize\">professor ensino b\u00e1sico, t\u00e9cnico e tecnol\u00f3gico<\/li>\n            <\/ul>\n        <\/li>\n            <li class=\"my-3\">\n            <strong class='h4 mb-2 text-capitalize'>renato trevisan (2)<\/strong>\n            <ul class=\"list-unstyled\">\n                                <li class=\"text-capitalize\">professor ensino b\u00e1sico, t\u00e9cnico e tecnol\u00f3gico<\/li>\n            <\/ul>\n        <\/li>\n            <li class=\"my-3\">\n            <strong class='h4 mb-2 text-capitalize'>renato xavier coutinho<\/strong>\n            <ul class=\"list-unstyled\">\n                                <li class=\"text-capitalize\">professor ensino b\u00e1sico, t\u00e9cnico e tecnol\u00f3gico<\/li>\n            <\/ul>\n        <\/li>\n            <li class=\"my-3\">\n            <strong class='h4 mb-2 text-capitalize'>rhea silvia de avila soares<\/strong>\n            <ul class=\"list-unstyled\">\n                                <li class=\"text-capitalize\">professor ensino b\u00e1sico, t\u00e9cnico e tecnol\u00f3gico<\/li>\n            <\/ul>\n        <\/li>\n            <li class=\"my-3\">\n            <strong class='h4 mb-2 text-capitalize'>rodrigo mattos rocha<\/strong>\n            <ul class=\"list-unstyled\">\n                                <li class=\"text-capitalize\">pessoal volunt\u00e1rio<\/li>\n            <\/ul>\n        <\/li>\n            <li class=\"my-3\">\n            <strong class='h4 mb-2 text-capitalize'>roni blume<\/strong>\n            <ul class=\"list-unstyled\">\n                                <li class=\"text-capitalize\">professor do magist\u00e9rio superior<\/li>\n            <\/ul>\n        <\/li>\n            <li class=\"my-3\">\n            <strong class='h4 mb-2 text-capitalize'>ronier pauletto gutierrez<\/strong>\n            <ul class=\"list-unstyled\">\n                                <li class=\"text-capitalize\">professor ensino b\u00e1sico, t\u00e9cnico e tecnol\u00f3gico - substituto<\/li>\n            <\/ul>\n        <\/li>\n            <li class=\"my-3\">\n            <strong class='h4 mb-2 text-capitalize'>sabrina sauthier monteiro<\/strong>\n            <ul class=\"list-unstyled\">\n                                <li class=\"text-capitalize\">professor do magist\u00e9rio superior<\/li>\n            <\/ul>\n        <\/li>\n            <li class=\"my-3\">\n            <strong class='h4 mb-2 text-capitalize'>silvino sasso robalo<\/strong>\n            <ul class=\"list-unstyled\">\n                                <li class=\"text-capitalize\">professor ensino b\u00e1sico, t\u00e9cnico e tecnol\u00f3gico<\/li>\n            <\/ul>\n        <\/li>\n            <li class=\"my-3\">\n            <strong class='h4 mb-2 text-capitalize'>sonia maria moreira crescencio<\/strong>\n            <ul class=\"list-unstyled\">\n                                <li class=\"text-capitalize\">professor ensino b\u00e1sico, t\u00e9cnico e tecnol\u00f3gico<\/li>\n            <\/ul>\n        <\/li>\n            <li class=\"my-3\">\n            <strong class='h4 mb-2 text-capitalize'>suzane bevilacqua marcuzzo<\/strong>\n            <ul class=\"list-unstyled\">\n                                <li class=\"text-capitalize\">professor do magist\u00e9rio superior<\/li>\n            <\/ul>\n        <\/li>\n            <li class=\"my-3\">\n            <strong class='h4 mb-2 text-capitalize'>suzimary specht<\/strong>\n            <ul class=\"list-unstyled\">\n                                <li class=\"text-capitalize\">professor do magist\u00e9rio superior<\/li>\n            <\/ul>\n        <\/li>\n            <li class=\"my-3\">\n            <strong class='h4 mb-2 text-capitalize'>tais altmann<\/strong>\n            <ul class=\"list-unstyled\">\n                                <li class=\"text-capitalize\">professor ensino b\u00e1sico, t\u00e9cnico e tecnol\u00f3gico<\/li>\n            <\/ul>\n        <\/li>\n            <li class=\"my-3\">\n            <strong class='h4 mb-2 text-capitalize'>tatiani elenusa de oliveira rodrigues<\/strong>\n            <ul class=\"list-unstyled\">\n                                <li class=\"text-capitalize\">professor ensino b\u00e1sico, t\u00e9cnico e tecnol\u00f3gico<\/li>\n            <\/ul>\n        <\/li>\n            <li class=\"my-3\">\n            <strong class='h4 mb-2 text-capitalize'>vagner naysinger machado<\/strong>\n            <ul class=\"list-unstyled\">\n                                <li class=\"text-capitalize\">professor do magist\u00e9rio superior<\/li>\n            <\/ul>\n        <\/li>\n            <li class=\"my-3\">\n            <strong class='h4 mb-2 text-capitalize'>valentine cogo mendes<\/strong>\n            <ul class=\"list-unstyled\">\n                                <li class=\"text-capitalize\">professor ensino b\u00e1sico, t\u00e9cnico e tecnol\u00f3gico - substituto<\/li>\n            <\/ul>\n        <\/li>\n            <li class=\"my-3\">\n            <strong class='h4 mb-2 text-capitalize'>val\u00e9ria rolim marostega<\/strong>\n            <ul class=\"list-unstyled\">\n                                <li class=\"text-capitalize\">professor ensino b\u00e1sico, t\u00e9cnico e tecnol\u00f3gico - substituto<\/li>\n            <\/ul>\n        <\/li>\n            <li class=\"my-3\">\n            <strong class='h4 mb-2 text-capitalize'>valmir viera<\/strong>\n            <ul class=\"list-unstyled\">\n                                <li class=\"text-capitalize\">professor do magist\u00e9rio superior<\/li>\n            <\/ul>\n        <\/li>\n            <li class=\"my-3\">\n            <strong class='h4 mb-2 text-capitalize'>vanessa gindri vieira<\/strong>\n            <ul class=\"list-unstyled\">\n                                <li class=\"text-capitalize\">professor do magist\u00e9rio superior<\/li>\n            <\/ul>\n        <\/li>\n            <li class=\"my-3\">\n            <strong class='h4 mb-2 text-capitalize'>vanessa schopf machado<\/strong>\n            <ul class=\"list-unstyled\">\n                                <li class=\"text-capitalize\">professor ensino b\u00e1sico, t\u00e9cnico e tecnol\u00f3gico - substituto<\/li>\n            <\/ul>\n        <\/li>\n            <li class=\"my-3\">\n            <strong class='h4 mb-2 text-capitalize'>van\u00fazia sari<\/strong>\n            <ul class=\"list-unstyled\">\n                                <li class=\"text-capitalize\">professor ensino b\u00e1sico, t\u00e9cnico e tecnol\u00f3gico<\/li>\n            <\/ul>\n        <\/li>\n            <li class=\"my-3\">\n            <strong class='h4 mb-2 text-capitalize'>vin\u00edcius maran<\/strong>\n            <ul class=\"list-unstyled\">\n                                <li class=\"text-capitalize\">professor do magist\u00e9rio superior<\/li>\n            <\/ul>\n        <\/li>\n            <li class=\"my-3\">\n            <strong class='h4 mb-2 text-capitalize'>vitor galle<\/strong>\n            <ul class=\"list-unstyled\">\n                                <li class=\"text-capitalize\">professor magist\u00e9rio superior - substituto<\/li>\n            <\/ul>\n        <\/li>\n        <\/ul>\n<\/div>\n                                    <\/div>\n            <\/div>\n                <div class=\"accordion-item\">\n                <h2 class=\"accordion-header\" id=\"wp-widget-ufsm_pessoas_unidade_widget-unidades-collapse-heading-9\">\n                    <button class=\"accordion-button collapsed\" type=\"button\" data-bs-toggle=\"collapse\" data-bs-target=\"#wp-widget-ufsm_pessoas_unidade_widget-unidades-collapse-9\" aria-expanded=\"false\" aria-controls=\"wp-widget-ufsm_pessoas_unidade_widget-unidades-collapse-9\">\n                        CURSO SUPERIOR DE TECNOLOGIA EM GEST\u00c3O DE COOPERATIVAS                    <\/button>\n                <\/h2>\n                <div id=\"wp-widget-ufsm_pessoas_unidade_widget-unidades-collapse-9\" class=\"collapse \" aria-labelledby=\"wp-widget-ufsm_pessoas_unidade_widget-unidades-collapse-heading-9\"  data-bs-parent=\"#wp-widget-ufsm_pessoas_unidade_widget-unidades\">\n                                            <div class=\"accordion-body\">    <ul class=\"list-unstyled\">\n            <li class=\"my-3\">\n            <strong class='h4 mb-2 text-capitalize'>marindia brachak dos santos<\/strong>\n            <ul class=\"list-unstyled\">\n                                    <li>Coordenador(a) de Curso<\/li>\n                                <li class=\"text-capitalize\">professor do magist\u00e9rio superior<\/li>\n            <\/ul>\n        <\/li>\n        <\/ul>\n<\/div>\n                                    <\/div>\n            <\/div>\n                <div class=\"accordion-item\">\n                <h2 class=\"accordion-header\" id=\"wp-widget-ufsm_pessoas_unidade_widget-unidades-collapse-heading-10\">\n                    <button class=\"accordion-button collapsed\" type=\"button\" data-bs-toggle=\"collapse\" data-bs-target=\"#wp-widget-ufsm_pessoas_unidade_widget-unidades-collapse-10\" aria-expanded=\"false\" aria-controls=\"wp-widget-ufsm_pessoas_unidade_widget-unidades-collapse-10\">\n                        CURSO SUPERIOR DE TECNOLOGIA DE GEOPROCESSAMENTO                    <\/button>\n                <\/h2>\n                <div id=\"wp-widget-ufsm_pessoas_unidade_widget-unidades-collapse-10\" class=\"collapse \" aria-labelledby=\"wp-widget-ufsm_pessoas_unidade_widget-unidades-collapse-heading-10\"  data-bs-parent=\"#wp-widget-ufsm_pessoas_unidade_widget-unidades\">\n                                            <div class=\"accordion-body\">    <ul class=\"list-unstyled\">\n            <li class=\"my-3\">\n            <strong class='h4 mb-2 text-capitalize'>luiz patric kayser<\/strong>\n            <ul class=\"list-unstyled\">\n                                    <li>Coordenador(a) de Curso<\/li>\n                                <li class=\"text-capitalize\">professor do magist\u00e9rio superior<\/li>\n            <\/ul>\n        <\/li>\n        <\/ul>\n<\/div>\n                                    <\/div>\n            <\/div>\n                <div class=\"accordion-item\">\n                <h2 class=\"accordion-header\" id=\"wp-widget-ufsm_pessoas_unidade_widget-unidades-collapse-heading-11\">\n                    <button class=\"accordion-button collapsed\" type=\"button\" data-bs-toggle=\"collapse\" data-bs-target=\"#wp-widget-ufsm_pessoas_unidade_widget-unidades-collapse-11\" aria-expanded=\"false\" aria-controls=\"wp-widget-ufsm_pessoas_unidade_widget-unidades-collapse-11\">\n                        COORDENA\u00c7\u00c3O DO CURSO T\u00c9CNICO EM AGROPECU\u00c1RIA                    <\/button>\n                <\/h2>\n                <div id=\"wp-widget-ufsm_pessoas_unidade_widget-unidades-collapse-11\" class=\"collapse \" aria-labelledby=\"wp-widget-ufsm_pessoas_unidade_widget-unidades-collapse-heading-11\"  data-bs-parent=\"#wp-widget-ufsm_pessoas_unidade_widget-unidades\">\n                                            <div class=\"accordion-body\">    <ul class=\"list-unstyled\">\n            <li class=\"my-3\">\n            <strong class='h4 mb-2 text-capitalize'>r\u00f3berson macedo de oliveira<\/strong>\n            <ul class=\"list-unstyled\">\n                                    <li>Coordenador(a) de Curso<\/li>\n                                <li class=\"text-capitalize\">professor ensino b\u00e1sico, t\u00e9cnico e tecnol\u00f3gico<\/li>\n            <\/ul>\n        <\/li>\n        <\/ul>\n<\/div>\n                                    <\/div>\n            <\/div>\n                <div class=\"accordion-item\">\n                <h2 class=\"accordion-header\" id=\"wp-widget-ufsm_pessoas_unidade_widget-unidades-collapse-heading-12\">\n                    <button class=\"accordion-button collapsed\" type=\"button\" data-bs-toggle=\"collapse\" data-bs-target=\"#wp-widget-ufsm_pessoas_unidade_widget-unidades-collapse-12\" aria-expanded=\"false\" aria-controls=\"wp-widget-ufsm_pessoas_unidade_widget-unidades-collapse-12\">\n                        COORDENA\u00c7\u00c3O DO CURSO T\u00c9CNICO EM INFORM\u00c1TICA                    <\/button>\n                <\/h2>\n                <div id=\"wp-widget-ufsm_pessoas_unidade_widget-unidades-collapse-12\" class=\"collapse \" aria-labelledby=\"wp-widget-ufsm_pessoas_unidade_widget-unidades-collapse-heading-12\"  data-bs-parent=\"#wp-widget-ufsm_pessoas_unidade_widget-unidades\">\n                                            <div class=\"accordion-body\">    <ul class=\"list-unstyled\">\n            <li class=\"my-3\">\n            <strong class='h4 mb-2 text-capitalize'>giani petri<\/strong>\n            <ul class=\"list-unstyled\">\n                                    <li>Coordenador(a) de Curso<\/li>\n                                <li class=\"text-capitalize\">professor ensino b\u00e1sico, t\u00e9cnico e tecnol\u00f3gico<\/li>\n            <\/ul>\n        <\/li>\n        <\/ul>\n<\/div>\n                                    <\/div>\n            <\/div>\n                <div class=\"accordion-item\">\n                <h2 class=\"accordion-header\" id=\"wp-widget-ufsm_pessoas_unidade_widget-unidades-collapse-heading-13\">\n                    <button class=\"accordion-button collapsed\" type=\"button\" data-bs-toggle=\"collapse\" data-bs-target=\"#wp-widget-ufsm_pessoas_unidade_widget-unidades-collapse-13\" aria-expanded=\"false\" aria-controls=\"wp-widget-ufsm_pessoas_unidade_widget-unidades-collapse-13\">\n                        COORDENA\u00c7\u00c3O DO CURSO T\u00c9CNICO EM PAISAGISMO                    <\/button>\n                <\/h2>\n                <div id=\"wp-widget-ufsm_pessoas_unidade_widget-unidades-collapse-13\" class=\"collapse \" aria-labelledby=\"wp-widget-ufsm_pessoas_unidade_widget-unidades-collapse-heading-13\"  data-bs-parent=\"#wp-widget-ufsm_pessoas_unidade_widget-unidades\">\n                                            <div class=\"accordion-body\">    <ul class=\"list-unstyled\">\n            <li class=\"my-3\">\n            <strong class='h4 mb-2 text-capitalize'>denise estivalete cunha<\/strong>\n            <ul class=\"list-unstyled\">\n                                    <li>Coordenador(a) de Curso<\/li>\n                                <li class=\"text-capitalize\">professor ensino b\u00e1sico, t\u00e9cnico e tecnol\u00f3gico<\/li>\n            <\/ul>\n        <\/li>\n        <\/ul>\n<\/div>\n                                    <\/div>\n            <\/div>\n                <div class=\"accordion-item\">\n                <h2 class=\"accordion-header\" id=\"wp-widget-ufsm_pessoas_unidade_widget-unidades-collapse-heading-14\">\n                    <button class=\"accordion-button collapsed\" type=\"button\" data-bs-toggle=\"collapse\" data-bs-target=\"#wp-widget-ufsm_pessoas_unidade_widget-unidades-collapse-14\" aria-expanded=\"false\" aria-controls=\"wp-widget-ufsm_pessoas_unidade_widget-unidades-collapse-14\">\n                        COORDENA\u00c7\u00c3O DO ENSINO M\u00c9DIO - POLIT\u00c9CNICO                    <\/button>\n                <\/h2>\n                <div id=\"wp-widget-ufsm_pessoas_unidade_widget-unidades-collapse-14\" class=\"collapse \" aria-labelledby=\"wp-widget-ufsm_pessoas_unidade_widget-unidades-collapse-heading-14\"  data-bs-parent=\"#wp-widget-ufsm_pessoas_unidade_widget-unidades\">\n                                            <div class=\"accordion-body\">    <ul class=\"list-unstyled\">\n            <li class=\"my-3\">\n            <strong class='h4 mb-2 text-capitalize'>rodrigo rozado leal<\/strong>\n            <ul class=\"list-unstyled\">\n                                    <li>Coordenador(a) Acad\u00eamico(a)<\/li>\n                                <li class=\"text-capitalize\">professor ensino b\u00e1sico, t\u00e9cnico e tecnol\u00f3gico<\/li>\n            <\/ul>\n        <\/li>\n        <\/ul>\n<\/div>\n                                    <\/div>\n            <\/div>\n                <div class=\"accordion-item\">\n                <h2 class=\"accordion-header\" id=\"wp-widget-ufsm_pessoas_unidade_widget-unidades-collapse-heading-15\">\n                    <button class=\"accordion-button collapsed\" type=\"button\" data-bs-toggle=\"collapse\" data-bs-target=\"#wp-widget-ufsm_pessoas_unidade_widget-unidades-collapse-15\" aria-expanded=\"false\" aria-controls=\"wp-widget-ufsm_pessoas_unidade_widget-unidades-collapse-15\">\n                        COORDENA\u00c7\u00c3O DO CURSO T\u00c9CNICO EM ADMINISTRA\u00c7\u00c3O                    <\/button>\n                <\/h2>\n                <div id=\"wp-widget-ufsm_pessoas_unidade_widget-unidades-collapse-15\" class=\"collapse \" aria-labelledby=\"wp-widget-ufsm_pessoas_unidade_widget-unidades-collapse-heading-15\"  data-bs-parent=\"#wp-widget-ufsm_pessoas_unidade_widget-unidades\">\n                                            <div class=\"accordion-body\">    <ul class=\"list-unstyled\">\n            <li class=\"my-3\">\n            <strong class='h4 mb-2 text-capitalize'>gustavo fontinelli ross\u00e9s<\/strong>\n            <ul class=\"list-unstyled\">\n                                    <li>Coordenador(a) de Curso<\/li>\n                                <li class=\"text-capitalize\">professor do magist\u00e9rio superior<\/li>\n            <\/ul>\n        <\/li>\n        <\/ul>\n<\/div>\n                                    <\/div>\n            <\/div>\n                <div class=\"accordion-item\">\n                <h2 class=\"accordion-header\" id=\"wp-widget-ufsm_pessoas_unidade_widget-unidades-collapse-heading-16\">\n                    <button class=\"accordion-button collapsed\" type=\"button\" data-bs-toggle=\"collapse\" data-bs-target=\"#wp-widget-ufsm_pessoas_unidade_widget-unidades-collapse-16\" aria-expanded=\"false\" aria-controls=\"wp-widget-ufsm_pessoas_unidade_widget-unidades-collapse-16\">\n                        COORDENA\u00c7\u00c3O DO CURSO T\u00c9CNICO EM MEIO AMBIENTE                    <\/button>\n                <\/h2>\n                <div id=\"wp-widget-ufsm_pessoas_unidade_widget-unidades-collapse-16\" class=\"collapse \" aria-labelledby=\"wp-widget-ufsm_pessoas_unidade_widget-unidades-collapse-heading-16\"  data-bs-parent=\"#wp-widget-ufsm_pessoas_unidade_widget-unidades\">\n                                            <div class=\"accordion-body\">    <ul class=\"list-unstyled\">\n            <li class=\"my-3\">\n            <strong class='h4 mb-2 text-capitalize'>maur\u00edcio vicente motta tratsch<\/strong>\n            <ul class=\"list-unstyled\">\n                                    <li>Coordenador(a) de Curso<\/li>\n                                <li class=\"text-capitalize\">professor ensino b\u00e1sico, t\u00e9cnico e tecnol\u00f3gico<\/li>\n            <\/ul>\n        <\/li>\n        <\/ul>\n<\/div>\n                                    <\/div>\n            <\/div>\n                <div class=\"accordion-item\">\n                <h2 class=\"accordion-header\" id=\"wp-widget-ufsm_pessoas_unidade_widget-unidades-collapse-heading-17\">\n                    <button class=\"accordion-button collapsed\" type=\"button\" data-bs-toggle=\"collapse\" data-bs-target=\"#wp-widget-ufsm_pessoas_unidade_widget-unidades-collapse-17\" aria-expanded=\"false\" aria-controls=\"wp-widget-ufsm_pessoas_unidade_widget-unidades-collapse-17\">\n                        CURSO SUPERIOR DE TECNOLOGIA EM SISTEMAS PARA INTERNET                    <\/button>\n                <\/h2>\n                <div id=\"wp-widget-ufsm_pessoas_unidade_widget-unidades-collapse-17\" class=\"collapse \" aria-labelledby=\"wp-widget-ufsm_pessoas_unidade_widget-unidades-collapse-heading-17\"  data-bs-parent=\"#wp-widget-ufsm_pessoas_unidade_widget-unidades\">\n                                            <div class=\"accordion-body\">    <ul class=\"list-unstyled\">\n            <li class=\"my-3\">\n            <strong class='h4 mb-2 text-capitalize'>ju\u00e7ara salete gubiani<\/strong>\n            <ul class=\"list-unstyled\">\n                                    <li>Coordenador(a) de Curso<\/li>\n                                <li class=\"text-capitalize\">professor ensino b\u00e1sico, t\u00e9cnico e tecnol\u00f3gico<\/li>\n            <\/ul>\n        <\/li>\n        <\/ul>\n<\/div>\n                                    <\/div>\n            <\/div>\n                <div class=\"accordion-item\">\n                <h2 class=\"accordion-header\" id=\"wp-widget-ufsm_pessoas_unidade_widget-unidades-collapse-heading-18\">\n                    <button class=\"accordion-button collapsed\" type=\"button\" data-bs-toggle=\"collapse\" data-bs-target=\"#wp-widget-ufsm_pessoas_unidade_widget-unidades-collapse-18\" aria-expanded=\"false\" aria-controls=\"wp-widget-ufsm_pessoas_unidade_widget-unidades-collapse-18\">\n                        COORDENA\u00c7\u00c3O DO CURSO T\u00c9CNICO EM CONTABILIDADE                    <\/button>\n                <\/h2>\n                <div id=\"wp-widget-ufsm_pessoas_unidade_widget-unidades-collapse-18\" class=\"collapse \" aria-labelledby=\"wp-widget-ufsm_pessoas_unidade_widget-unidades-collapse-heading-18\"  data-bs-parent=\"#wp-widget-ufsm_pessoas_unidade_widget-unidades\">\n                                            <div class=\"accordion-body\">    <ul class=\"list-unstyled\">\n            <li class=\"my-3\">\n            <strong class='h4 mb-2 text-capitalize'>ricardo h\u00f6her<\/strong>\n            <ul class=\"list-unstyled\">\n                                    <li>Coordenador(a) de Curso<\/li>\n                                <li class=\"text-capitalize\">professor do magist\u00e9rio superior<\/li>\n            <\/ul>\n        <\/li>\n        <\/ul>\n<\/div>\n                                    <\/div>\n            <\/div>\n                <div class=\"accordion-item\">\n                <h2 class=\"accordion-header\" id=\"wp-widget-ufsm_pessoas_unidade_widget-unidades-collapse-heading-19\">\n                    <button class=\"accordion-button collapsed\" type=\"button\" data-bs-toggle=\"collapse\" data-bs-target=\"#wp-widget-ufsm_pessoas_unidade_widget-unidades-collapse-19\" aria-expanded=\"false\" aria-controls=\"wp-widget-ufsm_pessoas_unidade_widget-unidades-collapse-19\">\n                        COORDENA\u00c7\u00c3O DO CURSO T\u00c9CNICO EM SECRETARIADO                    <\/button>\n                <\/h2>\n                <div id=\"wp-widget-ufsm_pessoas_unidade_widget-unidades-collapse-19\" class=\"collapse \" aria-labelledby=\"wp-widget-ufsm_pessoas_unidade_widget-unidades-collapse-heading-19\"  data-bs-parent=\"#wp-widget-ufsm_pessoas_unidade_widget-unidades\">\n                                            <div class=\"accordion-body\">    <ul class=\"list-unstyled\">\n            <li class=\"my-3\">\n            <strong class='h4 mb-2 text-capitalize'>candida martins pinto<\/strong>\n            <ul class=\"list-unstyled\">\n                                    <li>Coordenador(a) de Curso<\/li>\n                                <li class=\"text-capitalize\">professor ensino b\u00e1sico, t\u00e9cnico e tecnol\u00f3gico<\/li>\n            <\/ul>\n        <\/li>\n        <\/ul>\n<\/div>\n                                    <\/div>\n            <\/div>\n                <div class=\"accordion-item\">\n                <h2 class=\"accordion-header\" id=\"wp-widget-ufsm_pessoas_unidade_widget-unidades-collapse-heading-20\">\n                    <button class=\"accordion-button collapsed\" type=\"button\" data-bs-toggle=\"collapse\" data-bs-target=\"#wp-widget-ufsm_pessoas_unidade_widget-unidades-collapse-20\" aria-expanded=\"false\" aria-controls=\"wp-widget-ufsm_pessoas_unidade_widget-unidades-collapse-20\">\n                        COORDENA\u00c7\u00c3O DO CURSO T\u00c9CNICO EM ALIMENTOS                    <\/button>\n                <\/h2>\n                <div id=\"wp-widget-ufsm_pessoas_unidade_widget-unidades-collapse-20\" class=\"collapse \" aria-labelledby=\"wp-widget-ufsm_pessoas_unidade_widget-unidades-collapse-heading-20\"  data-bs-parent=\"#wp-widget-ufsm_pessoas_unidade_widget-unidades\">\n                                            <div class=\"accordion-body\">    <ul class=\"list-unstyled\">\n            <li class=\"my-3\">\n            <strong class='h4 mb-2 text-capitalize'>andreia cirolini<\/strong>\n            <ul class=\"list-unstyled\">\n                                    <li>Coordenador(a) de Curso<\/li>\n                                <li class=\"text-capitalize\">professor do magist\u00e9rio superior<\/li>\n            <\/ul>\n        <\/li>\n            <li class=\"my-3\">\n            <strong class='h4 mb-2 text-capitalize'>cristiane freitas bastos wallau<\/strong>\n            <ul class=\"list-unstyled\">\n                                <li class=\"text-capitalize\">pessoal volunt\u00e1rio<\/li>\n            <\/ul>\n        <\/li>\n        <\/ul>\n<\/div>\n                                    <\/div>\n            <\/div>\n                <div class=\"accordion-item\">\n                <h2 class=\"accordion-header\" id=\"wp-widget-ufsm_pessoas_unidade_widget-unidades-collapse-heading-21\">\n                    <button class=\"accordion-button collapsed\" type=\"button\" data-bs-toggle=\"collapse\" data-bs-target=\"#wp-widget-ufsm_pessoas_unidade_widget-unidades-collapse-21\" aria-expanded=\"false\" aria-controls=\"wp-widget-ufsm_pessoas_unidade_widget-unidades-collapse-21\">\n                        COORDENA\u00c7\u00c3O DO CURSO T\u00c9CNICO EM FARM\u00c1CIA                    <\/button>\n                <\/h2>\n                <div id=\"wp-widget-ufsm_pessoas_unidade_widget-unidades-collapse-21\" class=\"collapse \" aria-labelledby=\"wp-widget-ufsm_pessoas_unidade_widget-unidades-collapse-heading-21\"  data-bs-parent=\"#wp-widget-ufsm_pessoas_unidade_widget-unidades\">\n                                            <div class=\"accordion-body\">    <ul class=\"list-unstyled\">\n            <li class=\"my-3\">\n            <strong class='h4 mb-2 text-capitalize'>fernanda pavani stamm maldaner<\/strong>\n            <ul class=\"list-unstyled\">\n                                    <li>Coordenador(a) de Curso<\/li>\n                                <li class=\"text-capitalize\">professor ensino b\u00e1sico, t\u00e9cnico e tecnol\u00f3gico<\/li>\n            <\/ul>\n        <\/li>\n        <\/ul>\n<\/div>\n                                    <\/div>\n            <\/div>\n                <div class=\"accordion-item\">\n                <h2 class=\"accordion-header\" id=\"wp-widget-ufsm_pessoas_unidade_widget-unidades-collapse-heading-22\">\n                    <button class=\"accordion-button collapsed\" type=\"button\" data-bs-toggle=\"collapse\" data-bs-target=\"#wp-widget-ufsm_pessoas_unidade_widget-unidades-collapse-22\" aria-expanded=\"false\" aria-controls=\"wp-widget-ufsm_pessoas_unidade_widget-unidades-collapse-22\">\n                        COORDENA\u00c7\u00c3O DO CURSO T\u00c9CNICO EM ZOOTECNIA                    <\/button>\n                <\/h2>\n                <div id=\"wp-widget-ufsm_pessoas_unidade_widget-unidades-collapse-22\" class=\"collapse \" aria-labelledby=\"wp-widget-ufsm_pessoas_unidade_widget-unidades-collapse-heading-22\"  data-bs-parent=\"#wp-widget-ufsm_pessoas_unidade_widget-unidades\">\n                                            <div class=\"accordion-body\">    <ul class=\"list-unstyled\">\n            <li class=\"my-3\">\n            <strong class='h4 mb-2 text-capitalize'>diego zeni<\/strong>\n            <ul class=\"list-unstyled\">\n                                    <li>Coordenador(a) de Curso<\/li>\n                                <li class=\"text-capitalize\">professor ensino b\u00e1sico, t\u00e9cnico e tecnol\u00f3gico<\/li>\n            <\/ul>\n        <\/li>\n        <\/ul>\n<\/div>\n                                    <\/div>\n            <\/div>\n                <div class=\"accordion-item\">\n                <h2 class=\"accordion-header\" id=\"wp-widget-ufsm_pessoas_unidade_widget-unidades-collapse-heading-23\">\n                    <button class=\"accordion-button collapsed\" type=\"button\" data-bs-toggle=\"collapse\" data-bs-target=\"#wp-widget-ufsm_pessoas_unidade_widget-unidades-collapse-23\" aria-expanded=\"false\" aria-controls=\"wp-widget-ufsm_pessoas_unidade_widget-unidades-collapse-23\">\n                        CURSO SUPERIOR DE TECNOLOGIA EM GEST\u00c3O AMBIENTAL                    <\/button>\n                <\/h2>\n                <div id=\"wp-widget-ufsm_pessoas_unidade_widget-unidades-collapse-23\" class=\"collapse \" aria-labelledby=\"wp-widget-ufsm_pessoas_unidade_widget-unidades-collapse-heading-23\"  data-bs-parent=\"#wp-widget-ufsm_pessoas_unidade_widget-unidades\">\n                                            <div class=\"accordion-body\">    <ul class=\"list-unstyled\">\n            <li class=\"my-3\">\n            <strong class='h4 mb-2 text-capitalize'>filipe fagan donato<\/strong>\n            <ul class=\"list-unstyled\">\n                                    <li>Coordenador(a) de Curso<\/li>\n                                <li class=\"text-capitalize\">professor do magist\u00e9rio superior<\/li>\n            <\/ul>\n        <\/li>\n        <\/ul>\n<\/div>\n                                    <\/div>\n            <\/div>\n                <div class=\"accordion-item\">\n                <h2 class=\"accordion-header\" id=\"wp-widget-ufsm_pessoas_unidade_widget-unidades-collapse-heading-24\">\n                    <button class=\"accordion-button collapsed\" type=\"button\" data-bs-toggle=\"collapse\" data-bs-target=\"#wp-widget-ufsm_pessoas_unidade_widget-unidades-collapse-24\" aria-expanded=\"false\" aria-controls=\"wp-widget-ufsm_pessoas_unidade_widget-unidades-collapse-24\">\n                        COORDENA\u00c7\u00c3O DO CURSO T\u00c9CNICO EM CUIDADOS DE IDOSOS                    <\/button>\n                <\/h2>\n                <div id=\"wp-widget-ufsm_pessoas_unidade_widget-unidades-collapse-24\" class=\"collapse \" aria-labelledby=\"wp-widget-ufsm_pessoas_unidade_widget-unidades-collapse-heading-24\"  data-bs-parent=\"#wp-widget-ufsm_pessoas_unidade_widget-unidades\">\n                                            <div class=\"accordion-body\">    <ul class=\"list-unstyled\">\n            <li class=\"my-3\">\n            <strong class='h4 mb-2 text-capitalize'>nadianna rosa marques<\/strong>\n            <ul class=\"list-unstyled\">\n                                    <li>Coordenador(a) de Curso<\/li>\n                                <li class=\"text-capitalize\">professor ensino b\u00e1sico, t\u00e9cnico e tecnol\u00f3gico<\/li>\n            <\/ul>\n        <\/li>\n        <\/ul>\n<\/div>\n                                    <\/div>\n            <\/div>\n                <div class=\"accordion-item\">\n                <h2 class=\"accordion-header\" id=\"wp-widget-ufsm_pessoas_unidade_widget-unidades-collapse-heading-25\">\n                    <button class=\"accordion-button collapsed\" type=\"button\" data-bs-toggle=\"collapse\" data-bs-target=\"#wp-widget-ufsm_pessoas_unidade_widget-unidades-collapse-25\" aria-expanded=\"false\" aria-controls=\"wp-widget-ufsm_pessoas_unidade_widget-unidades-collapse-25\">\n                        COORDENA\u00c7\u00c3O DO CURSO T\u00c9CNICO EM  ENFERMAGEM                    <\/button>\n                <\/h2>\n                <div id=\"wp-widget-ufsm_pessoas_unidade_widget-unidades-collapse-25\" class=\"collapse \" aria-labelledby=\"wp-widget-ufsm_pessoas_unidade_widget-unidades-collapse-heading-25\"  data-bs-parent=\"#wp-widget-ufsm_pessoas_unidade_widget-unidades\">\n                                            <div class=\"accordion-body\">    <ul class=\"list-unstyled\">\n            <li class=\"my-3\">\n            <strong class='h4 mb-2 text-capitalize'>cintia fl\u00f4res mutti<\/strong>\n            <ul class=\"list-unstyled\">\n                                    <li>Coordenador(a) de Curso<\/li>\n                                <li class=\"text-capitalize\">professor ensino b\u00e1sico, t\u00e9cnico e tecnol\u00f3gico<\/li>\n            <\/ul>\n        <\/li>\n        <\/ul>\n<\/div>\n                                    <\/div>\n            <\/div>\n                <div class=\"accordion-item\">\n                <h2 class=\"accordion-header\" id=\"wp-widget-ufsm_pessoas_unidade_widget-unidades-collapse-heading-26\">\n                    <button class=\"accordion-button collapsed\" type=\"button\" data-bs-toggle=\"collapse\" data-bs-target=\"#wp-widget-ufsm_pessoas_unidade_widget-unidades-collapse-26\" aria-expanded=\"false\" aria-controls=\"wp-widget-ufsm_pessoas_unidade_widget-unidades-collapse-26\">\n                        COORDENA\u00c7\u00c3O DO CURSO T\u00c9CNICO EM AGRICULTURA                    <\/button>\n                <\/h2>\n                <div id=\"wp-widget-ufsm_pessoas_unidade_widget-unidades-collapse-26\" class=\"collapse \" aria-labelledby=\"wp-widget-ufsm_pessoas_unidade_widget-unidades-collapse-heading-26\"  data-bs-parent=\"#wp-widget-ufsm_pessoas_unidade_widget-unidades\">\n                                            <div class=\"accordion-body\">    <ul class=\"list-unstyled\">\n            <li class=\"my-3\">\n            <strong class='h4 mb-2 text-capitalize'>tatiana tasquetto fiorin<\/strong>\n            <ul class=\"list-unstyled\">\n                                    <li>Coordenador(a) de Curso<\/li>\n                                <li class=\"text-capitalize\">professor ensino b\u00e1sico, t\u00e9cnico e tecnol\u00f3gico<\/li>\n            <\/ul>\n        <\/li>\n        <\/ul>\n<\/div>\n                                    <\/div>\n            <\/div>\n                <div class=\"accordion-item\">\n                <h2 class=\"accordion-header\" id=\"wp-widget-ufsm_pessoas_unidade_widget-unidades-collapse-heading-27\">\n                    <button class=\"accordion-button collapsed\" type=\"button\" data-bs-toggle=\"collapse\" data-bs-target=\"#wp-widget-ufsm_pessoas_unidade_widget-unidades-collapse-27\" aria-expanded=\"false\" aria-controls=\"wp-widget-ufsm_pessoas_unidade_widget-unidades-collapse-27\">\n                        COORDENA\u00c7\u00c3O DO CURSO T\u00c9CNICO EM AGRICULTURA DE PRECIS\u00c3O                    <\/button>\n                <\/h2>\n                <div id=\"wp-widget-ufsm_pessoas_unidade_widget-unidades-collapse-27\" class=\"collapse \" aria-labelledby=\"wp-widget-ufsm_pessoas_unidade_widget-unidades-collapse-heading-27\"  data-bs-parent=\"#wp-widget-ufsm_pessoas_unidade_widget-unidades\">\n                                            <div class=\"accordion-body\">    <ul class=\"list-unstyled\">\n            <li class=\"my-3\">\n            <strong class='h4 mb-2 text-capitalize'>claudia das neves costa<\/strong>\n            <ul class=\"list-unstyled\">\n                                    <li>Coordenador(a) de Curso<\/li>\n                                <li class=\"text-capitalize\">professor ensino b\u00e1sico, t\u00e9cnico e tecnol\u00f3gico<\/li>\n            <\/ul>\n        <\/li>\n            <li class=\"my-3\">\n            <strong class='h4 mb-2 text-capitalize'>jaqueline sgarbossa<\/strong>\n            <ul class=\"list-unstyled\">\n                                    <li>Coordenador(a) de Curso (Substituto)<\/li>\n                                <li class=\"text-capitalize\">professor ensino b\u00e1sico, t\u00e9cnico e tecnol\u00f3gico<\/li>\n            <\/ul>\n        <\/li>\n        <\/ul>\n<\/div>\n                                    <\/div>\n            <\/div>\n                <div class=\"accordion-item\">\n                <h2 class=\"accordion-header\" id=\"wp-widget-ufsm_pessoas_unidade_widget-unidades-collapse-heading-28\">\n                    <button class=\"accordion-button collapsed\" type=\"button\" data-bs-toggle=\"collapse\" data-bs-target=\"#wp-widget-ufsm_pessoas_unidade_widget-unidades-collapse-28\" aria-expanded=\"false\" aria-controls=\"wp-widget-ufsm_pessoas_unidade_widget-unidades-collapse-28\">\n                        COORDENA\u00c7\u00c3O DO CURSO T\u00c9CNICO EM COM\u00c9RCIO                    <\/button>\n                <\/h2>\n                <div id=\"wp-widget-ufsm_pessoas_unidade_widget-unidades-collapse-28\" class=\"collapse \" aria-labelledby=\"wp-widget-ufsm_pessoas_unidade_widget-unidades-collapse-heading-28\"  data-bs-parent=\"#wp-widget-ufsm_pessoas_unidade_widget-unidades\">\n                                            <div class=\"accordion-body\">    <ul class=\"list-unstyled\">\n            <li class=\"my-3\">\n            <strong class='h4 mb-2 text-capitalize'>gilmar jorge wakulicz<\/strong>\n            <ul class=\"list-unstyled\">\n                                    <li>Coordenador(a) de Curso<\/li>\n                                <li class=\"text-capitalize\">professor do magist\u00e9rio superior<\/li>\n            <\/ul>\n        <\/li>\n        <\/ul>\n<\/div>\n                                    <\/div>\n            <\/div>\n                <div class=\"accordion-item\">\n                <h2 class=\"accordion-header\" id=\"wp-widget-ufsm_pessoas_unidade_widget-unidades-collapse-heading-29\">\n                    <button class=\"accordion-button collapsed\" type=\"button\" data-bs-toggle=\"collapse\" data-bs-target=\"#wp-widget-ufsm_pessoas_unidade_widget-unidades-collapse-29\" aria-expanded=\"false\" aria-controls=\"wp-widget-ufsm_pessoas_unidade_widget-unidades-collapse-29\">\n                        COORDENA\u00c7\u00c3O DO CURSO T\u00c9CNICO EM FRUTICULTURA                    <\/button>\n                <\/h2>\n                <div id=\"wp-widget-ufsm_pessoas_unidade_widget-unidades-collapse-29\" class=\"collapse \" aria-labelledby=\"wp-widget-ufsm_pessoas_unidade_widget-unidades-collapse-heading-29\"  data-bs-parent=\"#wp-widget-ufsm_pessoas_unidade_widget-unidades\">\n                                            <div class=\"accordion-body\">    <ul class=\"list-unstyled\">\n            <li class=\"my-3\">\n            <strong class='h4 mb-2 text-capitalize'>alessandro carvalho miola<\/strong>\n            <ul class=\"list-unstyled\">\n                                    <li>Coordenador(a) de Curso<\/li>\n                                <li class=\"text-capitalize\">professor ensino b\u00e1sico, t\u00e9cnico e tecnol\u00f3gico<\/li>\n            <\/ul>\n        <\/li>\n        <\/ul>\n<\/div>\n                                    <\/div>\n            <\/div>\n                <div class=\"accordion-item\">\n                <h2 class=\"accordion-header\" id=\"wp-widget-ufsm_pessoas_unidade_widget-unidades-collapse-heading-30\">\n                    <button class=\"accordion-button collapsed\" type=\"button\" data-bs-toggle=\"collapse\" data-bs-target=\"#wp-widget-ufsm_pessoas_unidade_widget-unidades-collapse-30\" aria-expanded=\"false\" aria-controls=\"wp-widget-ufsm_pessoas_unidade_widget-unidades-collapse-30\">\n                        COORDENA\u00c7\u00c3O DO CURSO T\u00c9CNICO EM COOPERATIVISMO                    <\/button>\n                <\/h2>\n                <div id=\"wp-widget-ufsm_pessoas_unidade_widget-unidades-collapse-30\" class=\"collapse \" aria-labelledby=\"wp-widget-ufsm_pessoas_unidade_widget-unidades-collapse-heading-30\"  data-bs-parent=\"#wp-widget-ufsm_pessoas_unidade_widget-unidades\">\n                                            <div class=\"accordion-body\">    <ul class=\"list-unstyled\">\n            <li class=\"my-3\">\n            <strong class='h4 mb-2 text-capitalize'>gabriel murad velloso ferreira<\/strong>\n            <ul class=\"list-unstyled\">\n                                    <li>Coordenador(a) de Curso<\/li>\n                                <li class=\"text-capitalize\">professor do magist\u00e9rio superior<\/li>\n            <\/ul>\n        <\/li>\n        <\/ul>\n<\/div>\n                                    <\/div>\n            <\/div>\n                <div class=\"accordion-item\">\n                <h2 class=\"accordion-header\" id=\"wp-widget-ufsm_pessoas_unidade_widget-unidades-collapse-heading-31\">\n                    <button class=\"accordion-button collapsed\" type=\"button\" data-bs-toggle=\"collapse\" data-bs-target=\"#wp-widget-ufsm_pessoas_unidade_widget-unidades-collapse-31\" aria-expanded=\"false\" aria-controls=\"wp-widget-ufsm_pessoas_unidade_widget-unidades-collapse-31\">\n                        COORDENA\u00c7\u00c3O DO CURSO T\u00c9CNICO EM AGRIMENSURA                    <\/button>\n                <\/h2>\n                <div id=\"wp-widget-ufsm_pessoas_unidade_widget-unidades-collapse-31\" class=\"collapse \" aria-labelledby=\"wp-widget-ufsm_pessoas_unidade_widget-unidades-collapse-heading-31\"  data-bs-parent=\"#wp-widget-ufsm_pessoas_unidade_widget-unidades\">\n                                            <div class=\"accordion-body\">    <ul class=\"list-unstyled\">\n            <li class=\"my-3\">\n            <strong class='h4 mb-2 text-capitalize'>angelica cirolini<\/strong>\n            <ul class=\"list-unstyled\">\n                                    <li>Coordenador(a) de Curso<\/li>\n                                <li class=\"text-capitalize\">professor do magist\u00e9rio superior<\/li>\n            <\/ul>\n        <\/li>\n        <\/ul>\n<\/div>\n                                    <\/div>\n            <\/div>\n                <div class=\"accordion-item\">\n                <h2 class=\"accordion-header\" id=\"wp-widget-ufsm_pessoas_unidade_widget-unidades-collapse-heading-32\">\n                    <button class=\"accordion-button collapsed\" type=\"button\" data-bs-toggle=\"collapse\" data-bs-target=\"#wp-widget-ufsm_pessoas_unidade_widget-unidades-collapse-32\" aria-expanded=\"false\" aria-controls=\"wp-widget-ufsm_pessoas_unidade_widget-unidades-collapse-32\">\n                        COORDENA\u00c7\u00c3O DO CURSO T\u00c9CNICO EM ENFERMAGEM NOTURNO                    <\/button>\n                <\/h2>\n                <div id=\"wp-widget-ufsm_pessoas_unidade_widget-unidades-collapse-32\" class=\"collapse \" aria-labelledby=\"wp-widget-ufsm_pessoas_unidade_widget-unidades-collapse-heading-32\"  data-bs-parent=\"#wp-widget-ufsm_pessoas_unidade_widget-unidades\">\n                                            <div class=\"accordion-body\">    <ul class=\"list-unstyled\">\n            <li class=\"my-3\">\n            <strong class='h4 mb-2 text-capitalize'>danusa fernandes severo<\/strong>\n            <ul class=\"list-unstyled\">\n                                <li class=\"text-capitalize\">pessoal volunt\u00e1rio<\/li>\n            <\/ul>\n        <\/li>\n            <li class=\"my-3\">\n            <strong class='h4 mb-2 text-capitalize'>gabriela colombi de lima<\/strong>\n            <ul class=\"list-unstyled\">\n                                <li class=\"text-capitalize\">pessoal volunt\u00e1rio<\/li>\n            <\/ul>\n        <\/li>\n            <li class=\"my-3\">\n            <strong class='h4 mb-2 text-capitalize'>roseli tebaroski heindrickson<\/strong>\n            <ul class=\"list-unstyled\">\n                                <li class=\"text-capitalize\">pessoal volunt\u00e1rio<\/li>\n            <\/ul>\n        <\/li>\n        <\/ul>\n<\/div>\n                                    <\/div>\n            <\/div>\n                <div class=\"accordion-item\">\n                <h2 class=\"accordion-header\" id=\"wp-widget-ufsm_pessoas_unidade_widget-unidades-collapse-heading-33\">\n                    <button class=\"accordion-button collapsed\" type=\"button\" data-bs-toggle=\"collapse\" data-bs-target=\"#wp-widget-ufsm_pessoas_unidade_widget-unidades-collapse-33\" aria-expanded=\"false\" aria-controls=\"wp-widget-ufsm_pessoas_unidade_widget-unidades-collapse-33\">\n                        N\u00daCLEO DE REGISTROS EDUCACIONAIS DO POLI                    <\/button>\n                <\/h2>\n                <div id=\"wp-widget-ufsm_pessoas_unidade_widget-unidades-collapse-33\" class=\"collapse \" aria-labelledby=\"wp-widget-ufsm_pessoas_unidade_widget-unidades-collapse-heading-33\"  data-bs-parent=\"#wp-widget-ufsm_pessoas_unidade_widget-unidades\">\n                                            <div class=\"accordion-body\">    <ul class=\"list-unstyled\">\n            <li class=\"my-3\">\n            <strong class='h4 mb-2 text-capitalize'>daniela de mello<\/strong>\n            <ul class=\"list-unstyled\">\n                                    <li>Chefe de N\u00facleo<\/li>\n                                <li class=\"text-capitalize\">assistente em administra\u00e7\u00e3o<\/li>\n            <\/ul>\n        <\/li>\n            <li class=\"my-3\">\n            <strong class='h4 mb-2 text-capitalize'>camila depr\u00e1<\/strong>\n            <ul class=\"list-unstyled\">\n                                <li class=\"text-capitalize\">assistente em administra\u00e7\u00e3o<\/li>\n            <\/ul>\n        <\/li>\n            <li class=\"my-3\">\n            <strong class='h4 mb-2 text-capitalize'>mauro ben hur felipetto<\/strong>\n            <ul class=\"list-unstyled\">\n                                <li class=\"text-capitalize\">assistente em administra\u00e7\u00e3o<\/li>\n            <\/ul>\n        <\/li>\n        <\/ul>\n<\/div>\n                                    <\/div>\n            <\/div>\n                <div class=\"accordion-item\">\n                <h2 class=\"accordion-header\" id=\"wp-widget-ufsm_pessoas_unidade_widget-unidades-collapse-heading-34\">\n                    <button class=\"accordion-button collapsed\" type=\"button\" data-bs-toggle=\"collapse\" data-bs-target=\"#wp-widget-ufsm_pessoas_unidade_widget-unidades-collapse-34\" aria-expanded=\"false\" aria-controls=\"wp-widget-ufsm_pessoas_unidade_widget-unidades-collapse-34\">\n                        SECRETARIA INTEGRADA DOS CURSOS DE EDUCA\u00c7\u00c3O SUPERIOR DO POLI                    <\/button>\n                <\/h2>\n                <div id=\"wp-widget-ufsm_pessoas_unidade_widget-unidades-collapse-34\" class=\"collapse \" aria-labelledby=\"wp-widget-ufsm_pessoas_unidade_widget-unidades-collapse-heading-34\"  data-bs-parent=\"#wp-widget-ufsm_pessoas_unidade_widget-unidades\">\n                                            <div class=\"accordion-body\">    <ul class=\"list-unstyled\">\n            <li class=\"my-3\">\n            <strong class='h4 mb-2 text-capitalize'>filipe venturini bassan<\/strong>\n            <ul class=\"list-unstyled\">\n                                    <li>Secret\u00e1rio(a) Administrativo(a)<\/li>\n                                <li class=\"text-capitalize\">assistente em administra\u00e7\u00e3o<\/li>\n            <\/ul>\n        <\/li>\n            <li class=\"my-3\">\n            <strong class='h4 mb-2 text-capitalize'>marina dias cavalcanti<\/strong>\n            <ul class=\"list-unstyled\">\n                                    <li>Secret\u00e1rio(a) Administrativo(a) (Substituto)<\/li>\n                                <li class=\"text-capitalize\">assistente em administra\u00e7\u00e3o<\/li>\n            <\/ul>\n        <\/li>\n        <\/ul>\n<\/div>\n                                    <\/div>\n            <\/div>\n                <div class=\"accordion-item\">\n                <h2 class=\"accordion-header\" id=\"wp-widget-ufsm_pessoas_unidade_widget-unidades-collapse-heading-35\">\n                    <button class=\"accordion-button collapsed\" type=\"button\" data-bs-toggle=\"collapse\" data-bs-target=\"#wp-widget-ufsm_pessoas_unidade_widget-unidades-collapse-35\" aria-expanded=\"false\" aria-controls=\"wp-widget-ufsm_pessoas_unidade_widget-unidades-collapse-35\">\n                        SECRETARIA INTEGRADA DOS CURSOS DE EDUCA\u00c7\u00c3O B\u00c1SICA DO POLI                    <\/button>\n                <\/h2>\n                <div id=\"wp-widget-ufsm_pessoas_unidade_widget-unidades-collapse-35\" class=\"collapse \" aria-labelledby=\"wp-widget-ufsm_pessoas_unidade_widget-unidades-collapse-heading-35\"  data-bs-parent=\"#wp-widget-ufsm_pessoas_unidade_widget-unidades\">\n                                            <div class=\"accordion-body\">    <ul class=\"list-unstyled\">\n            <li class=\"my-3\">\n            <strong class='h4 mb-2 text-capitalize'>taigoro martins vessozi<\/strong>\n            <ul class=\"list-unstyled\">\n                                    <li>Secret\u00e1rio(a) Administrativo(a)<\/li>\n                                <li class=\"text-capitalize\">assistente em administra\u00e7\u00e3o<\/li>\n            <\/ul>\n        <\/li>\n            <li class=\"my-3\">\n            <strong class='h4 mb-2 text-capitalize'>melissa maria r\u00fcbenich nascimento<\/strong>\n            <ul class=\"list-unstyled\">\n                                    <li>Secret\u00e1rio(a) Administrativo(a) (Substituto)<\/li>\n                                <li class=\"text-capitalize\">assistente em administra\u00e7\u00e3o<\/li>\n            <\/ul>\n        <\/li>\n        <\/ul>\n<\/div>\n                                    <\/div>\n            <\/div>\n                <div class=\"accordion-item\">\n                <h2 class=\"accordion-header\" id=\"wp-widget-ufsm_pessoas_unidade_widget-unidades-collapse-heading-36\">\n                    <button class=\"accordion-button collapsed\" type=\"button\" data-bs-toggle=\"collapse\" data-bs-target=\"#wp-widget-ufsm_pessoas_unidade_widget-unidades-collapse-36\" aria-expanded=\"false\" aria-controls=\"wp-widget-ufsm_pessoas_unidade_widget-unidades-collapse-36\">\n                        N\u00daCLEO PEDAG\u00d3GICO DO POLI                    <\/button>\n                <\/h2>\n                <div id=\"wp-widget-ufsm_pessoas_unidade_widget-unidades-collapse-36\" class=\"collapse \" aria-labelledby=\"wp-widget-ufsm_pessoas_unidade_widget-unidades-collapse-heading-36\"  data-bs-parent=\"#wp-widget-ufsm_pessoas_unidade_widget-unidades\">\n                                            <div class=\"accordion-body\">    <ul class=\"list-unstyled\">\n            <li class=\"my-3\">\n            <strong class='h4 mb-2 text-capitalize'>rosiclei aparecida cavichioli lauermann<\/strong>\n            <ul class=\"list-unstyled\">\n                                    <li>Chefe de N\u00facleo<\/li>\n                                <li class=\"text-capitalize\">professor ensino b\u00e1sico, t\u00e9cnico e tecnol\u00f3gico<\/li>\n            <\/ul>\n        <\/li>\n            <li class=\"my-3\">\n            <strong class='h4 mb-2 text-capitalize'>andreia vedoin<\/strong>\n            <ul class=\"list-unstyled\">\n                                <li class=\"text-capitalize\">t\u00e9cnico em assuntos educacionais<\/li>\n            <\/ul>\n        <\/li>\n            <li class=\"my-3\">\n            <strong class='h4 mb-2 text-capitalize'>fabiane da silva montoli<\/strong>\n            <ul class=\"list-unstyled\">\n                                <li class=\"text-capitalize\">pedagogo-\u00e1rea<\/li>\n            <\/ul>\n        <\/li>\n            <li class=\"my-3\">\n            <strong class='h4 mb-2 text-capitalize'>juliano molinos de andrade<\/strong>\n            <ul class=\"list-unstyled\">\n                                <li class=\"text-capitalize\">t\u00e9cnico em assuntos educacionais<\/li>\n            <\/ul>\n        <\/li>\n            <li class=\"my-3\">\n            <strong class='h4 mb-2 text-capitalize'>rosimara cargnin<\/strong>\n            <ul class=\"list-unstyled\">\n                                <li class=\"text-capitalize\">assistente de aluno<\/li>\n            <\/ul>\n        <\/li>\n            <li class=\"my-3\">\n            <strong class='h4 mb-2 text-capitalize'>zelmielen adornes de souza<\/strong>\n            <ul class=\"list-unstyled\">\n                                <li class=\"text-capitalize\">pedagogo-\u00e1rea<\/li>\n            <\/ul>\n        <\/li>\n        <\/ul>\n<\/div>\n                                    <\/div>\n            <\/div>\n                <div class=\"accordion-item\">\n                <h2 class=\"accordion-header\" id=\"wp-widget-ufsm_pessoas_unidade_widget-unidades-collapse-heading-37\">\n                    <button class=\"accordion-button collapsed\" type=\"button\" data-bs-toggle=\"collapse\" data-bs-target=\"#wp-widget-ufsm_pessoas_unidade_widget-unidades-collapse-37\" aria-expanded=\"false\" aria-controls=\"wp-widget-ufsm_pessoas_unidade_widget-unidades-collapse-37\">\n                        N\u00daCLEO DE PROJETOS, INOVA\u00c7\u00c3O E EST\u00c1GIOS DO POLI                    <\/button>\n                <\/h2>\n                <div id=\"wp-widget-ufsm_pessoas_unidade_widget-unidades-collapse-37\" class=\"collapse \" aria-labelledby=\"wp-widget-ufsm_pessoas_unidade_widget-unidades-collapse-heading-37\"  data-bs-parent=\"#wp-widget-ufsm_pessoas_unidade_widget-unidades\">\n                                            <div class=\"accordion-body\">    <ul class=\"list-unstyled\">\n            <li class=\"my-3\">\n            <strong class='h4 mb-2 text-capitalize'>magda aita monego<\/strong>\n            <ul class=\"list-unstyled\">\n                                    <li>Chefe de N\u00facleo<\/li>\n                                <li class=\"text-capitalize\">professor ensino b\u00e1sico, t\u00e9cnico e tecnol\u00f3gico<\/li>\n            <\/ul>\n        <\/li>\n            <li class=\"my-3\">\n            <strong class='h4 mb-2 text-capitalize'>mar\u00edlia milani<\/strong>\n            <ul class=\"list-unstyled\">\n                                    <li>Chefe de N\u00facleo (Substituto)<\/li>\n                                <li class=\"text-capitalize\">professor ensino b\u00e1sico, t\u00e9cnico e tecnol\u00f3gico<\/li>\n            <\/ul>\n        <\/li>\n        <\/ul>\n<\/div>\n                                    <\/div>\n            <\/div>\n                <div class=\"accordion-item\">\n                <h2 class=\"accordion-header\" id=\"wp-widget-ufsm_pessoas_unidade_widget-unidades-collapse-heading-38\">\n                    <button class=\"accordion-button collapsed\" type=\"button\" data-bs-toggle=\"collapse\" data-bs-target=\"#wp-widget-ufsm_pessoas_unidade_widget-unidades-collapse-38\" aria-expanded=\"false\" aria-controls=\"wp-widget-ufsm_pessoas_unidade_widget-unidades-collapse-38\">\n                        DIVIS\u00c3O DE EST\u00c1GIOS E RELA\u00c7\u00d5ES EMPRESARIAIS E COMUNIT\u00c1RIAS DO POLI                    <\/button>\n                <\/h2>\n                <div id=\"wp-widget-ufsm_pessoas_unidade_widget-unidades-collapse-38\" class=\"collapse \" aria-labelledby=\"wp-widget-ufsm_pessoas_unidade_widget-unidades-collapse-heading-38\"  data-bs-parent=\"#wp-widget-ufsm_pessoas_unidade_widget-unidades\">\n                                            <div class=\"accordion-body\">    <ul class=\"list-unstyled\">\n            <li class=\"my-3\">\n            <strong class='h4 mb-2 text-capitalize'>regis moreira reis<\/strong>\n            <ul class=\"list-unstyled\">\n                                    <li>Diretor(a) de Divis\u00e3o<\/li>\n                                <li class=\"text-capitalize\">assistente em administra\u00e7\u00e3o<\/li>\n            <\/ul>\n        <\/li>\n        <\/ul>\n<\/div>\n                                    <\/div>\n            <\/div>\n                <div class=\"accordion-item\">\n                <h2 class=\"accordion-header\" id=\"wp-widget-ufsm_pessoas_unidade_widget-unidades-collapse-heading-39\">\n                    <button class=\"accordion-button collapsed\" type=\"button\" data-bs-toggle=\"collapse\" data-bs-target=\"#wp-widget-ufsm_pessoas_unidade_widget-unidades-collapse-39\" aria-expanded=\"false\" aria-controls=\"wp-widget-ufsm_pessoas_unidade_widget-unidades-collapse-39\">\n                        SUBDIVIS\u00c3O DE PROJETOS DO POLI                    <\/button>\n                <\/h2>\n                <div id=\"wp-widget-ufsm_pessoas_unidade_widget-unidades-collapse-39\" class=\"collapse \" aria-labelledby=\"wp-widget-ufsm_pessoas_unidade_widget-unidades-collapse-heading-39\"  data-bs-parent=\"#wp-widget-ufsm_pessoas_unidade_widget-unidades\">\n                                            <div class=\"accordion-body\">    <ul class=\"list-unstyled\">\n            <li class=\"my-3\">\n            <strong class='h4 mb-2 text-capitalize'>doneide kaufmann grassi<\/strong>\n            <ul class=\"list-unstyled\">\n                                    <li>Chefe de Subdivis\u00e3o<\/li>\n                                <li class=\"text-capitalize\">recepcionista<\/li>\n            <\/ul>\n        <\/li>\n        <\/ul>\n<\/div>\n                                    <\/div>\n            <\/div>\n                <div class=\"accordion-item\">\n                <h2 class=\"accordion-header\" id=\"wp-widget-ufsm_pessoas_unidade_widget-unidades-collapse-heading-40\">\n                    <button class=\"accordion-button collapsed\" type=\"button\" data-bs-toggle=\"collapse\" data-bs-target=\"#wp-widget-ufsm_pessoas_unidade_widget-unidades-collapse-40\" aria-expanded=\"false\" aria-controls=\"wp-widget-ufsm_pessoas_unidade_widget-unidades-collapse-40\">\n                        N\u00daCLEO DE INFRAESTRUTURA DO POLI                    <\/button>\n                <\/h2>\n                <div id=\"wp-widget-ufsm_pessoas_unidade_widget-unidades-collapse-40\" class=\"collapse \" aria-labelledby=\"wp-widget-ufsm_pessoas_unidade_widget-unidades-collapse-heading-40\"  data-bs-parent=\"#wp-widget-ufsm_pessoas_unidade_widget-unidades\">\n                                            <div class=\"accordion-body\">    <ul class=\"list-unstyled\">\n            <li class=\"my-3\">\n            <strong class='h4 mb-2 text-capitalize'>luciano zucuni pes<\/strong>\n            <ul class=\"list-unstyled\">\n                                    <li>Chefe de N\u00facleo<\/li>\n                                <li class=\"text-capitalize\">professor ensino b\u00e1sico, t\u00e9cnico e tecnol\u00f3gico<\/li>\n            <\/ul>\n        <\/li>\n            <li class=\"my-3\">\n            <strong class='h4 mb-2 text-capitalize'>leandro voigt<\/strong>\n            <ul class=\"list-unstyled\">\n                                <li class=\"text-capitalize\">pedreiro<\/li>\n            <\/ul>\n        <\/li>\n            <li class=\"my-3\">\n            <strong class='h4 mb-2 text-capitalize'>mauro cielo rech<\/strong>\n            <ul class=\"list-unstyled\">\n                                <li class=\"text-capitalize\">auxiliar de agropecu\u00e1ria<\/li>\n            <\/ul>\n        <\/li>\n            <li class=\"my-3\">\n            <strong class='h4 mb-2 text-capitalize'>milton luiz losekann<\/strong>\n            <ul class=\"list-unstyled\">\n                                <li class=\"text-capitalize\">assistente em administra\u00e7\u00e3o<\/li>\n            <\/ul>\n        <\/li>\n            <li class=\"my-3\">\n            <strong class='h4 mb-2 text-capitalize'>olney machado meneghello<\/strong>\n            <ul class=\"list-unstyled\">\n                                <li class=\"text-capitalize\">auxiliar em administra\u00e7\u00e3o<\/li>\n            <\/ul>\n        <\/li>\n        <\/ul>\n<\/div>\n                                    <\/div>\n            <\/div>\n                <div class=\"accordion-item\">\n                <h2 class=\"accordion-header\" id=\"wp-widget-ufsm_pessoas_unidade_widget-unidades-collapse-heading-41\">\n                    <button class=\"accordion-button collapsed\" type=\"button\" data-bs-toggle=\"collapse\" data-bs-target=\"#wp-widget-ufsm_pessoas_unidade_widget-unidades-collapse-41\" aria-expanded=\"false\" aria-controls=\"wp-widget-ufsm_pessoas_unidade_widget-unidades-collapse-41\">\n                        SETOR DE APOIO AOS LABORAT\u00d3RIOS DO POLI SELAB\/POLI                    <\/button>\n                <\/h2>\n                <div id=\"wp-widget-ufsm_pessoas_unidade_widget-unidades-collapse-41\" class=\"collapse \" aria-labelledby=\"wp-widget-ufsm_pessoas_unidade_widget-unidades-collapse-heading-41\"  data-bs-parent=\"#wp-widget-ufsm_pessoas_unidade_widget-unidades\">\n                                            <div class=\"accordion-body\">    <ul class=\"list-unstyled\">\n            <li class=\"my-3\">\n            <strong class='h4 mb-2 text-capitalize'>daniel pazzini eckhardt<\/strong>\n            <ul class=\"list-unstyled\">\n                                    <li>Chefe de Setor<\/li>\n                                <li class=\"text-capitalize\">t\u00e9cnico de laborat\u00f3rio \u00e1rea<\/li>\n            <\/ul>\n        <\/li>\n            <li class=\"my-3\">\n            <strong class='h4 mb-2 text-capitalize'>tatiane codem tonetto<\/strong>\n            <ul class=\"list-unstyled\">\n                                    <li>Chefe de Setor (Substituto)<\/li>\n                                <li class=\"text-capitalize\">t\u00e9cnico de laborat\u00f3rio \u00e1rea<\/li>\n            <\/ul>\n        <\/li>\n            <li class=\"my-3\">\n            <strong class='h4 mb-2 text-capitalize'>aquelino dos santos gonzalez<\/strong>\n            <ul class=\"list-unstyled\">\n                                <li class=\"text-capitalize\">mec\u00e2nico<\/li>\n            <\/ul>\n        <\/li>\n            <li class=\"my-3\">\n            <strong class='h4 mb-2 text-capitalize'>cl\u00e9o dorneles da silva valle<\/strong>\n            <ul class=\"list-unstyled\">\n                                <li class=\"text-capitalize\">operador de caldeira<\/li>\n            <\/ul>\n        <\/li>\n            <li class=\"my-3\">\n            <strong class='h4 mb-2 text-capitalize'>cristiano de avila dotto<\/strong>\n            <ul class=\"list-unstyled\">\n                                <li class=\"text-capitalize\">t\u00e9cnico em agropecu\u00e1ria<\/li>\n            <\/ul>\n        <\/li>\n            <li class=\"my-3\">\n            <strong class='h4 mb-2 text-capitalize'>dejanir pissinin<\/strong>\n            <ul class=\"list-unstyled\">\n                                <li class=\"text-capitalize\">t\u00e9cnico em agropecu\u00e1ria<\/li>\n            <\/ul>\n        <\/li>\n            <li class=\"my-3\">\n            <strong class='h4 mb-2 text-capitalize'>eduardo castiglioni monteiro<\/strong>\n            <ul class=\"list-unstyled\">\n                                <li class=\"text-capitalize\">t\u00e9cnico em agropecu\u00e1ria<\/li>\n            <\/ul>\n        <\/li>\n            <li class=\"my-3\">\n            <strong class='h4 mb-2 text-capitalize'>fabiane marzari possatti<\/strong>\n            <ul class=\"list-unstyled\">\n                                <li class=\"text-capitalize\">enfermeiro-area<\/li>\n            <\/ul>\n        <\/li>\n            <li class=\"my-3\">\n            <strong class='h4 mb-2 text-capitalize'>gabriel costa de oliveira<\/strong>\n            <ul class=\"list-unstyled\">\n                                <li class=\"text-capitalize\">t\u00e9cnico em agropecu\u00e1ria<\/li>\n            <\/ul>\n        <\/li>\n            <li class=\"my-3\">\n            <strong class='h4 mb-2 text-capitalize'>jose tomaz pires soares<\/strong>\n            <ul class=\"list-unstyled\">\n                                <li class=\"text-capitalize\">operador de caldeira<\/li>\n            <\/ul>\n        <\/li>\n            <li class=\"my-3\">\n            <strong class='h4 mb-2 text-capitalize'>liana nolibos rodrigues<\/strong>\n            <ul class=\"list-unstyled\">\n                                <li class=\"text-capitalize\">enfermeiro-area<\/li>\n            <\/ul>\n        <\/li>\n            <li class=\"my-3\">\n            <strong class='h4 mb-2 text-capitalize'>luis augusto de freitas bueno<\/strong>\n            <ul class=\"list-unstyled\">\n                                <li class=\"text-capitalize\">operador de m\u00e1quinas agr\u00edcolas<\/li>\n            <\/ul>\n        <\/li>\n            <li class=\"my-3\">\n            <strong class='h4 mb-2 text-capitalize'>raviel afonso dickel<\/strong>\n            <ul class=\"list-unstyled\">\n                                <li class=\"text-capitalize\">t\u00e9cnico em agropecu\u00e1ria<\/li>\n            <\/ul>\n        <\/li>\n            <li class=\"my-3\">\n            <strong class='h4 mb-2 text-capitalize'>rogerio luciano klat<\/strong>\n            <ul class=\"list-unstyled\">\n                                <li class=\"text-capitalize\">assistente de laborat\u00f3rio<\/li>\n            <\/ul>\n        <\/li>\n            <li class=\"my-3\">\n            <strong class='h4 mb-2 text-capitalize'>tiago orlandi<\/strong>\n            <ul class=\"list-unstyled\">\n                                <li class=\"text-capitalize\">zootecnista<\/li>\n            <\/ul>\n        <\/li>\n            <li class=\"my-3\">\n            <strong class='h4 mb-2 text-capitalize'>vilson benz<\/strong>\n            <ul class=\"list-unstyled\">\n                                <li class=\"text-capitalize\">engenheiro agr\u00f4nomo<\/li>\n            <\/ul>\n        <\/li>\n            <li class=\"my-3\">\n            <strong class='h4 mb-2 text-capitalize'>viviane queiroz flain<\/strong>\n            <ul class=\"list-unstyled\">\n                                <li class=\"text-capitalize\">enfermeiro-area<\/li>\n            <\/ul>\n        <\/li>\n        <\/ul>\n<\/div>\n                                    <\/div>\n            <\/div>\n                <div class=\"accordion-item\">\n                <h2 class=\"accordion-header\" id=\"wp-widget-ufsm_pessoas_unidade_widget-unidades-collapse-heading-42\">\n                    <button class=\"accordion-button collapsed\" type=\"button\" data-bs-toggle=\"collapse\" data-bs-target=\"#wp-widget-ufsm_pessoas_unidade_widget-unidades-collapse-42\" aria-expanded=\"false\" aria-controls=\"wp-widget-ufsm_pessoas_unidade_widget-unidades-collapse-42\">\n                        DIVIS\u00c3O DE TECNOLOGIA DA INFORMA\u00c7\u00c3O DO POLI                    <\/button>\n                <\/h2>\n                <div id=\"wp-widget-ufsm_pessoas_unidade_widget-unidades-collapse-42\" class=\"collapse \" aria-labelledby=\"wp-widget-ufsm_pessoas_unidade_widget-unidades-collapse-heading-42\"  data-bs-parent=\"#wp-widget-ufsm_pessoas_unidade_widget-unidades\">\n                                            <div class=\"accordion-body\">    <ul class=\"list-unstyled\">\n            <li class=\"my-3\">\n            <strong class='h4 mb-2 text-capitalize'>elton sommer<\/strong>\n            <ul class=\"list-unstyled\">\n                                    <li>Diretor(a) de Divis\u00e3o<\/li>\n                                <li class=\"text-capitalize\">t\u00e9cnico de tecnologia da informa\u00e7\u00e3o<\/li>\n            <\/ul>\n        <\/li>\n            <li class=\"my-3\">\n            <strong class='h4 mb-2 text-capitalize'>vinicios ragagnin portella<\/strong>\n            <ul class=\"list-unstyled\">\n                                    <li>Diretor(a) de Divis\u00e3o (Substituto)<\/li>\n                                <li class=\"text-capitalize\">t\u00e9cnico de tecnologia da informa\u00e7\u00e3o<\/li>\n            <\/ul>\n        <\/li>\n            <li class=\"my-3\">\n            <strong class='h4 mb-2 text-capitalize'>anderson dotto padoin<\/strong>\n            <ul class=\"list-unstyled\">\n                                <li class=\"text-capitalize\">t\u00e9cnico de tecnologia da informa\u00e7\u00e3o<\/li>\n            <\/ul>\n        <\/li>\n        <\/ul>\n<\/div>\n                                    <\/div>\n            <\/div>\n                <div class=\"accordion-item\">\n                <h2 class=\"accordion-header\" id=\"wp-widget-ufsm_pessoas_unidade_widget-unidades-collapse-heading-43\">\n                    <button class=\"accordion-button collapsed\" type=\"button\" data-bs-toggle=\"collapse\" data-bs-target=\"#wp-widget-ufsm_pessoas_unidade_widget-unidades-collapse-43\" aria-expanded=\"false\" aria-controls=\"wp-widget-ufsm_pessoas_unidade_widget-unidades-collapse-43\">\n                        N\u00daCLEO DE ADMINISTRA\u00c7\u00c3O DO POLI                    <\/button>\n                <\/h2>\n                <div id=\"wp-widget-ufsm_pessoas_unidade_widget-unidades-collapse-43\" class=\"collapse \" aria-labelledby=\"wp-widget-ufsm_pessoas_unidade_widget-unidades-collapse-heading-43\"  data-bs-parent=\"#wp-widget-ufsm_pessoas_unidade_widget-unidades\">\n                                            <div class=\"accordion-body\">    <ul class=\"list-unstyled\">\n            <li class=\"my-3\">\n            <strong class='h4 mb-2 text-capitalize'>tatiana cassol belmonte<\/strong>\n            <ul class=\"list-unstyled\">\n                                    <li>Chefe de N\u00facleo<\/li>\n                                <li class=\"text-capitalize\">administrador<\/li>\n            <\/ul>\n        <\/li>\n        <\/ul>\n<\/div>\n                                    <\/div>\n            <\/div>\n                <div class=\"accordion-item\">\n                <h2 class=\"accordion-header\" id=\"wp-widget-ufsm_pessoas_unidade_widget-unidades-collapse-heading-44\">\n                    <button class=\"accordion-button collapsed\" type=\"button\" data-bs-toggle=\"collapse\" data-bs-target=\"#wp-widget-ufsm_pessoas_unidade_widget-unidades-collapse-44\" aria-expanded=\"false\" aria-controls=\"wp-widget-ufsm_pessoas_unidade_widget-unidades-collapse-44\">\n                        SUBDIVIS\u00c3O SETORIAL DE PATRIM\u00d4NIO DO POLI                    <\/button>\n                <\/h2>\n                <div id=\"wp-widget-ufsm_pessoas_unidade_widget-unidades-collapse-44\" class=\"collapse \" aria-labelledby=\"wp-widget-ufsm_pessoas_unidade_widget-unidades-collapse-heading-44\"  data-bs-parent=\"#wp-widget-ufsm_pessoas_unidade_widget-unidades\">\n                                            <div class=\"accordion-body\">    <ul class=\"list-unstyled\">\n            <li class=\"my-3\">\n            <strong class='h4 mb-2 text-capitalize'>charles araujo da silva<\/strong>\n            <ul class=\"list-unstyled\">\n                                    <li>Chefe de Subdivis\u00e3o<\/li>\n                                <li class=\"text-capitalize\">assistente em administra\u00e7\u00e3o<\/li>\n            <\/ul>\n        <\/li>\n        <\/ul>\n<\/div>\n                                    <\/div>\n            <\/div>\n                <div class=\"accordion-item\">\n                <h2 class=\"accordion-header\" id=\"wp-widget-ufsm_pessoas_unidade_widget-unidades-collapse-heading-45\">\n                    <button class=\"accordion-button collapsed\" type=\"button\" data-bs-toggle=\"collapse\" data-bs-target=\"#wp-widget-ufsm_pessoas_unidade_widget-unidades-collapse-45\" aria-expanded=\"false\" aria-controls=\"wp-widget-ufsm_pessoas_unidade_widget-unidades-collapse-45\">\n                        SUBDIVIS\u00c3O DE LOG\u00cdSTICA DO POLI                    <\/button>\n                <\/h2>\n                <div id=\"wp-widget-ufsm_pessoas_unidade_widget-unidades-collapse-45\" class=\"collapse \" aria-labelledby=\"wp-widget-ufsm_pessoas_unidade_widget-unidades-collapse-heading-45\"  data-bs-parent=\"#wp-widget-ufsm_pessoas_unidade_widget-unidades\">\n                                            <div class=\"accordion-body\">    <ul class=\"list-unstyled\">\n            <li class=\"my-3\">\n            <strong class='h4 mb-2 text-capitalize'>eduardo luis dalmolin<\/strong>\n            <ul class=\"list-unstyled\">\n                                    <li>Chefe de Subdivis\u00e3o<\/li>\n                                <li class=\"text-capitalize\">assistente em administra\u00e7\u00e3o<\/li>\n            <\/ul>\n        <\/li>\n        <\/ul>\n<\/div>\n                                    <\/div>\n            <\/div>\n                <div class=\"accordion-item\">\n                <h2 class=\"accordion-header\" id=\"wp-widget-ufsm_pessoas_unidade_widget-unidades-collapse-heading-46\">\n                    <button class=\"accordion-button collapsed\" type=\"button\" data-bs-toggle=\"collapse\" data-bs-target=\"#wp-widget-ufsm_pessoas_unidade_widget-unidades-collapse-46\" aria-expanded=\"false\" aria-controls=\"wp-widget-ufsm_pessoas_unidade_widget-unidades-collapse-46\">\n                        SETOR DE COMPRAS DO POLI                    <\/button>\n                <\/h2>\n                <div id=\"wp-widget-ufsm_pessoas_unidade_widget-unidades-collapse-46\" class=\"collapse \" aria-labelledby=\"wp-widget-ufsm_pessoas_unidade_widget-unidades-collapse-heading-46\"  data-bs-parent=\"#wp-widget-ufsm_pessoas_unidade_widget-unidades\">\n                                            <div class=\"accordion-body\">    <ul class=\"list-unstyled\">\n            <li class=\"my-3\">\n            <strong class='h4 mb-2 text-capitalize'>gessica weber casado<\/strong>\n            <ul class=\"list-unstyled\">\n                                    <li>Chefe Setor<\/li>\n                                <li class=\"text-capitalize\">assistente em administra\u00e7\u00e3o<\/li>\n            <\/ul>\n        <\/li>\n            <li class=\"my-3\">\n            <strong class='h4 mb-2 text-capitalize'>taritsa de oliveira ferraz<\/strong>\n            <ul class=\"list-unstyled\">\n                                <li class=\"text-capitalize\">administrador<\/li>\n            <\/ul>\n        <\/li>\n        <\/ul>\n<\/div>\n                                    <\/div>\n            <\/div>\n    <\/div> \n\t\t<\/div>\n\t\t\t\t<\/div>\n\t\t\t\t\t<\/div>\n\t\t<\/div>\n\t\t\t\t\t<\/div>\n\t\t<\/section>\n\t\t\t\t<\/div>\n\t\t","protected":false},"excerpt":{"rendered":"","protected":false},"author":9715,"featured_media":0,"parent":0,"menu_order":0,"comment_status":"closed","ping_status":"closed","template":"","meta":{"footnotes":""},"categories":[],"tags":[],"class_list":["post-12023","page","type-page","status-publish","hentry"],"acf":[],"_links":{"self":[{"href":"https:\/\/www.ufsm.br\/unidades-universitarias\/politecnico\/wp-json\/wp\/v2\/pages\/12023","targetHints":{"allow":["GET"]}}],"collection":[{"href":"https:\/\/www.ufsm.br\/unidades-universitarias\/politecnico\/wp-json\/wp\/v2\/pages"}],"about":[{"href":"https:\/\/www.ufsm.br\/unidades-universitarias\/politecnico\/wp-json\/wp\/v2\/types\/page"}],"author":[{"embeddable":true,"href":"https:\/\/www.ufsm.br\/unidades-universitarias\/politecnico\/wp-json\/wp\/v2\/users\/9715"}],"replies":[{"embeddable":true,"href":"https:\/\/www.ufsm.br\/unidades-universitarias\/politecnico\/wp-json\/wp\/v2\/comments?post=12023"}],"version-history":[{"count":0,"href":"https:\/\/www.ufsm.br\/unidades-universitarias\/politecnico\/wp-json\/wp\/v2\/pages\/12023\/revisions"}],"wp:attachment":[{"href":"https:\/\/www.ufsm.br\/unidades-universitarias\/politecnico\/wp-json\/wp\/v2\/media?parent=12023"}],"wp:term":[{"taxonomy":"category","embeddable":true,"href":"https:\/\/www.ufsm.br\/unidades-universitarias\/politecnico\/wp-json\/wp\/v2\/categories?post=12023"},{"taxonomy":"post_tag","embeddable":true,"href":"https:\/\/www.ufsm.br\/unidades-universitarias\/politecnico\/wp-json\/wp\/v2\/tags?post=12023"}],"curies":[{"name":"wp","href":"https:\/\/api.w.org\/{rel}","templated":true}]}}